{"id":12031,"date":"2021-05-07T11:56:41","date_gmt":"2021-05-07T09:56:41","guid":{"rendered":"https:\/\/ineditfitness.com\/site\/?page_id=12031"},"modified":"2025-07-10T15:30:54","modified_gmt":"2025-07-10T13:30:54","slug":"news","status":"publish","type":"page","link":"https:\/\/ineditfitness.com\/site\/news\/","title":{"rendered":"News coaching sport &#038; sant\u00e9 &#8211; Inedit Fitness"},"content":{"rendered":"<div class=\"wpb-content-wrapper\"><p>[vc_row video_bg=\u00a0\u00bbyes\u00a0\u00bb video_bg_url=\u00a0\u00bbhttps:\/\/videas.fr\/share\/b6dd9435-e1d9-4d6b-9cc3-5e6fd614cc84\/\u00a0\u00bb][vc_column][vc_column_text css_animation=\u00a0\u00bbtop-to-bottom\u00a0\u00bb]<\/p>\n<h2 style=\"text-align: center;\"><span style=\"font-size: 24pt; color: #ff0000;\">L&rsquo;actualit\u00e9 du coaching sport, sant\u00e9 et bien \u00eatre pour soigner vos maux<\/span><\/h2>\n<p>[\/vc_column_text]<div style=\"margin-top:0px;margin-bottom:0px;height:1px;line-height:0px\"><!-- padding element --><\/div>[vc_column_text]<\/p>\n<p style=\"text-align: center;\">Bienvenue sur la page d\u2019actualit\u00e9s d\u2019<a href=\"https:\/\/ineditfitness.com\/\"><strong>Inedit Fitness<\/strong><\/a>. Dans cette section, vous trouverez les derni\u00e8res news post\u00e9es par notre \u00e9quipe de coachs fitness personnels pour vous aider \u00e0 g\u00e9rer au mieux tous vos maux. Trucs et astuces, exercices, challenges sant\u00e9 personnels, packs d\u00e9couverte fitness, gestion de la respiration, du stress ou encore du sommeil, calendrier des activit\u00e9s\u2026 mais aussi des infos conviviales sur nos activit\u00e9s sportives indoor, outdoor ou en live. Le tout, avec la bonne humeur qui caract\u00e9rise notre \u00e9quipe de coachs sportifs. Alors, bonne lecture\u2026<\/p>\n<p>[\/vc_column_text][vc_separator][\/vc_column][\/vc_row][vc_row video_bg=\u00a0\u00bbyes\u00a0\u00bb video_bg_url=\u00a0\u00bbhttps:\/\/videas.fr\/share\/b6dd9435-e1d9-4d6b-9cc3-5e6fd614cc84\/\u00a0\u00bb lvca_dark_bg=\u00a0\u00bbtrue\u00a0\u00bb css=\u00a0\u00bb.vc_custom_1620484659476{background-color: #ffffff !important;}\u00a0\u00bb][vc_column width=\u00a0\u00bb5\/6&Prime;][vc_masonry_grid post_type=\u00a0\u00bbpost\u00a0\u00bb max_items=\u00a0\u00bb8&Prime; style=\u00a0\u00bblazy\u00a0\u00bb items_per_page=\u00a0\u00bb4&Prime; element_width=\u00a0\u00bb6&Prime; css=\u00a0\u00bb\u00a0\u00bb grid_id=\u00a0\u00bbvc_gid:1752153871646-665c3e28eed9c4fc9249e1af35ad00a0-7&Prime;][\/vc_column][vc_column width=\u00a0\u00bb1\/6&Prime;][\/vc_column][\/vc_row][vc_row][vc_column][vc_wp_posts title=\u00a0\u00bbNos 8 derniers articles coaching bien \u00eatre, sport et sant\u00e9\u00a0\u00bb number=\u00a0\u00bb8&Prime;][\/vc_column][\/vc_row][vc_row][vc_column width=\u00a0\u00bb5\/6&Prime;][vc_column_text css_animation=\u00a0\u00bbtop-to-bottom\u00a0\u00bb css=\u00a0\u00bb.vc_custom_1620384121386{background-color: #dd3333 !important;}\u00a0\u00bb]<\/p>\n<h2 style=\"text-align: left;\"><span style=\"font-size: 14pt; color: #ffffff;\">\u00a0Toutes les news et actus pour g\u00e9rer vos maux en toute s\u00e9r\u00e9nit\u00e9<\/span><\/h2>\n<p>[\/vc_column_text]\n\t\t<div class=\"posts-carousel responsive carousel_recent \">\n\t<ul id=\"posts-carousel-567711084\">\n\t\t\t<li>\n\t\t\t\t<div class=\"postleft\">\n\t\t\t\t\t<a href=\"https:\/\/ineditfitness.com\/site\/les-9-points-cles-pour-une-remise-en-forme-sportive\/\" title=\"Les 9 points cl\u00e9s pour une remise en forme sportive\"><img loading=\"lazy\" decoding=\"async\" width=\"100\" height=\"100\" src=\"https:\/\/ineditfitness.com\/site\/wp-content\/uploads\/2026\/04\/remise-en-forme-sportive-horizontal-V4-avec-titre-1080x603-JPG-100x100.jpg\" class=\"attachment-thumb_100x100 size-thumb_100x100 wp-post-image\" alt=\"Les 9 points cl\u00e9s pour une remise en forme sportive\" srcset=\"https:\/\/ineditfitness.com\/site\/wp-content\/uploads\/2026\/04\/remise-en-forme-sportive-horizontal-V4-avec-titre-1080x603-JPG-100x100.jpg 100w, https:\/\/ineditfitness.com\/site\/wp-content\/uploads\/2026\/04\/remise-en-forme-sportive-horizontal-V4-avec-titre-1080x603-JPG-150x150.jpg 150w, https:\/\/ineditfitness.com\/site\/wp-content\/uploads\/2026\/04\/remise-en-forme-sportive-horizontal-V4-avec-titre-1080x603-JPG-193x193.jpg 193w, https:\/\/ineditfitness.com\/site\/wp-content\/uploads\/2026\/04\/remise-en-forme-sportive-horizontal-V4-avec-titre-1080x603-JPG-231x231.jpg 231w, https:\/\/ineditfitness.com\/site\/wp-content\/uploads\/2026\/04\/remise-en-forme-sportive-horizontal-V4-avec-titre-1080x603-JPG-289x289.jpg 289w, https:\/\/ineditfitness.com\/site\/wp-content\/uploads\/2026\/04\/remise-en-forme-sportive-horizontal-V4-avec-titre-1080x603-JPG-386x386.jpg 386w\" sizes=\"auto, (max-width: 100px) 100vw, 100px\" \/><\/a>\n\t\t\t\t<\/div>\n\t\t\t\t<div class=\"postright\">\n\t\t\t\t\t<h3><a href=\"https:\/\/ineditfitness.com\/site\/les-9-points-cles-pour-une-remise-en-forme-sportive\/\" title=\"Les 9 points cl\u00e9s pour une remise en forme sportive\">Les 9 points cl\u00e9s pour une remise en forme sportive<\/a><\/h3>\n\t\t\t\t\t\n\t\t\t\t<div class=\"datetime\"><span class=\"icon-calendar fa fa-calendar\"><\/span>22 avril 2026<\/div>\n\t\t\t\t\n\t\t\t\t\t\n\t\t\t\t<div class=\"comment\"><span class=\"icon-comment fa fa-comment\"><\/span>0 Comments<\/div>\n\t\t\t\t<\/div>\n\t\t\t<\/li>\n\t\t\t<li>\n\t\t\t\t<div class=\"postleft\">\n\t\t\t\t\t<a href=\"https:\/\/ineditfitness.com\/site\/les-5-avantages-du-coaching-sportif-en-ligne\/\" title=\"Les 5 avantages du coaching sportif en ligne\"><img loading=\"lazy\" decoding=\"async\" width=\"100\" height=\"100\" src=\"https:\/\/ineditfitness.com\/site\/wp-content\/uploads\/2026\/04\/5-avantages-du-coaching-sportif-en-visio-V3-avec-logo-1080x719-JPG-100x100.jpg\" class=\"attachment-thumb_100x100 size-thumb_100x100 wp-post-image\" alt=\"Les 5 avantages du coaching sportif en ligne\" srcset=\"https:\/\/ineditfitness.com\/site\/wp-content\/uploads\/2026\/04\/5-avantages-du-coaching-sportif-en-visio-V3-avec-logo-1080x719-JPG-100x100.jpg 100w, https:\/\/ineditfitness.com\/site\/wp-content\/uploads\/2026\/04\/5-avantages-du-coaching-sportif-en-visio-V3-avec-logo-1080x719-JPG-150x150.jpg 150w, https:\/\/ineditfitness.com\/site\/wp-content\/uploads\/2026\/04\/5-avantages-du-coaching-sportif-en-visio-V3-avec-logo-1080x719-JPG-193x193.jpg 193w, https:\/\/ineditfitness.com\/site\/wp-content\/uploads\/2026\/04\/5-avantages-du-coaching-sportif-en-visio-V3-avec-logo-1080x719-JPG-231x231.jpg 231w, https:\/\/ineditfitness.com\/site\/wp-content\/uploads\/2026\/04\/5-avantages-du-coaching-sportif-en-visio-V3-avec-logo-1080x719-JPG-289x289.jpg 289w, https:\/\/ineditfitness.com\/site\/wp-content\/uploads\/2026\/04\/5-avantages-du-coaching-sportif-en-visio-V3-avec-logo-1080x719-JPG-386x386.jpg 386w\" sizes=\"auto, (max-width: 100px) 100vw, 100px\" \/><\/a>\n\t\t\t\t<\/div>\n\t\t\t\t<div class=\"postright\">\n\t\t\t\t\t<h3><a href=\"https:\/\/ineditfitness.com\/site\/les-5-avantages-du-coaching-sportif-en-ligne\/\" title=\"Les 5 avantages du coaching sportif en ligne\">Les 5 avantages du coaching sportif en ligne<\/a><\/h3>\n\t\t\t\t\t\n\t\t\t\t<div class=\"datetime\"><span class=\"icon-calendar fa fa-calendar\"><\/span>16 avril 2026<\/div>\n\t\t\t\t\n\t\t\t\t\t\n\t\t\t\t<div class=\"comment\"><span class=\"icon-comment fa fa-comment\"><\/span>0 Comments<\/div>\n\t\t\t\t<\/div>\n\t\t\t<\/li>\n\t\t\t<li>\n\t\t\t\t<div class=\"postleft\">\n\t\t\t\t\t<a href=\"https:\/\/ineditfitness.com\/site\/coaching-sportif-en-ligne-a-lyon\/\" title=\"Coaching sportif en ligne \u00e0 Lyon\"><img loading=\"lazy\" decoding=\"async\" width=\"100\" height=\"100\" src=\"https:\/\/ineditfitness.com\/site\/wp-content\/uploads\/2026\/04\/image-coaching-a-distance-en-visio-modifiee-avec-logo-720x483-1-100x100.jpg\" class=\"attachment-thumb_100x100 size-thumb_100x100 wp-post-image\" alt=\"Coaching sportif en ligne \u00e0 Lyon\" srcset=\"https:\/\/ineditfitness.com\/site\/wp-content\/uploads\/2026\/04\/image-coaching-a-distance-en-visio-modifiee-avec-logo-720x483-1-100x100.jpg 100w, https:\/\/ineditfitness.com\/site\/wp-content\/uploads\/2026\/04\/image-coaching-a-distance-en-visio-modifiee-avec-logo-720x483-1-150x150.jpg 150w, https:\/\/ineditfitness.com\/site\/wp-content\/uploads\/2026\/04\/image-coaching-a-distance-en-visio-modifiee-avec-logo-720x483-1-193x193.jpg 193w, https:\/\/ineditfitness.com\/site\/wp-content\/uploads\/2026\/04\/image-coaching-a-distance-en-visio-modifiee-avec-logo-720x483-1-231x231.jpg 231w, https:\/\/ineditfitness.com\/site\/wp-content\/uploads\/2026\/04\/image-coaching-a-distance-en-visio-modifiee-avec-logo-720x483-1-289x289.jpg 289w, https:\/\/ineditfitness.com\/site\/wp-content\/uploads\/2026\/04\/image-coaching-a-distance-en-visio-modifiee-avec-logo-720x483-1-386x386.jpg 386w\" sizes=\"auto, (max-width: 100px) 100vw, 100px\" \/><\/a>\n\t\t\t\t<\/div>\n\t\t\t\t<div class=\"postright\">\n\t\t\t\t\t<h3><a href=\"https:\/\/ineditfitness.com\/site\/coaching-sportif-en-ligne-a-lyon\/\" title=\"Coaching sportif en ligne \u00e0 Lyon\">Coaching sportif en ligne \u00e0 Lyon<\/a><\/h3>\n\t\t\t\t\t\n\t\t\t\t<div class=\"datetime\"><span class=\"icon-calendar fa fa-calendar\"><\/span>2 avril 2026<\/div>\n\t\t\t\t\n\t\t\t\t\t\n\t\t\t\t<div class=\"comment\"><span class=\"icon-comment fa fa-comment\"><\/span>0 Comments<\/div>\n\t\t\t\t<\/div>\n\t\t\t<\/li>\n\t\t\t<li>\n\t\t\t\t<div class=\"postleft\">\n\t\t\t\t\t<a href=\"https:\/\/ineditfitness.com\/site\/evenement-retrouver-de-lenergie-en-douceur-sans-detox-brutale-janvier-2026\/\" title=\"Ev\u00e8nement retrouver de l&rsquo;\u00e9nergie en douceur sans d\u00e9tox brutale &#8211; Janvier 2026\"><img loading=\"lazy\" decoding=\"async\" width=\"100\" height=\"100\" src=\"https:\/\/ineditfitness.com\/site\/wp-content\/uploads\/2025\/12\/seance-privee-offerte-11-100x100.png\" class=\"attachment-thumb_100x100 size-thumb_100x100 wp-post-image\" alt=\"Ev\u00e8nement retrouver de l&rsquo;\u00e9nergie en douceur sans d\u00e9tox brutale &#8211; Janvier 2026\" srcset=\"https:\/\/ineditfitness.com\/site\/wp-content\/uploads\/2025\/12\/seance-privee-offerte-11-100x100.png 100w, https:\/\/ineditfitness.com\/site\/wp-content\/uploads\/2025\/12\/seance-privee-offerte-11-150x150.png 150w, https:\/\/ineditfitness.com\/site\/wp-content\/uploads\/2025\/12\/seance-privee-offerte-11-193x193.png 193w, https:\/\/ineditfitness.com\/site\/wp-content\/uploads\/2025\/12\/seance-privee-offerte-11-231x231.png 231w, https:\/\/ineditfitness.com\/site\/wp-content\/uploads\/2025\/12\/seance-privee-offerte-11-289x289.png 289w, https:\/\/ineditfitness.com\/site\/wp-content\/uploads\/2025\/12\/seance-privee-offerte-11-386x386.png 386w\" sizes=\"auto, (max-width: 100px) 100vw, 100px\" \/><\/a>\n\t\t\t\t<\/div>\n\t\t\t\t<div class=\"postright\">\n\t\t\t\t\t<h3><a href=\"https:\/\/ineditfitness.com\/site\/evenement-retrouver-de-lenergie-en-douceur-sans-detox-brutale-janvier-2026\/\" title=\"Ev\u00e8nement retrouver de l&rsquo;\u00e9nergie en douceur sans d\u00e9tox brutale &#8211; Janvier 2026\">Ev\u00e8nement retrouver de l&rsquo;\u00e9nergie en douceur sans d\u00e9tox brutale &#8211; Janvier 2026<\/a><\/h3>\n\t\t\t\t\t\n\t\t\t\t<div class=\"datetime\"><span class=\"icon-calendar fa fa-calendar\"><\/span>31 d\u00e9cembre 2025<\/div>\n\t\t\t\t\n\t\t\t\t\t\n\t\t\t\t<div class=\"comment\"><span class=\"icon-comment fa fa-comment\"><\/span>0 Comments<\/div>\n\t\t\t\t<\/div>\n\t\t\t<\/li>\n\t\t\t<li>\n\t\t\t\t<div class=\"postleft\">\n\t\t\t\t\t<a href=\"https:\/\/ineditfitness.com\/site\/evenement-prevention-des-agressions-janvier-2026\/\" title=\"Ev\u00e8nement pr\u00e9vention des agressions &#8211; Janvier 2026\"><img loading=\"lazy\" decoding=\"async\" width=\"100\" height=\"100\" src=\"https:\/\/ineditfitness.com\/site\/wp-content\/uploads\/2025\/12\/seance-privee-offerte-14-100x100.png\" class=\"attachment-thumb_100x100 size-thumb_100x100 wp-post-image\" alt=\"Ev\u00e8nement pr\u00e9vention des agressions &#8211; Janvier 2026\" srcset=\"https:\/\/ineditfitness.com\/site\/wp-content\/uploads\/2025\/12\/seance-privee-offerte-14-100x100.png 100w, https:\/\/ineditfitness.com\/site\/wp-content\/uploads\/2025\/12\/seance-privee-offerte-14-150x150.png 150w, https:\/\/ineditfitness.com\/site\/wp-content\/uploads\/2025\/12\/seance-privee-offerte-14-193x193.png 193w, https:\/\/ineditfitness.com\/site\/wp-content\/uploads\/2025\/12\/seance-privee-offerte-14-231x231.png 231w, https:\/\/ineditfitness.com\/site\/wp-content\/uploads\/2025\/12\/seance-privee-offerte-14-289x289.png 289w, https:\/\/ineditfitness.com\/site\/wp-content\/uploads\/2025\/12\/seance-privee-offerte-14-386x386.png 386w\" sizes=\"auto, (max-width: 100px) 100vw, 100px\" \/><\/a>\n\t\t\t\t<\/div>\n\t\t\t\t<div class=\"postright\">\n\t\t\t\t\t<h3><a href=\"https:\/\/ineditfitness.com\/site\/evenement-prevention-des-agressions-janvier-2026\/\" title=\"Ev\u00e8nement pr\u00e9vention des agressions &#8211; Janvier 2026\">Ev\u00e8nement pr\u00e9vention des agressions &#8211; Janvier 2026<\/a><\/h3>\n\t\t\t\t\t\n\t\t\t\t<div class=\"datetime\"><span class=\"icon-calendar fa fa-calendar\"><\/span>31 d\u00e9cembre 2025<\/div>\n\t\t\t\t\n\t\t\t\t\t\n\t\t\t\t<div class=\"comment\"><span class=\"icon-comment fa fa-comment\"><\/span>0 Comments<\/div>\n\t\t\t\t<\/div>\n\t\t\t<\/li>\n\t\t\t<li>\n\t\t\t\t<div class=\"postleft\">\n\t\t\t\t\t<a href=\"https:\/\/ineditfitness.com\/site\/evenement-marche-ri2m-2025\/\" title=\"Ev\u00e8nement &#8211; Marche RI2M 2025\"><\/a>\n\t\t\t\t<\/div>\n\t\t\t\t<div class=\"postright\">\n\t\t\t\t\t<h3><a href=\"https:\/\/ineditfitness.com\/site\/evenement-marche-ri2m-2025\/\" title=\"Ev\u00e8nement &#8211; Marche RI2M 2025\">Ev\u00e8nement &#8211; Marche RI2M 2025<\/a><\/h3>\n\t\t\t\t\t\n\t\t\t\t<div class=\"datetime\"><span class=\"icon-calendar fa fa-calendar\"><\/span>27 ao\u00fbt 2025<\/div>\n\t\t\t\t\n\t\t\t\t\t\n\t\t\t\t<div class=\"comment\"><span class=\"icon-comment fa fa-comment\"><\/span>0 Comments<\/div>\n\t\t\t\t<\/div>\n\t\t\t<\/li>\n\t\t\t<li>\n\t\t\t\t<div class=\"postleft\">\n\t\t\t\t\t<a href=\"https:\/\/ineditfitness.com\/site\/evenement-matinee-parrainage\/\" title=\"Ev\u00e8nement &#8211; Matin\u00e9e Parrainage\"><img loading=\"lazy\" decoding=\"async\" width=\"100\" height=\"100\" src=\"https:\/\/ineditfitness.com\/site\/wp-content\/uploads\/2025\/08\/30-JUILLET-2025-1-100x100.png\" class=\"attachment-thumb_100x100 size-thumb_100x100 wp-post-image\" alt=\"Ev\u00e8nement &#8211; Matin\u00e9e Parrainage\" srcset=\"https:\/\/ineditfitness.com\/site\/wp-content\/uploads\/2025\/08\/30-JUILLET-2025-1-100x100.png 100w, https:\/\/ineditfitness.com\/site\/wp-content\/uploads\/2025\/08\/30-JUILLET-2025-1-150x150.png 150w, https:\/\/ineditfitness.com\/site\/wp-content\/uploads\/2025\/08\/30-JUILLET-2025-1-193x193.png 193w, https:\/\/ineditfitness.com\/site\/wp-content\/uploads\/2025\/08\/30-JUILLET-2025-1-231x231.png 231w, https:\/\/ineditfitness.com\/site\/wp-content\/uploads\/2025\/08\/30-JUILLET-2025-1-289x289.png 289w, https:\/\/ineditfitness.com\/site\/wp-content\/uploads\/2025\/08\/30-JUILLET-2025-1-386x386.png 386w\" sizes=\"auto, (max-width: 100px) 100vw, 100px\" \/><\/a>\n\t\t\t\t<\/div>\n\t\t\t\t<div class=\"postright\">\n\t\t\t\t\t<h3><a href=\"https:\/\/ineditfitness.com\/site\/evenement-matinee-parrainage\/\" title=\"Ev\u00e8nement &#8211; Matin\u00e9e Parrainage\">Ev\u00e8nement &#8211; Matin\u00e9e Parrainage<\/a><\/h3>\n\t\t\t\t\t\n\t\t\t\t<div class=\"datetime\"><span class=\"icon-calendar fa fa-calendar\"><\/span>20 ao\u00fbt 2025<\/div>\n\t\t\t\t\n\t\t\t\t\t\n\t\t\t\t<div class=\"comment\"><span class=\"icon-comment fa fa-comment\"><\/span>0 Comments<\/div>\n\t\t\t\t<\/div>\n\t\t\t<\/li>\n\t\t\t<li>\n\t\t\t\t<div class=\"postleft\">\n\t\t\t\t\t<a href=\"https:\/\/ineditfitness.com\/site\/evenement-booster-votre-energie\/\" title=\"Ev\u00e8nement &#8211; Booster votre \u00e9nergie\"><img loading=\"lazy\" decoding=\"async\" width=\"100\" height=\"100\" src=\"https:\/\/ineditfitness.com\/site\/wp-content\/uploads\/2025\/04\/LUTTER-CONTRE-LE-MAL-DE-DOS-9-100x100.png\" class=\"attachment-thumb_100x100 size-thumb_100x100 wp-post-image\" alt=\"Ev\u00e8nement &#8211; Booster votre \u00e9nergie\" srcset=\"https:\/\/ineditfitness.com\/site\/wp-content\/uploads\/2025\/04\/LUTTER-CONTRE-LE-MAL-DE-DOS-9-100x100.png 100w, https:\/\/ineditfitness.com\/site\/wp-content\/uploads\/2025\/04\/LUTTER-CONTRE-LE-MAL-DE-DOS-9-150x150.png 150w, https:\/\/ineditfitness.com\/site\/wp-content\/uploads\/2025\/04\/LUTTER-CONTRE-LE-MAL-DE-DOS-9-193x193.png 193w, https:\/\/ineditfitness.com\/site\/wp-content\/uploads\/2025\/04\/LUTTER-CONTRE-LE-MAL-DE-DOS-9-231x231.png 231w, https:\/\/ineditfitness.com\/site\/wp-content\/uploads\/2025\/04\/LUTTER-CONTRE-LE-MAL-DE-DOS-9-289x289.png 289w, https:\/\/ineditfitness.com\/site\/wp-content\/uploads\/2025\/04\/LUTTER-CONTRE-LE-MAL-DE-DOS-9-386x386.png 386w\" sizes=\"auto, (max-width: 100px) 100vw, 100px\" \/><\/a>\n\t\t\t\t<\/div>\n\t\t\t\t<div class=\"postright\">\n\t\t\t\t\t<h3><a href=\"https:\/\/ineditfitness.com\/site\/evenement-booster-votre-energie\/\" title=\"Ev\u00e8nement &#8211; Booster votre \u00e9nergie\">Ev\u00e8nement &#8211; Booster votre \u00e9nergie<\/a><\/h3>\n\t\t\t\t\t\n\t\t\t\t<div class=\"datetime\"><span class=\"icon-calendar fa fa-calendar\"><\/span>19 avril 2025<\/div>\n\t\t\t\t\n\t\t\t\t\t\n\t\t\t\t<div class=\"comment\"><span class=\"icon-comment fa fa-comment\"><\/span>0 Comments<\/div>\n\t\t\t\t<\/div>\n\t\t\t<\/li>\n\t\t\t<li>\n\t\t\t\t<div class=\"postleft\">\n\t\t\t\t\t<a href=\"https:\/\/ineditfitness.com\/site\/celebration-des-10-ans-dinedit-fitness-une-soiree-memorable\/\" title=\"C\u00e9l\u00e9bration des 10 ans d&rsquo;Inedit Fitness &#8211; Une soir\u00e9e m\u00e9morable\"><img loading=\"lazy\" decoding=\"async\" width=\"100\" height=\"100\" src=\"https:\/\/ineditfitness.com\/site\/wp-content\/uploads\/2025\/02\/seance-privee-offerte-9-100x100.png\" class=\"attachment-thumb_100x100 size-thumb_100x100 wp-post-image\" alt=\"C\u00e9l\u00e9bration des 10 ans d&rsquo;Inedit Fitness &#8211; Une soir\u00e9e m\u00e9morable\" srcset=\"https:\/\/ineditfitness.com\/site\/wp-content\/uploads\/2025\/02\/seance-privee-offerte-9-100x100.png 100w, https:\/\/ineditfitness.com\/site\/wp-content\/uploads\/2025\/02\/seance-privee-offerte-9-150x150.png 150w, https:\/\/ineditfitness.com\/site\/wp-content\/uploads\/2025\/02\/seance-privee-offerte-9-193x193.png 193w, https:\/\/ineditfitness.com\/site\/wp-content\/uploads\/2025\/02\/seance-privee-offerte-9-231x231.png 231w, https:\/\/ineditfitness.com\/site\/wp-content\/uploads\/2025\/02\/seance-privee-offerte-9-289x289.png 289w, https:\/\/ineditfitness.com\/site\/wp-content\/uploads\/2025\/02\/seance-privee-offerte-9-386x386.png 386w, https:\/\/ineditfitness.com\/site\/wp-content\/uploads\/2025\/02\/seance-privee-offerte-9-80x80.png 80w\" sizes=\"auto, (max-width: 100px) 100vw, 100px\" \/><\/a>\n\t\t\t\t<\/div>\n\t\t\t\t<div class=\"postright\">\n\t\t\t\t\t<h3><a href=\"https:\/\/ineditfitness.com\/site\/celebration-des-10-ans-dinedit-fitness-une-soiree-memorable\/\" title=\"C\u00e9l\u00e9bration des 10 ans d&rsquo;Inedit Fitness &#8211; Une soir\u00e9e m\u00e9morable\">C\u00e9l\u00e9bration des 10 ans d&rsquo;Inedit Fitness &#8211; Une soir\u00e9e m\u00e9morable<\/a><\/h3>\n\t\t\t\t\t\n\t\t\t\t<div class=\"datetime\"><span class=\"icon-calendar fa fa-calendar\"><\/span>7 avril 2025<\/div>\n\t\t\t\t\n\t\t\t\t\t\n\t\t\t\t<div class=\"comment\"><span class=\"icon-comment fa fa-comment\"><\/span>0 Comments<\/div>\n\t\t\t\t<\/div>\n\t\t\t<\/li>\n\t\t\t<li>\n\t\t\t\t<div class=\"postleft\">\n\t\t\t\t\t<a href=\"https:\/\/ineditfitness.com\/site\/pourquoi-sport-redonne-energie\/\" title=\"Pourquoi le sport redonne de l&rsquo;\u00e9nergie ?\"><img loading=\"lazy\" decoding=\"async\" width=\"100\" height=\"100\" src=\"https:\/\/ineditfitness.com\/site\/wp-content\/uploads\/2024\/11\/poscast-Pourquoi-le-sport-redonne-de-lenergie-Inedit-Fitness-100x100.png\" class=\"attachment-thumb_100x100 size-thumb_100x100 wp-post-image\" alt=\"Pourquoi le sport redonne de l&rsquo;\u00e9nergie ?\" srcset=\"https:\/\/ineditfitness.com\/site\/wp-content\/uploads\/2024\/11\/poscast-Pourquoi-le-sport-redonne-de-lenergie-Inedit-Fitness-100x100.png 100w, https:\/\/ineditfitness.com\/site\/wp-content\/uploads\/2024\/11\/poscast-Pourquoi-le-sport-redonne-de-lenergie-Inedit-Fitness-150x150.png 150w, https:\/\/ineditfitness.com\/site\/wp-content\/uploads\/2024\/11\/poscast-Pourquoi-le-sport-redonne-de-lenergie-Inedit-Fitness-193x193.png 193w, https:\/\/ineditfitness.com\/site\/wp-content\/uploads\/2024\/11\/poscast-Pourquoi-le-sport-redonne-de-lenergie-Inedit-Fitness-231x231.png 231w, https:\/\/ineditfitness.com\/site\/wp-content\/uploads\/2024\/11\/poscast-Pourquoi-le-sport-redonne-de-lenergie-Inedit-Fitness-289x289.png 289w, https:\/\/ineditfitness.com\/site\/wp-content\/uploads\/2024\/11\/poscast-Pourquoi-le-sport-redonne-de-lenergie-Inedit-Fitness-386x386.png 386w, https:\/\/ineditfitness.com\/site\/wp-content\/uploads\/2024\/11\/poscast-Pourquoi-le-sport-redonne-de-lenergie-Inedit-Fitness-80x80.png 80w\" sizes=\"auto, (max-width: 100px) 100vw, 100px\" \/><\/a>\n\t\t\t\t<\/div>\n\t\t\t\t<div class=\"postright\">\n\t\t\t\t\t<h3><a href=\"https:\/\/ineditfitness.com\/site\/pourquoi-sport-redonne-energie\/\" title=\"Pourquoi le sport redonne de l&rsquo;\u00e9nergie ?\">Pourquoi le sport redonne de l&rsquo;\u00e9nergie ?<\/a><\/h3>\n\t\t\t\t\t\n\t\t\t\t<div class=\"datetime\"><span class=\"icon-calendar fa fa-calendar\"><\/span>7 novembre 2024<\/div>\n\t\t\t\t\n\t\t\t\t\t\n\t\t\t\t<div class=\"comment\"><span class=\"icon-comment fa fa-comment\"><\/span>0 Comments<\/div>\n\t\t\t\t<\/div>\n\t\t\t<\/li>\n\t\t\t<li>\n\t\t\t\t<div class=\"postleft\">\n\t\t\t\t\t<a href=\"https:\/\/ineditfitness.com\/site\/securite-et-sante-au-travail-premys-sengage-avec-inedit-fitness\/\" title=\"S\u00e9curit\u00e9 et sant\u00e9 au travail : Premys s\u2019engage avec Inedit Fitness\"><img loading=\"lazy\" decoding=\"async\" width=\"100\" height=\"100\" src=\"https:\/\/ineditfitness.com\/site\/wp-content\/uploads\/2024\/09\/journee-securite-et-sante-Premys-Inedit-fitness-100x100.png\" class=\"attachment-thumb_100x100 size-thumb_100x100 wp-post-image\" alt=\"S\u00e9curit\u00e9 et sant\u00e9 au travail : Premys s\u2019engage avec Inedit Fitness\" srcset=\"https:\/\/ineditfitness.com\/site\/wp-content\/uploads\/2024\/09\/journee-securite-et-sante-Premys-Inedit-fitness-100x100.png 100w, https:\/\/ineditfitness.com\/site\/wp-content\/uploads\/2024\/09\/journee-securite-et-sante-Premys-Inedit-fitness-300x300.png 300w, https:\/\/ineditfitness.com\/site\/wp-content\/uploads\/2024\/09\/journee-securite-et-sante-Premys-Inedit-fitness-1024x1024.png 1024w, https:\/\/ineditfitness.com\/site\/wp-content\/uploads\/2024\/09\/journee-securite-et-sante-Premys-Inedit-fitness-150x150.png 150w, https:\/\/ineditfitness.com\/site\/wp-content\/uploads\/2024\/09\/journee-securite-et-sante-Premys-Inedit-fitness-768x768.png 768w, https:\/\/ineditfitness.com\/site\/wp-content\/uploads\/2024\/09\/journee-securite-et-sante-Premys-Inedit-fitness-624x624.png 624w, https:\/\/ineditfitness.com\/site\/wp-content\/uploads\/2024\/09\/journee-securite-et-sante-Premys-Inedit-fitness-193x193.png 193w, https:\/\/ineditfitness.com\/site\/wp-content\/uploads\/2024\/09\/journee-securite-et-sante-Premys-Inedit-fitness-231x231.png 231w, https:\/\/ineditfitness.com\/site\/wp-content\/uploads\/2024\/09\/journee-securite-et-sante-Premys-Inedit-fitness-289x289.png 289w, https:\/\/ineditfitness.com\/site\/wp-content\/uploads\/2024\/09\/journee-securite-et-sante-Premys-Inedit-fitness-386x386.png 386w, https:\/\/ineditfitness.com\/site\/wp-content\/uploads\/2024\/09\/journee-securite-et-sante-Premys-Inedit-fitness-80x80.png 80w, https:\/\/ineditfitness.com\/site\/wp-content\/uploads\/2024\/09\/journee-securite-et-sante-Premys-Inedit-fitness.png 1200w\" sizes=\"auto, (max-width: 100px) 100vw, 100px\" \/><\/a>\n\t\t\t\t<\/div>\n\t\t\t\t<div class=\"postright\">\n\t\t\t\t\t<h3><a href=\"https:\/\/ineditfitness.com\/site\/securite-et-sante-au-travail-premys-sengage-avec-inedit-fitness\/\" title=\"S\u00e9curit\u00e9 et sant\u00e9 au travail : Premys s\u2019engage avec Inedit Fitness\">S\u00e9curit\u00e9 et sant\u00e9 au travail : Premys s\u2019engage avec Inedit Fitness<\/a><\/h3>\n\t\t\t\t\t\n\t\t\t\t<div class=\"datetime\"><span class=\"icon-calendar fa fa-calendar\"><\/span>22 septembre 2024<\/div>\n\t\t\t\t\n\t\t\t\t\t\n\t\t\t\t<div class=\"comment\"><span class=\"icon-comment fa fa-comment\"><\/span>0 Comments<\/div>\n\t\t\t\t<\/div>\n\t\t\t<\/li>\n\t\t\t<li>\n\t\t\t\t<div class=\"postleft\">\n\t\t\t\t\t<a href=\"https:\/\/ineditfitness.com\/site\/comment-rester-en-forme-apres-lete\/\" title=\"Comment rester en forme apr\u00e8s l&rsquo;\u00e9t\u00e9\"><img loading=\"lazy\" decoding=\"async\" width=\"100\" height=\"100\" src=\"https:\/\/ineditfitness.com\/site\/wp-content\/uploads\/2024\/08\/se-maintenir-en-forme-100x100.jpg\" class=\"attachment-thumb_100x100 size-thumb_100x100 wp-post-image\" alt=\"Comment rester en forme apr\u00e8s l&rsquo;\u00e9t\u00e9\" srcset=\"https:\/\/ineditfitness.com\/site\/wp-content\/uploads\/2024\/08\/se-maintenir-en-forme-100x100.jpg 100w, https:\/\/ineditfitness.com\/site\/wp-content\/uploads\/2024\/08\/se-maintenir-en-forme-150x150.jpg 150w, https:\/\/ineditfitness.com\/site\/wp-content\/uploads\/2024\/08\/se-maintenir-en-forme-193x193.jpg 193w, https:\/\/ineditfitness.com\/site\/wp-content\/uploads\/2024\/08\/se-maintenir-en-forme-231x231.jpg 231w, https:\/\/ineditfitness.com\/site\/wp-content\/uploads\/2024\/08\/se-maintenir-en-forme-289x289.jpg 289w, https:\/\/ineditfitness.com\/site\/wp-content\/uploads\/2024\/08\/se-maintenir-en-forme-386x386.jpg 386w, https:\/\/ineditfitness.com\/site\/wp-content\/uploads\/2024\/08\/se-maintenir-en-forme-80x80.jpg 80w\" sizes=\"auto, (max-width: 100px) 100vw, 100px\" \/><\/a>\n\t\t\t\t<\/div>\n\t\t\t\t<div class=\"postright\">\n\t\t\t\t\t<h3><a href=\"https:\/\/ineditfitness.com\/site\/comment-rester-en-forme-apres-lete\/\" title=\"Comment rester en forme apr\u00e8s l&rsquo;\u00e9t\u00e9\">Comment rester en forme apr\u00e8s l&rsquo;\u00e9t\u00e9<\/a><\/h3>\n\t\t\t\t\t\n\t\t\t\t<div class=\"datetime\"><span class=\"icon-calendar fa fa-calendar\"><\/span>23 ao\u00fbt 2024<\/div>\n\t\t\t\t\n\t\t\t\t\t\n\t\t\t\t<div class=\"comment\"><span class=\"icon-comment fa fa-comment\"><\/span>0 Comments<\/div>\n\t\t\t\t<\/div>\n\t\t\t<\/li>\n\t\t\t<li>\n\t\t\t\t<div class=\"postleft\">\n\t\t\t\t\t<a href=\"https:\/\/ineditfitness.com\/site\/la-revolution-du-coaching-sportif-personnalise-en-ligne\/\" title=\"La r\u00e9volution du coaching sportif personnalis\u00e9 en ligne\"><img loading=\"lazy\" decoding=\"async\" width=\"100\" height=\"100\" src=\"https:\/\/ineditfitness.com\/site\/wp-content\/uploads\/2024\/08\/Publication-Facebook-24-100x100.png\" class=\"attachment-thumb_100x100 size-thumb_100x100 wp-post-image\" alt=\"La r\u00e9volution du coaching sportif personnalis\u00e9 en ligne\" srcset=\"https:\/\/ineditfitness.com\/site\/wp-content\/uploads\/2024\/08\/Publication-Facebook-24-100x100.png 100w, https:\/\/ineditfitness.com\/site\/wp-content\/uploads\/2024\/08\/Publication-Facebook-24-150x150.png 150w, https:\/\/ineditfitness.com\/site\/wp-content\/uploads\/2024\/08\/Publication-Facebook-24-193x193.png 193w, https:\/\/ineditfitness.com\/site\/wp-content\/uploads\/2024\/08\/Publication-Facebook-24-231x231.png 231w, https:\/\/ineditfitness.com\/site\/wp-content\/uploads\/2024\/08\/Publication-Facebook-24-289x289.png 289w, https:\/\/ineditfitness.com\/site\/wp-content\/uploads\/2024\/08\/Publication-Facebook-24-386x386.png 386w\" sizes=\"auto, (max-width: 100px) 100vw, 100px\" \/><\/a>\n\t\t\t\t<\/div>\n\t\t\t\t<div class=\"postright\">\n\t\t\t\t\t<h3><a href=\"https:\/\/ineditfitness.com\/site\/la-revolution-du-coaching-sportif-personnalise-en-ligne\/\" title=\"La r\u00e9volution du coaching sportif personnalis\u00e9 en ligne\">La r\u00e9volution du coaching sportif personnalis\u00e9 en ligne<\/a><\/h3>\n\t\t\t\t\t\n\t\t\t\t<div class=\"datetime\"><span class=\"icon-calendar fa fa-calendar\"><\/span>2 ao\u00fbt 2024<\/div>\n\t\t\t\t\n\t\t\t\t\t\n\t\t\t\t<div class=\"comment\"><span class=\"icon-comment fa fa-comment\"><\/span>0 Comments<\/div>\n\t\t\t\t<\/div>\n\t\t\t<\/li>\n\t\t\t<li>\n\t\t\t\t<div class=\"postleft\">\n\t\t\t\t\t<a href=\"https:\/\/ineditfitness.com\/site\/challenge-anti-stress\/\" title=\"Challenge Anti-Stress\"><img loading=\"lazy\" decoding=\"async\" width=\"100\" height=\"100\" src=\"https:\/\/ineditfitness.com\/site\/wp-content\/uploads\/2020\/11\/Lachez-prise-46-100x100.jpg\" class=\"attachment-thumb_100x100 size-thumb_100x100 wp-post-image\" alt=\"Challenge Anti-Stress\" srcset=\"https:\/\/ineditfitness.com\/site\/wp-content\/uploads\/2020\/11\/Lachez-prise-46-100x100.jpg 100w, https:\/\/ineditfitness.com\/site\/wp-content\/uploads\/2020\/11\/Lachez-prise-46-150x150.jpg 150w, https:\/\/ineditfitness.com\/site\/wp-content\/uploads\/2020\/11\/Lachez-prise-46-193x193.jpg 193w, https:\/\/ineditfitness.com\/site\/wp-content\/uploads\/2020\/11\/Lachez-prise-46-231x231.jpg 231w, https:\/\/ineditfitness.com\/site\/wp-content\/uploads\/2020\/11\/Lachez-prise-46-289x289.jpg 289w, https:\/\/ineditfitness.com\/site\/wp-content\/uploads\/2020\/11\/Lachez-prise-46-386x386.jpg 386w, https:\/\/ineditfitness.com\/site\/wp-content\/uploads\/2020\/11\/Lachez-prise-46-80x80.jpg 80w\" sizes=\"auto, (max-width: 100px) 100vw, 100px\" \/><\/a>\n\t\t\t\t<\/div>\n\t\t\t\t<div class=\"postright\">\n\t\t\t\t\t<h3><a href=\"https:\/\/ineditfitness.com\/site\/challenge-anti-stress\/\" title=\"Challenge Anti-Stress\">Challenge Anti-Stress<\/a><\/h3>\n\t\t\t\t\t\n\t\t\t\t<div class=\"datetime\"><span class=\"icon-calendar fa fa-calendar\"><\/span>7 juillet 2024<\/div>\n\t\t\t\t\n\t\t\t\t\t\n\t\t\t\t<div class=\"comment\"><span class=\"icon-comment fa fa-comment\"><\/span>0 Comments<\/div>\n\t\t\t\t<\/div>\n\t\t\t<\/li>\n\t\t\t<li>\n\t\t\t\t<div class=\"postleft\">\n\t\t\t\t\t<a href=\"https:\/\/ineditfitness.com\/site\/profiter-des-vacances-pour-se-remettre-en-forme\/\" title=\"Profiter des vacances pour se remettre en forme\"><img loading=\"lazy\" decoding=\"async\" width=\"100\" height=\"100\" src=\"https:\/\/ineditfitness.com\/site\/wp-content\/uploads\/2024\/07\/Profiter_des_vacances_pour_se_remettre_en_forme-2-100x100.jpg\" class=\"attachment-thumb_100x100 size-thumb_100x100 wp-post-image\" alt=\"Profiter des vacances pour se remettre en forme\" srcset=\"https:\/\/ineditfitness.com\/site\/wp-content\/uploads\/2024\/07\/Profiter_des_vacances_pour_se_remettre_en_forme-2-100x100.jpg 100w, https:\/\/ineditfitness.com\/site\/wp-content\/uploads\/2024\/07\/Profiter_des_vacances_pour_se_remettre_en_forme-2-300x300.jpg 300w, https:\/\/ineditfitness.com\/site\/wp-content\/uploads\/2024\/07\/Profiter_des_vacances_pour_se_remettre_en_forme-2-150x150.jpg 150w, https:\/\/ineditfitness.com\/site\/wp-content\/uploads\/2024\/07\/Profiter_des_vacances_pour_se_remettre_en_forme-2-624x624.jpg 624w, https:\/\/ineditfitness.com\/site\/wp-content\/uploads\/2024\/07\/Profiter_des_vacances_pour_se_remettre_en_forme-2-193x193.jpg 193w, https:\/\/ineditfitness.com\/site\/wp-content\/uploads\/2024\/07\/Profiter_des_vacances_pour_se_remettre_en_forme-2-231x231.jpg 231w, https:\/\/ineditfitness.com\/site\/wp-content\/uploads\/2024\/07\/Profiter_des_vacances_pour_se_remettre_en_forme-2-289x289.jpg 289w, https:\/\/ineditfitness.com\/site\/wp-content\/uploads\/2024\/07\/Profiter_des_vacances_pour_se_remettre_en_forme-2-386x386.jpg 386w, https:\/\/ineditfitness.com\/site\/wp-content\/uploads\/2024\/07\/Profiter_des_vacances_pour_se_remettre_en_forme-2-80x80.jpg 80w, https:\/\/ineditfitness.com\/site\/wp-content\/uploads\/2024\/07\/Profiter_des_vacances_pour_se_remettre_en_forme-2.jpg 680w\" sizes=\"auto, (max-width: 100px) 100vw, 100px\" \/><\/a>\n\t\t\t\t<\/div>\n\t\t\t\t<div class=\"postright\">\n\t\t\t\t\t<h3><a href=\"https:\/\/ineditfitness.com\/site\/profiter-des-vacances-pour-se-remettre-en-forme\/\" title=\"Profiter des vacances pour se remettre en forme\">Profiter des vacances pour se remettre en forme<\/a><\/h3>\n\t\t\t\t\t\n\t\t\t\t<div class=\"datetime\"><span class=\"icon-calendar fa fa-calendar\"><\/span>2 juillet 2024<\/div>\n\t\t\t\t\n\t\t\t\t\t\n\t\t\t\t<div class=\"comment\"><span class=\"icon-comment fa fa-comment\"><\/span>0 Comments<\/div>\n\t\t\t\t<\/div>\n\t\t\t<\/li>\n\t\t\t<li>\n\t\t\t\t<div class=\"postleft\">\n\t\t\t\t\t<a href=\"https:\/\/ineditfitness.com\/site\/conseils-pour-lutter-contre-le-mal-de-dos\/\" title=\"Conseils pour lutter contre le mal de dos\"><img loading=\"lazy\" decoding=\"async\" width=\"100\" height=\"100\" src=\"https:\/\/ineditfitness.com\/site\/wp-content\/uploads\/2024\/06\/podcast-mal-de-dos-100x100.png\" class=\"attachment-thumb_100x100 size-thumb_100x100 wp-post-image\" alt=\"Conseils pour lutter contre le mal de dos\" srcset=\"https:\/\/ineditfitness.com\/site\/wp-content\/uploads\/2024\/06\/podcast-mal-de-dos-100x100.png 100w, https:\/\/ineditfitness.com\/site\/wp-content\/uploads\/2024\/06\/podcast-mal-de-dos-150x150.png 150w, https:\/\/ineditfitness.com\/site\/wp-content\/uploads\/2024\/06\/podcast-mal-de-dos-540x536.png 540w, https:\/\/ineditfitness.com\/site\/wp-content\/uploads\/2024\/06\/podcast-mal-de-dos-193x193.png 193w, https:\/\/ineditfitness.com\/site\/wp-content\/uploads\/2024\/06\/podcast-mal-de-dos-231x231.png 231w, https:\/\/ineditfitness.com\/site\/wp-content\/uploads\/2024\/06\/podcast-mal-de-dos-289x289.png 289w, https:\/\/ineditfitness.com\/site\/wp-content\/uploads\/2024\/06\/podcast-mal-de-dos-386x386.png 386w, https:\/\/ineditfitness.com\/site\/wp-content\/uploads\/2024\/06\/podcast-mal-de-dos-80x80.png 80w\" sizes=\"auto, (max-width: 100px) 100vw, 100px\" \/><\/a>\n\t\t\t\t<\/div>\n\t\t\t\t<div class=\"postright\">\n\t\t\t\t\t<h3><a href=\"https:\/\/ineditfitness.com\/site\/conseils-pour-lutter-contre-le-mal-de-dos\/\" title=\"Conseils pour lutter contre le mal de dos\">Conseils pour lutter contre le mal de dos<\/a><\/h3>\n\t\t\t\t\t\n\t\t\t\t<div class=\"datetime\"><span class=\"icon-calendar fa fa-calendar\"><\/span>18 juin 2024<\/div>\n\t\t\t\t\n\t\t\t\t\t\n\t\t\t\t<div class=\"comment\"><span class=\"icon-comment fa fa-comment\"><\/span>0 Comments<\/div>\n\t\t\t\t<\/div>\n\t\t\t<\/li>\n\t\t\t<li>\n\t\t\t\t<div class=\"postleft\">\n\t\t\t\t\t<a href=\"https:\/\/ineditfitness.com\/site\/programme-intensif-6-semaines\/\" title=\"Programme intensif 6 semaines\"><\/a>\n\t\t\t\t<\/div>\n\t\t\t\t<div class=\"postright\">\n\t\t\t\t\t<h3><a href=\"https:\/\/ineditfitness.com\/site\/programme-intensif-6-semaines\/\" title=\"Programme intensif 6 semaines\">Programme intensif 6 semaines<\/a><\/h3>\n\t\t\t\t\t\n\t\t\t\t<div class=\"datetime\"><span class=\"icon-calendar fa fa-calendar\"><\/span>29 mai 2024<\/div>\n\t\t\t\t\n\t\t\t\t\t\n\t\t\t\t<div class=\"comment\"><span class=\"icon-comment fa fa-comment\"><\/span>0 Comments<\/div>\n\t\t\t\t<\/div>\n\t\t\t<\/li>\n\t\t\t<li>\n\t\t\t\t<div class=\"postleft\">\n\t\t\t\t\t<a href=\"https:\/\/ineditfitness.com\/site\/challenge-insomnie\/\" title=\"Challenge Insomnie\"><img loading=\"lazy\" decoding=\"async\" width=\"100\" height=\"100\" src=\"https:\/\/ineditfitness.com\/site\/wp-content\/uploads\/2022\/01\/Lachez-prise-48-100x100.jpg\" class=\"attachment-thumb_100x100 size-thumb_100x100 wp-post-image\" alt=\"Challenge Insomnie\" srcset=\"https:\/\/ineditfitness.com\/site\/wp-content\/uploads\/2022\/01\/Lachez-prise-48-100x100.jpg 100w, https:\/\/ineditfitness.com\/site\/wp-content\/uploads\/2022\/01\/Lachez-prise-48-150x150.jpg 150w, https:\/\/ineditfitness.com\/site\/wp-content\/uploads\/2022\/01\/Lachez-prise-48-193x193.jpg 193w, https:\/\/ineditfitness.com\/site\/wp-content\/uploads\/2022\/01\/Lachez-prise-48-231x231.jpg 231w, https:\/\/ineditfitness.com\/site\/wp-content\/uploads\/2022\/01\/Lachez-prise-48-289x289.jpg 289w, https:\/\/ineditfitness.com\/site\/wp-content\/uploads\/2022\/01\/Lachez-prise-48-386x386.jpg 386w, https:\/\/ineditfitness.com\/site\/wp-content\/uploads\/2022\/01\/Lachez-prise-48-80x80.jpg 80w\" sizes=\"auto, (max-width: 100px) 100vw, 100px\" \/><\/a>\n\t\t\t\t<\/div>\n\t\t\t\t<div class=\"postright\">\n\t\t\t\t\t<h3><a href=\"https:\/\/ineditfitness.com\/site\/challenge-insomnie\/\" title=\"Challenge Insomnie\">Challenge Insomnie<\/a><\/h3>\n\t\t\t\t\t\n\t\t\t\t<div class=\"datetime\"><span class=\"icon-calendar fa fa-calendar\"><\/span>22 mai 2024<\/div>\n\t\t\t\t\n\t\t\t\t\t\n\t\t\t\t<div class=\"comment\"><span class=\"icon-comment fa fa-comment\"><\/span>0 Comments<\/div>\n\t\t\t\t<\/div>\n\t\t\t<\/li>\n\t\t\t<li>\n\t\t\t\t<div class=\"postleft\">\n\t\t\t\t\t<a href=\"https:\/\/ineditfitness.com\/site\/challenge-mal-de-dos\/\" title=\"Challenge Mal de dos\"><img loading=\"lazy\" decoding=\"async\" width=\"100\" height=\"100\" src=\"https:\/\/ineditfitness.com\/site\/wp-content\/uploads\/2021\/05\/Lachez-prise-18-100x100.jpg\" class=\"attachment-thumb_100x100 size-thumb_100x100 wp-post-image\" alt=\"Challenge Mal de dos\" srcset=\"https:\/\/ineditfitness.com\/site\/wp-content\/uploads\/2021\/05\/Lachez-prise-18-100x100.jpg 100w, https:\/\/ineditfitness.com\/site\/wp-content\/uploads\/2021\/05\/Lachez-prise-18-150x150.jpg 150w, https:\/\/ineditfitness.com\/site\/wp-content\/uploads\/2021\/05\/Lachez-prise-18-193x193.jpg 193w, https:\/\/ineditfitness.com\/site\/wp-content\/uploads\/2021\/05\/Lachez-prise-18-231x231.jpg 231w, https:\/\/ineditfitness.com\/site\/wp-content\/uploads\/2021\/05\/Lachez-prise-18-289x289.jpg 289w, https:\/\/ineditfitness.com\/site\/wp-content\/uploads\/2021\/05\/Lachez-prise-18-386x386.jpg 386w, https:\/\/ineditfitness.com\/site\/wp-content\/uploads\/2021\/05\/Lachez-prise-18-80x80.jpg 80w\" sizes=\"auto, (max-width: 100px) 100vw, 100px\" \/><\/a>\n\t\t\t\t<\/div>\n\t\t\t\t<div class=\"postright\">\n\t\t\t\t\t<h3><a href=\"https:\/\/ineditfitness.com\/site\/challenge-mal-de-dos\/\" title=\"Challenge Mal de dos\">Challenge Mal de dos<\/a><\/h3>\n\t\t\t\t\t\n\t\t\t\t<div class=\"datetime\"><span class=\"icon-calendar fa fa-calendar\"><\/span>28 avril 2024<\/div>\n\t\t\t\t\n\t\t\t\t\t\n\t\t\t\t<div class=\"comment\"><span class=\"icon-comment fa fa-comment\"><\/span>0 Comments<\/div>\n\t\t\t\t<\/div>\n\t\t\t<\/li>\n\t\t\t<li>\n\t\t\t\t<div class=\"postleft\">\n\t\t\t\t\t<a href=\"https:\/\/ineditfitness.com\/site\/challenge-energie\/\" title=\"Challenge ENERGIE\"><img loading=\"lazy\" decoding=\"async\" width=\"100\" height=\"100\" src=\"https:\/\/ineditfitness.com\/site\/wp-content\/uploads\/2024\/03\/Lachez-prise-64-100x100.png\" class=\"attachment-thumb_100x100 size-thumb_100x100 wp-post-image\" alt=\"Challenge ENERGIE\" srcset=\"https:\/\/ineditfitness.com\/site\/wp-content\/uploads\/2024\/03\/Lachez-prise-64-100x100.png 100w, https:\/\/ineditfitness.com\/site\/wp-content\/uploads\/2024\/03\/Lachez-prise-64-150x150.png 150w, https:\/\/ineditfitness.com\/site\/wp-content\/uploads\/2024\/03\/Lachez-prise-64-193x193.png 193w, https:\/\/ineditfitness.com\/site\/wp-content\/uploads\/2024\/03\/Lachez-prise-64-231x231.png 231w, https:\/\/ineditfitness.com\/site\/wp-content\/uploads\/2024\/03\/Lachez-prise-64-289x289.png 289w, https:\/\/ineditfitness.com\/site\/wp-content\/uploads\/2024\/03\/Lachez-prise-64-386x386.png 386w, https:\/\/ineditfitness.com\/site\/wp-content\/uploads\/2024\/03\/Lachez-prise-64-80x80.png 80w\" sizes=\"auto, (max-width: 100px) 100vw, 100px\" \/><\/a>\n\t\t\t\t<\/div>\n\t\t\t\t<div class=\"postright\">\n\t\t\t\t\t<h3><a href=\"https:\/\/ineditfitness.com\/site\/challenge-energie\/\" title=\"Challenge ENERGIE\">Challenge ENERGIE<\/a><\/h3>\n\t\t\t\t\t\n\t\t\t\t<div class=\"datetime\"><span class=\"icon-calendar fa fa-calendar\"><\/span>7 mars 2024<\/div>\n\t\t\t\t\n\t\t\t\t\t\n\t\t\t\t<div class=\"comment\"><span class=\"icon-comment fa fa-comment\"><\/span>0 Comments<\/div>\n\t\t\t\t<\/div>\n\t\t\t<\/li>\n\t\t\t<li>\n\t\t\t\t<div class=\"postleft\">\n\t\t\t\t\t<a href=\"https:\/\/ineditfitness.com\/site\/journee-de-la-femme-2024\/\" title=\"Journ\u00e9e de la femme 2024\"><img loading=\"lazy\" decoding=\"async\" width=\"100\" height=\"100\" src=\"https:\/\/ineditfitness.com\/site\/wp-content\/uploads\/2024\/02\/Canva-Design-100x100.png\" class=\"attachment-thumb_100x100 size-thumb_100x100 wp-post-image\" alt=\"Journ\u00e9e de la femme 2024\" srcset=\"https:\/\/ineditfitness.com\/site\/wp-content\/uploads\/2024\/02\/Canva-Design-100x100.png 100w, https:\/\/ineditfitness.com\/site\/wp-content\/uploads\/2024\/02\/Canva-Design-150x150.png 150w, https:\/\/ineditfitness.com\/site\/wp-content\/uploads\/2024\/02\/Canva-Design-193x193.png 193w, https:\/\/ineditfitness.com\/site\/wp-content\/uploads\/2024\/02\/Canva-Design-231x231.png 231w, https:\/\/ineditfitness.com\/site\/wp-content\/uploads\/2024\/02\/Canva-Design-289x289.png 289w, https:\/\/ineditfitness.com\/site\/wp-content\/uploads\/2024\/02\/Canva-Design-386x386.png 386w, https:\/\/ineditfitness.com\/site\/wp-content\/uploads\/2024\/02\/Canva-Design-80x80.png 80w\" sizes=\"auto, (max-width: 100px) 100vw, 100px\" \/><\/a>\n\t\t\t\t<\/div>\n\t\t\t\t<div class=\"postright\">\n\t\t\t\t\t<h3><a href=\"https:\/\/ineditfitness.com\/site\/journee-de-la-femme-2024\/\" title=\"Journ\u00e9e de la femme 2024\">Journ\u00e9e de la femme 2024<\/a><\/h3>\n\t\t\t\t\t\n\t\t\t\t<div class=\"datetime\"><span class=\"icon-calendar fa fa-calendar\"><\/span>27 f\u00e9vrier 2024<\/div>\n\t\t\t\t\n\t\t\t\t\t\n\t\t\t\t<div class=\"comment\"><span class=\"icon-comment fa fa-comment\"><\/span>0 Comments<\/div>\n\t\t\t\t<\/div>\n\t\t\t<\/li>\n\t\t\t<li>\n\t\t\t\t<div class=\"postleft\">\n\t\t\t\t\t<a href=\"https:\/\/ineditfitness.com\/site\/yoga-brunch-dimanche-10-decembre-2023\/\" title=\"YOGA \/ BRUNCH &#8211; Dimanche 10 d\u00e9cembre 2023\"><img loading=\"lazy\" decoding=\"async\" width=\"100\" height=\"100\" src=\"https:\/\/ineditfitness.com\/site\/wp-content\/uploads\/2023\/11\/YOGA-BRUNCH-100x100.png\" class=\"attachment-thumb_100x100 size-thumb_100x100 wp-post-image\" alt=\"YOGA \/ BRUNCH &#8211; Dimanche 10 d\u00e9cembre 2023\" srcset=\"https:\/\/ineditfitness.com\/site\/wp-content\/uploads\/2023\/11\/YOGA-BRUNCH-100x100.png 100w, https:\/\/ineditfitness.com\/site\/wp-content\/uploads\/2023\/11\/YOGA-BRUNCH-150x150.png 150w, https:\/\/ineditfitness.com\/site\/wp-content\/uploads\/2023\/11\/YOGA-BRUNCH-193x193.png 193w, https:\/\/ineditfitness.com\/site\/wp-content\/uploads\/2023\/11\/YOGA-BRUNCH-231x231.png 231w, https:\/\/ineditfitness.com\/site\/wp-content\/uploads\/2023\/11\/YOGA-BRUNCH-289x289.png 289w, https:\/\/ineditfitness.com\/site\/wp-content\/uploads\/2023\/11\/YOGA-BRUNCH-386x386.png 386w, https:\/\/ineditfitness.com\/site\/wp-content\/uploads\/2023\/11\/YOGA-BRUNCH-80x80.png 80w\" sizes=\"auto, (max-width: 100px) 100vw, 100px\" \/><\/a>\n\t\t\t\t<\/div>\n\t\t\t\t<div class=\"postright\">\n\t\t\t\t\t<h3><a href=\"https:\/\/ineditfitness.com\/site\/yoga-brunch-dimanche-10-decembre-2023\/\" title=\"YOGA \/ BRUNCH &#8211; Dimanche 10 d\u00e9cembre 2023\">YOGA \/ BRUNCH &#8211; Dimanche 10 d\u00e9cembre 2023<\/a><\/h3>\n\t\t\t\t\t\n\t\t\t\t<div class=\"datetime\"><span class=\"icon-calendar fa fa-calendar\"><\/span>29 novembre 2023<\/div>\n\t\t\t\t\n\t\t\t\t\t\n\t\t\t\t<div class=\"comment\"><span class=\"icon-comment fa fa-comment\"><\/span>0 Comments<\/div>\n\t\t\t\t<\/div>\n\t\t\t<\/li>\n\t\t\t<li>\n\t\t\t\t<div class=\"postleft\">\n\t\t\t\t\t<a href=\"https:\/\/ineditfitness.com\/site\/evenement-fit-nature\/\" title=\"Ev\u00e8nement -Fit Nature\"><img loading=\"lazy\" decoding=\"async\" width=\"100\" height=\"100\" src=\"https:\/\/ineditfitness.com\/site\/wp-content\/uploads\/2023\/09\/FITNATURE-100x100.png\" class=\"attachment-thumb_100x100 size-thumb_100x100 wp-post-image\" alt=\"Ev\u00e8nement -Fit Nature\" srcset=\"https:\/\/ineditfitness.com\/site\/wp-content\/uploads\/2023\/09\/FITNATURE-100x100.png 100w, https:\/\/ineditfitness.com\/site\/wp-content\/uploads\/2023\/09\/FITNATURE-150x150.png 150w, https:\/\/ineditfitness.com\/site\/wp-content\/uploads\/2023\/09\/FITNATURE-193x193.png 193w, https:\/\/ineditfitness.com\/site\/wp-content\/uploads\/2023\/09\/FITNATURE-231x231.png 231w, https:\/\/ineditfitness.com\/site\/wp-content\/uploads\/2023\/09\/FITNATURE-289x289.png 289w, https:\/\/ineditfitness.com\/site\/wp-content\/uploads\/2023\/09\/FITNATURE-386x386.png 386w, https:\/\/ineditfitness.com\/site\/wp-content\/uploads\/2023\/09\/FITNATURE-80x80.png 80w\" sizes=\"auto, (max-width: 100px) 100vw, 100px\" \/><\/a>\n\t\t\t\t<\/div>\n\t\t\t\t<div class=\"postright\">\n\t\t\t\t\t<h3><a href=\"https:\/\/ineditfitness.com\/site\/evenement-fit-nature\/\" title=\"Ev\u00e8nement -Fit Nature\">Ev\u00e8nement -Fit Nature<\/a><\/h3>\n\t\t\t\t\t\n\t\t\t\t<div class=\"datetime\"><span class=\"icon-calendar fa fa-calendar\"><\/span>29 septembre 2023<\/div>\n\t\t\t\t\n\t\t\t\t\t\n\t\t\t\t<div class=\"comment\"><span class=\"icon-comment fa fa-comment\"><\/span>0 Comments<\/div>\n\t\t\t\t<\/div>\n\t\t\t<\/li>\n\t\t\t<li>\n\t\t\t\t<div class=\"postleft\">\n\t\t\t\t\t<a href=\"https:\/\/ineditfitness.com\/site\/seances-supplementaires-par-visioconference\/\" title=\"S\u00e9ances suppl\u00e9mentaires par visioconf\u00e9rence\"><img loading=\"lazy\" decoding=\"async\" width=\"100\" height=\"100\" src=\"https:\/\/ineditfitness.com\/site\/wp-content\/uploads\/2023\/07\/Gardez-le-rythme-grace-a-la-VOD-22-100x100.png\" class=\"attachment-thumb_100x100 size-thumb_100x100 wp-post-image\" alt=\"S\u00e9ances suppl\u00e9mentaires par visioconf\u00e9rence\" srcset=\"https:\/\/ineditfitness.com\/site\/wp-content\/uploads\/2023\/07\/Gardez-le-rythme-grace-a-la-VOD-22-100x100.png 100w, https:\/\/ineditfitness.com\/site\/wp-content\/uploads\/2023\/07\/Gardez-le-rythme-grace-a-la-VOD-22-150x150.png 150w, https:\/\/ineditfitness.com\/site\/wp-content\/uploads\/2023\/07\/Gardez-le-rythme-grace-a-la-VOD-22-193x193.png 193w, https:\/\/ineditfitness.com\/site\/wp-content\/uploads\/2023\/07\/Gardez-le-rythme-grace-a-la-VOD-22-231x231.png 231w, https:\/\/ineditfitness.com\/site\/wp-content\/uploads\/2023\/07\/Gardez-le-rythme-grace-a-la-VOD-22-289x289.png 289w, https:\/\/ineditfitness.com\/site\/wp-content\/uploads\/2023\/07\/Gardez-le-rythme-grace-a-la-VOD-22-386x386.png 386w, https:\/\/ineditfitness.com\/site\/wp-content\/uploads\/2023\/07\/Gardez-le-rythme-grace-a-la-VOD-22-80x80.png 80w\" sizes=\"auto, (max-width: 100px) 100vw, 100px\" \/><\/a>\n\t\t\t\t<\/div>\n\t\t\t\t<div class=\"postright\">\n\t\t\t\t\t<h3><a href=\"https:\/\/ineditfitness.com\/site\/seances-supplementaires-par-visioconference\/\" title=\"S\u00e9ances suppl\u00e9mentaires par visioconf\u00e9rence\">S\u00e9ances suppl\u00e9mentaires par visioconf\u00e9rence<\/a><\/h3>\n\t\t\t\t\t\n\t\t\t\t<div class=\"datetime\"><span class=\"icon-calendar fa fa-calendar\"><\/span>8 juillet 2023<\/div>\n\t\t\t\t\n\t\t\t\t\t\n\t\t\t\t<div class=\"comment\"><span class=\"icon-comment fa fa-comment\"><\/span>0 Comments<\/div>\n\t\t\t\t<\/div>\n\t\t\t<\/li>\n\t\t\t<li>\n\t\t\t\t<div class=\"postleft\">\n\t\t\t\t\t<a href=\"https:\/\/ineditfitness.com\/site\/sport-enfant\/\" title=\"Sport Enfant\"><img loading=\"lazy\" decoding=\"async\" width=\"100\" height=\"100\" src=\"https:\/\/ineditfitness.com\/site\/wp-content\/uploads\/2023\/06\/training-kids-1-100x100.png\" class=\"attachment-thumb_100x100 size-thumb_100x100 wp-post-image\" alt=\"Sport Enfant\" srcset=\"https:\/\/ineditfitness.com\/site\/wp-content\/uploads\/2023\/06\/training-kids-1-100x100.png 100w, https:\/\/ineditfitness.com\/site\/wp-content\/uploads\/2023\/06\/training-kids-1-150x150.png 150w, https:\/\/ineditfitness.com\/site\/wp-content\/uploads\/2023\/06\/training-kids-1-193x193.png 193w, https:\/\/ineditfitness.com\/site\/wp-content\/uploads\/2023\/06\/training-kids-1-231x231.png 231w, https:\/\/ineditfitness.com\/site\/wp-content\/uploads\/2023\/06\/training-kids-1-289x289.png 289w, https:\/\/ineditfitness.com\/site\/wp-content\/uploads\/2023\/06\/training-kids-1-386x386.png 386w, https:\/\/ineditfitness.com\/site\/wp-content\/uploads\/2023\/06\/training-kids-1-80x80.png 80w\" sizes=\"auto, (max-width: 100px) 100vw, 100px\" \/><\/a>\n\t\t\t\t<\/div>\n\t\t\t\t<div class=\"postright\">\n\t\t\t\t\t<h3><a href=\"https:\/\/ineditfitness.com\/site\/sport-enfant\/\" title=\"Sport Enfant\">Sport Enfant<\/a><\/h3>\n\t\t\t\t\t\n\t\t\t\t<div class=\"datetime\"><span class=\"icon-calendar fa fa-calendar\"><\/span>29 juin 2023<\/div>\n\t\t\t\t\n\t\t\t\t\t\n\t\t\t\t<div class=\"comment\"><span class=\"icon-comment fa fa-comment\"><\/span>0 Comments<\/div>\n\t\t\t\t<\/div>\n\t\t\t<\/li>\n\t\t\t<li>\n\t\t\t\t<div class=\"postleft\">\n\t\t\t\t\t<a href=\"https:\/\/ineditfitness.com\/site\/energie-seance-100-gratuite-en-live\/\" title=\"Energie &#8211; S\u00e9ance 100% gratuite en Live\"><img loading=\"lazy\" decoding=\"async\" width=\"100\" height=\"100\" src=\"https:\/\/ineditfitness.com\/site\/wp-content\/uploads\/2023\/05\/LUTTER-CONTRE-LE-MAL-DE-DOS-8-100x100.png\" class=\"attachment-thumb_100x100 size-thumb_100x100 wp-post-image\" alt=\"Energie &#8211; S\u00e9ance 100% gratuite en Live\" srcset=\"https:\/\/ineditfitness.com\/site\/wp-content\/uploads\/2023\/05\/LUTTER-CONTRE-LE-MAL-DE-DOS-8-100x100.png 100w, https:\/\/ineditfitness.com\/site\/wp-content\/uploads\/2023\/05\/LUTTER-CONTRE-LE-MAL-DE-DOS-8-150x150.png 150w, https:\/\/ineditfitness.com\/site\/wp-content\/uploads\/2023\/05\/LUTTER-CONTRE-LE-MAL-DE-DOS-8-193x193.png 193w, https:\/\/ineditfitness.com\/site\/wp-content\/uploads\/2023\/05\/LUTTER-CONTRE-LE-MAL-DE-DOS-8-231x231.png 231w, https:\/\/ineditfitness.com\/site\/wp-content\/uploads\/2023\/05\/LUTTER-CONTRE-LE-MAL-DE-DOS-8-289x289.png 289w, https:\/\/ineditfitness.com\/site\/wp-content\/uploads\/2023\/05\/LUTTER-CONTRE-LE-MAL-DE-DOS-8-386x386.png 386w, https:\/\/ineditfitness.com\/site\/wp-content\/uploads\/2023\/05\/LUTTER-CONTRE-LE-MAL-DE-DOS-8-80x80.png 80w\" sizes=\"auto, (max-width: 100px) 100vw, 100px\" \/><\/a>\n\t\t\t\t<\/div>\n\t\t\t\t<div class=\"postright\">\n\t\t\t\t\t<h3><a href=\"https:\/\/ineditfitness.com\/site\/energie-seance-100-gratuite-en-live\/\" title=\"Energie &#8211; S\u00e9ance 100% gratuite en Live\">Energie &#8211; S\u00e9ance 100% gratuite en Live<\/a><\/h3>\n\t\t\t\t\t\n\t\t\t\t<div class=\"datetime\"><span class=\"icon-calendar fa fa-calendar\"><\/span>24 mai 2023<\/div>\n\t\t\t\t\n\t\t\t\t\t\n\t\t\t\t<div class=\"comment\"><span class=\"icon-comment fa fa-comment\"><\/span>0 Comments<\/div>\n\t\t\t\t<\/div>\n\t\t\t<\/li>\n\t\t\t<li>\n\t\t\t\t<div class=\"postleft\">\n\t\t\t\t\t<a href=\"https:\/\/ineditfitness.com\/site\/stress-seance-100-gratuite-en-live\/\" title=\"Stress &#8211; S\u00e9ance 100% gratuite en Live\"><img loading=\"lazy\" decoding=\"async\" width=\"100\" height=\"100\" src=\"https:\/\/ineditfitness.com\/site\/wp-content\/uploads\/2023\/04\/LUTTER-CONTRE-LE-MAL-DE-DOS-6-100x100.png\" class=\"attachment-thumb_100x100 size-thumb_100x100 wp-post-image\" alt=\"Stress &#8211; S\u00e9ance 100% gratuite en Live\" srcset=\"https:\/\/ineditfitness.com\/site\/wp-content\/uploads\/2023\/04\/LUTTER-CONTRE-LE-MAL-DE-DOS-6-100x100.png 100w, https:\/\/ineditfitness.com\/site\/wp-content\/uploads\/2023\/04\/LUTTER-CONTRE-LE-MAL-DE-DOS-6-150x150.png 150w, https:\/\/ineditfitness.com\/site\/wp-content\/uploads\/2023\/04\/LUTTER-CONTRE-LE-MAL-DE-DOS-6-193x193.png 193w, https:\/\/ineditfitness.com\/site\/wp-content\/uploads\/2023\/04\/LUTTER-CONTRE-LE-MAL-DE-DOS-6-231x231.png 231w, https:\/\/ineditfitness.com\/site\/wp-content\/uploads\/2023\/04\/LUTTER-CONTRE-LE-MAL-DE-DOS-6-289x289.png 289w, https:\/\/ineditfitness.com\/site\/wp-content\/uploads\/2023\/04\/LUTTER-CONTRE-LE-MAL-DE-DOS-6-386x386.png 386w, https:\/\/ineditfitness.com\/site\/wp-content\/uploads\/2023\/04\/LUTTER-CONTRE-LE-MAL-DE-DOS-6-80x80.png 80w\" sizes=\"auto, (max-width: 100px) 100vw, 100px\" \/><\/a>\n\t\t\t\t<\/div>\n\t\t\t\t<div class=\"postright\">\n\t\t\t\t\t<h3><a href=\"https:\/\/ineditfitness.com\/site\/stress-seance-100-gratuite-en-live\/\" title=\"Stress &#8211; S\u00e9ance 100% gratuite en Live\">Stress &#8211; S\u00e9ance 100% gratuite en Live<\/a><\/h3>\n\t\t\t\t\t\n\t\t\t\t<div class=\"datetime\"><span class=\"icon-calendar fa fa-calendar\"><\/span>22 avril 2023<\/div>\n\t\t\t\t\n\t\t\t\t\t\n\t\t\t\t<div class=\"comment\"><span class=\"icon-comment fa fa-comment\"><\/span>0 Comments<\/div>\n\t\t\t\t<\/div>\n\t\t\t<\/li>\n\t\t\t<li>\n\t\t\t\t<div class=\"postleft\">\n\t\t\t\t\t<a href=\"https:\/\/ineditfitness.com\/site\/video-conseils-une-bonne-posture-au-quotidien-2\/\" title=\"Vid\u00e9o conseils &#8211; Une bonne posture au quotidien\"><img loading=\"lazy\" decoding=\"async\" width=\"100\" height=\"100\" src=\"https:\/\/ineditfitness.com\/site\/wp-content\/uploads\/2022\/03\/INEDIT-FITNESS-2-100x100.png\" class=\"attachment-thumb_100x100 size-thumb_100x100 wp-post-image\" alt=\"Vid\u00e9o conseils &#8211; Une bonne posture au quotidien\" srcset=\"https:\/\/ineditfitness.com\/site\/wp-content\/uploads\/2022\/03\/INEDIT-FITNESS-2-100x100.png 100w, https:\/\/ineditfitness.com\/site\/wp-content\/uploads\/2022\/03\/INEDIT-FITNESS-2-150x150.png 150w, https:\/\/ineditfitness.com\/site\/wp-content\/uploads\/2022\/03\/INEDIT-FITNESS-2-193x193.png 193w, https:\/\/ineditfitness.com\/site\/wp-content\/uploads\/2022\/03\/INEDIT-FITNESS-2-231x231.png 231w, https:\/\/ineditfitness.com\/site\/wp-content\/uploads\/2022\/03\/INEDIT-FITNESS-2-289x289.png 289w, https:\/\/ineditfitness.com\/site\/wp-content\/uploads\/2022\/03\/INEDIT-FITNESS-2-386x386.png 386w, https:\/\/ineditfitness.com\/site\/wp-content\/uploads\/2022\/03\/INEDIT-FITNESS-2-80x80.png 80w\" sizes=\"auto, (max-width: 100px) 100vw, 100px\" \/><\/a>\n\t\t\t\t<\/div>\n\t\t\t\t<div class=\"postright\">\n\t\t\t\t\t<h3><a href=\"https:\/\/ineditfitness.com\/site\/video-conseils-une-bonne-posture-au-quotidien-2\/\" title=\"Vid\u00e9o conseils &#8211; Une bonne posture au quotidien\">Vid\u00e9o conseils &#8211; Une bonne posture au quotidien<\/a><\/h3>\n\t\t\t\t\t\n\t\t\t\t<div class=\"datetime\"><span class=\"icon-calendar fa fa-calendar\"><\/span>30 mars 2023<\/div>\n\t\t\t\t\n\t\t\t\t\t\n\t\t\t\t<div class=\"comment\"><span class=\"icon-comment fa fa-comment\"><\/span>0 Comments<\/div>\n\t\t\t\t<\/div>\n\t\t\t<\/li>\n\t\t\t<li>\n\t\t\t\t<div class=\"postleft\">\n\t\t\t\t\t<a href=\"https:\/\/ineditfitness.com\/site\/mal-de-dos-seance-100-gratuite-en-live-2\/\" title=\"Mal de dos &#8211; S\u00e9ance 100% gratuite en Live\"><img loading=\"lazy\" decoding=\"async\" width=\"100\" height=\"100\" src=\"https:\/\/ineditfitness.com\/site\/wp-content\/uploads\/2023\/03\/LUTTER-CONTRE-LE-MAL-DE-DOS-4-100x100.png\" class=\"attachment-thumb_100x100 size-thumb_100x100 wp-post-image\" alt=\"Mal de dos &#8211; S\u00e9ance 100% gratuite en Live\" srcset=\"https:\/\/ineditfitness.com\/site\/wp-content\/uploads\/2023\/03\/LUTTER-CONTRE-LE-MAL-DE-DOS-4-100x100.png 100w, https:\/\/ineditfitness.com\/site\/wp-content\/uploads\/2023\/03\/LUTTER-CONTRE-LE-MAL-DE-DOS-4-150x150.png 150w, https:\/\/ineditfitness.com\/site\/wp-content\/uploads\/2023\/03\/LUTTER-CONTRE-LE-MAL-DE-DOS-4-193x193.png 193w, https:\/\/ineditfitness.com\/site\/wp-content\/uploads\/2023\/03\/LUTTER-CONTRE-LE-MAL-DE-DOS-4-231x231.png 231w, https:\/\/ineditfitness.com\/site\/wp-content\/uploads\/2023\/03\/LUTTER-CONTRE-LE-MAL-DE-DOS-4-289x289.png 289w, https:\/\/ineditfitness.com\/site\/wp-content\/uploads\/2023\/03\/LUTTER-CONTRE-LE-MAL-DE-DOS-4-386x386.png 386w, https:\/\/ineditfitness.com\/site\/wp-content\/uploads\/2023\/03\/LUTTER-CONTRE-LE-MAL-DE-DOS-4-80x80.png 80w\" sizes=\"auto, (max-width: 100px) 100vw, 100px\" \/><\/a>\n\t\t\t\t<\/div>\n\t\t\t\t<div class=\"postright\">\n\t\t\t\t\t<h3><a href=\"https:\/\/ineditfitness.com\/site\/mal-de-dos-seance-100-gratuite-en-live-2\/\" title=\"Mal de dos &#8211; S\u00e9ance 100% gratuite en Live\">Mal de dos &#8211; S\u00e9ance 100% gratuite en Live<\/a><\/h3>\n\t\t\t\t\t\n\t\t\t\t<div class=\"datetime\"><span class=\"icon-calendar fa fa-calendar\"><\/span>25 mars 2023<\/div>\n\t\t\t\t\n\t\t\t\t\t\n\t\t\t\t<div class=\"comment\"><span class=\"icon-comment fa fa-comment\"><\/span>0 Comments<\/div>\n\t\t\t\t<\/div>\n\t\t\t<\/li>\n\t\t\t<li>\n\t\t\t\t<div class=\"postleft\">\n\t\t\t\t\t<a href=\"https:\/\/ineditfitness.com\/site\/5-conseils-pour-vous-sentir-bien-dans-votre-tete\/\" title=\"5 conseils pour vous sentir bien dans votre t\u00eate\"><img loading=\"lazy\" decoding=\"async\" width=\"100\" height=\"100\" src=\"https:\/\/ineditfitness.com\/site\/wp-content\/uploads\/2023\/01\/5-CONSEILS-100x100.jpg\" class=\"attachment-thumb_100x100 size-thumb_100x100 wp-post-image\" alt=\"5 conseils pour vous sentir bien dans votre t\u00eate\" srcset=\"https:\/\/ineditfitness.com\/site\/wp-content\/uploads\/2023\/01\/5-CONSEILS-100x100.jpg 100w, https:\/\/ineditfitness.com\/site\/wp-content\/uploads\/2023\/01\/5-CONSEILS-150x150.jpg 150w, https:\/\/ineditfitness.com\/site\/wp-content\/uploads\/2023\/01\/5-CONSEILS-193x193.jpg 193w, https:\/\/ineditfitness.com\/site\/wp-content\/uploads\/2023\/01\/5-CONSEILS-231x231.jpg 231w, https:\/\/ineditfitness.com\/site\/wp-content\/uploads\/2023\/01\/5-CONSEILS-289x289.jpg 289w, https:\/\/ineditfitness.com\/site\/wp-content\/uploads\/2023\/01\/5-CONSEILS-386x386.jpg 386w, https:\/\/ineditfitness.com\/site\/wp-content\/uploads\/2023\/01\/5-CONSEILS-80x80.jpg 80w\" sizes=\"auto, (max-width: 100px) 100vw, 100px\" \/><\/a>\n\t\t\t\t<\/div>\n\t\t\t\t<div class=\"postright\">\n\t\t\t\t\t<h3><a href=\"https:\/\/ineditfitness.com\/site\/5-conseils-pour-vous-sentir-bien-dans-votre-tete\/\" title=\"5 conseils pour vous sentir bien dans votre t\u00eate\">5 conseils pour vous sentir bien dans votre t\u00eate<\/a><\/h3>\n\t\t\t\t\t\n\t\t\t\t<div class=\"datetime\"><span class=\"icon-calendar fa fa-calendar\"><\/span>26 janvier 2023<\/div>\n\t\t\t\t\n\t\t\t\t\t\n\t\t\t\t<div class=\"comment\"><span class=\"icon-comment fa fa-comment\"><\/span>0 Comments<\/div>\n\t\t\t\t<\/div>\n\t\t\t<\/li>\n\t\t\t<li>\n\t\t\t\t<div class=\"postleft\">\n\t\t\t\t\t<a href=\"https:\/\/ineditfitness.com\/site\/8ieme-anniversaire-seance-privee-offerte\/\" title=\"8i\u00e8me anniversaire &#8211; S\u00e9ance priv\u00e9e offerte\"><img loading=\"lazy\" decoding=\"async\" width=\"100\" height=\"100\" src=\"https:\/\/ineditfitness.com\/site\/wp-content\/uploads\/2023\/01\/seance-privee-offerte-100x100.jpg\" class=\"attachment-thumb_100x100 size-thumb_100x100 wp-post-image\" alt=\"8i\u00e8me anniversaire &#8211; S\u00e9ance priv\u00e9e offerte\" srcset=\"https:\/\/ineditfitness.com\/site\/wp-content\/uploads\/2023\/01\/seance-privee-offerte-100x100.jpg 100w, https:\/\/ineditfitness.com\/site\/wp-content\/uploads\/2023\/01\/seance-privee-offerte-150x150.jpg 150w, https:\/\/ineditfitness.com\/site\/wp-content\/uploads\/2023\/01\/seance-privee-offerte-193x193.jpg 193w, https:\/\/ineditfitness.com\/site\/wp-content\/uploads\/2023\/01\/seance-privee-offerte-231x231.jpg 231w, https:\/\/ineditfitness.com\/site\/wp-content\/uploads\/2023\/01\/seance-privee-offerte-289x289.jpg 289w, https:\/\/ineditfitness.com\/site\/wp-content\/uploads\/2023\/01\/seance-privee-offerte-386x386.jpg 386w, https:\/\/ineditfitness.com\/site\/wp-content\/uploads\/2023\/01\/seance-privee-offerte-80x80.jpg 80w\" sizes=\"auto, (max-width: 100px) 100vw, 100px\" \/><\/a>\n\t\t\t\t<\/div>\n\t\t\t\t<div class=\"postright\">\n\t\t\t\t\t<h3><a href=\"https:\/\/ineditfitness.com\/site\/8ieme-anniversaire-seance-privee-offerte\/\" title=\"8i\u00e8me anniversaire &#8211; S\u00e9ance priv\u00e9e offerte\">8i\u00e8me anniversaire &#8211; S\u00e9ance priv\u00e9e offerte<\/a><\/h3>\n\t\t\t\t\t\n\t\t\t\t<div class=\"datetime\"><span class=\"icon-calendar fa fa-calendar\"><\/span>6 janvier 2023<\/div>\n\t\t\t\t\n\t\t\t\t\t\n\t\t\t\t<div class=\"comment\"><span class=\"icon-comment fa fa-comment\"><\/span>0 Comments<\/div>\n\t\t\t\t<\/div>\n\t\t\t<\/li>\n\t\t\t<li>\n\t\t\t\t<div class=\"postleft\">\n\t\t\t\t\t<a href=\"https:\/\/ineditfitness.com\/site\/seance-parent-enfant-en-exterieur\/\" title=\"S\u00e9ance Parent\/enfant en ext\u00e9rieur\"><img loading=\"lazy\" decoding=\"async\" width=\"100\" height=\"100\" src=\"https:\/\/ineditfitness.com\/site\/wp-content\/uploads\/2022\/10\/REJOIGNEZ-UN-NOUVEAU-CONCEPT-5-100x100.jpg\" class=\"attachment-thumb_100x100 size-thumb_100x100 wp-post-image\" alt=\"S\u00e9ance Parent\/enfant en ext\u00e9rieur\" srcset=\"https:\/\/ineditfitness.com\/site\/wp-content\/uploads\/2022\/10\/REJOIGNEZ-UN-NOUVEAU-CONCEPT-5-100x100.jpg 100w, https:\/\/ineditfitness.com\/site\/wp-content\/uploads\/2022\/10\/REJOIGNEZ-UN-NOUVEAU-CONCEPT-5-150x150.jpg 150w, https:\/\/ineditfitness.com\/site\/wp-content\/uploads\/2022\/10\/REJOIGNEZ-UN-NOUVEAU-CONCEPT-5-193x193.jpg 193w, https:\/\/ineditfitness.com\/site\/wp-content\/uploads\/2022\/10\/REJOIGNEZ-UN-NOUVEAU-CONCEPT-5-231x231.jpg 231w, https:\/\/ineditfitness.com\/site\/wp-content\/uploads\/2022\/10\/REJOIGNEZ-UN-NOUVEAU-CONCEPT-5-289x289.jpg 289w, https:\/\/ineditfitness.com\/site\/wp-content\/uploads\/2022\/10\/REJOIGNEZ-UN-NOUVEAU-CONCEPT-5-386x386.jpg 386w, https:\/\/ineditfitness.com\/site\/wp-content\/uploads\/2022\/10\/REJOIGNEZ-UN-NOUVEAU-CONCEPT-5-80x80.jpg 80w\" sizes=\"auto, (max-width: 100px) 100vw, 100px\" \/><\/a>\n\t\t\t\t<\/div>\n\t\t\t\t<div class=\"postright\">\n\t\t\t\t\t<h3><a href=\"https:\/\/ineditfitness.com\/site\/seance-parent-enfant-en-exterieur\/\" title=\"S\u00e9ance Parent\/enfant en ext\u00e9rieur\">S\u00e9ance Parent\/enfant en ext\u00e9rieur<\/a><\/h3>\n\t\t\t\t\t\n\t\t\t\t<div class=\"datetime\"><span class=\"icon-calendar fa fa-calendar\"><\/span>7 octobre 2022<\/div>\n\t\t\t\t\n\t\t\t\t\t\n\t\t\t\t<div class=\"comment\"><span class=\"icon-comment fa fa-comment\"><\/span>0 Comments<\/div>\n\t\t\t\t<\/div>\n\t\t\t<\/li>\n\t\t\t<li>\n\t\t\t\t<div class=\"postleft\">\n\t\t\t\t\t<a href=\"https:\/\/ineditfitness.com\/site\/rdv-conseils-personnalises-pour-lutter-contre-le-mal-de-dos\/\" title=\"RDV &#8211; Conseils personnalis\u00e9s pour lutter contre le mal de dos\"><img loading=\"lazy\" decoding=\"async\" width=\"100\" height=\"100\" src=\"https:\/\/ineditfitness.com\/site\/wp-content\/uploads\/2022\/09\/Lachez-prise-58-100x100.png\" class=\"attachment-thumb_100x100 size-thumb_100x100 wp-post-image\" alt=\"RDV &#8211; Conseils personnalis\u00e9s pour lutter contre le mal de dos\" srcset=\"https:\/\/ineditfitness.com\/site\/wp-content\/uploads\/2022\/09\/Lachez-prise-58-100x100.png 100w, https:\/\/ineditfitness.com\/site\/wp-content\/uploads\/2022\/09\/Lachez-prise-58-150x150.png 150w, https:\/\/ineditfitness.com\/site\/wp-content\/uploads\/2022\/09\/Lachez-prise-58-193x193.png 193w, https:\/\/ineditfitness.com\/site\/wp-content\/uploads\/2022\/09\/Lachez-prise-58-231x231.png 231w, https:\/\/ineditfitness.com\/site\/wp-content\/uploads\/2022\/09\/Lachez-prise-58-289x289.png 289w, https:\/\/ineditfitness.com\/site\/wp-content\/uploads\/2022\/09\/Lachez-prise-58-386x386.png 386w, https:\/\/ineditfitness.com\/site\/wp-content\/uploads\/2022\/09\/Lachez-prise-58-80x80.png 80w\" sizes=\"auto, (max-width: 100px) 100vw, 100px\" \/><\/a>\n\t\t\t\t<\/div>\n\t\t\t\t<div class=\"postright\">\n\t\t\t\t\t<h3><a href=\"https:\/\/ineditfitness.com\/site\/rdv-conseils-personnalises-pour-lutter-contre-le-mal-de-dos\/\" title=\"RDV &#8211; Conseils personnalis\u00e9s pour lutter contre le mal de dos\">RDV &#8211; Conseils personnalis\u00e9s pour lutter contre le mal de dos<\/a><\/h3>\n\t\t\t\t\t\n\t\t\t\t<div class=\"datetime\"><span class=\"icon-calendar fa fa-calendar\"><\/span>23 septembre 2022<\/div>\n\t\t\t\t\n\t\t\t\t\t\n\t\t\t\t<div class=\"comment\"><span class=\"icon-comment fa fa-comment\"><\/span>0 Comments<\/div>\n\t\t\t\t<\/div>\n\t\t\t<\/li>\n\t\t\t<li>\n\t\t\t\t<div class=\"postleft\">\n\t\t\t\t\t<a href=\"https:\/\/ineditfitness.com\/site\/rdv-conseils-personnalises-pour-lutter-contre-linsomnie\/\" title=\"RDV &#8211; Conseils personnalis\u00e9s pour lutter contre l&rsquo;insomnie\"><img loading=\"lazy\" decoding=\"async\" width=\"100\" height=\"100\" src=\"https:\/\/ineditfitness.com\/site\/wp-content\/uploads\/2022\/06\/Lachez-prise-67-100x100.png\" class=\"attachment-thumb_100x100 size-thumb_100x100 wp-post-image\" alt=\"RDV &#8211; Conseils personnalis\u00e9s pour lutter contre l&rsquo;insomnie\" srcset=\"https:\/\/ineditfitness.com\/site\/wp-content\/uploads\/2022\/06\/Lachez-prise-67-100x100.png 100w, https:\/\/ineditfitness.com\/site\/wp-content\/uploads\/2022\/06\/Lachez-prise-67-150x150.png 150w, https:\/\/ineditfitness.com\/site\/wp-content\/uploads\/2022\/06\/Lachez-prise-67-193x193.png 193w, https:\/\/ineditfitness.com\/site\/wp-content\/uploads\/2022\/06\/Lachez-prise-67-231x231.png 231w, https:\/\/ineditfitness.com\/site\/wp-content\/uploads\/2022\/06\/Lachez-prise-67-289x289.png 289w, https:\/\/ineditfitness.com\/site\/wp-content\/uploads\/2022\/06\/Lachez-prise-67-386x386.png 386w, https:\/\/ineditfitness.com\/site\/wp-content\/uploads\/2022\/06\/Lachez-prise-67-80x80.png 80w\" sizes=\"auto, (max-width: 100px) 100vw, 100px\" \/><\/a>\n\t\t\t\t<\/div>\n\t\t\t\t<div class=\"postright\">\n\t\t\t\t\t<h3><a href=\"https:\/\/ineditfitness.com\/site\/rdv-conseils-personnalises-pour-lutter-contre-linsomnie\/\" title=\"RDV &#8211; Conseils personnalis\u00e9s pour lutter contre l&rsquo;insomnie\">RDV &#8211; Conseils personnalis\u00e9s pour lutter contre l&rsquo;insomnie<\/a><\/h3>\n\t\t\t\t\t\n\t\t\t\t<div class=\"datetime\"><span class=\"icon-calendar fa fa-calendar\"><\/span>24 juin 2022<\/div>\n\t\t\t\t\n\t\t\t\t\t\n\t\t\t\t<div class=\"comment\"><span class=\"icon-comment fa fa-comment\"><\/span>0 Comments<\/div>\n\t\t\t\t<\/div>\n\t\t\t<\/li>\n\t\t\t<li>\n\t\t\t\t<div class=\"postleft\">\n\t\t\t\t\t<a href=\"https:\/\/ineditfitness.com\/site\/audio-exercice-pour-lutter-contre-linsomnie\/\" title=\"Audio &#8211; Exercice pour lutter contre l&rsquo;insomnie\"><img loading=\"lazy\" decoding=\"async\" width=\"100\" height=\"100\" src=\"https:\/\/ineditfitness.com\/site\/wp-content\/uploads\/2022\/06\/Capture-decran-2022-06-16-122720-100x100.jpg\" class=\"attachment-thumb_100x100 size-thumb_100x100 wp-post-image\" alt=\"Audio &#8211; Exercice pour lutter contre l&rsquo;insomnie\" srcset=\"https:\/\/ineditfitness.com\/site\/wp-content\/uploads\/2022\/06\/Capture-decran-2022-06-16-122720-100x100.jpg 100w, https:\/\/ineditfitness.com\/site\/wp-content\/uploads\/2022\/06\/Capture-decran-2022-06-16-122720-150x150.jpg 150w, https:\/\/ineditfitness.com\/site\/wp-content\/uploads\/2022\/06\/Capture-decran-2022-06-16-122720-193x193.jpg 193w, https:\/\/ineditfitness.com\/site\/wp-content\/uploads\/2022\/06\/Capture-decran-2022-06-16-122720-231x231.jpg 231w, https:\/\/ineditfitness.com\/site\/wp-content\/uploads\/2022\/06\/Capture-decran-2022-06-16-122720-289x289.jpg 289w, https:\/\/ineditfitness.com\/site\/wp-content\/uploads\/2022\/06\/Capture-decran-2022-06-16-122720-386x386.jpg 386w, https:\/\/ineditfitness.com\/site\/wp-content\/uploads\/2022\/06\/Capture-decran-2022-06-16-122720-80x80.jpg 80w\" sizes=\"auto, (max-width: 100px) 100vw, 100px\" \/><\/a>\n\t\t\t\t<\/div>\n\t\t\t\t<div class=\"postright\">\n\t\t\t\t\t<h3><a href=\"https:\/\/ineditfitness.com\/site\/audio-exercice-pour-lutter-contre-linsomnie\/\" title=\"Audio &#8211; Exercice pour lutter contre l&rsquo;insomnie\">Audio &#8211; Exercice pour lutter contre l&rsquo;insomnie<\/a><\/h3>\n\t\t\t\t\t\n\t\t\t\t<div class=\"datetime\"><span class=\"icon-calendar fa fa-calendar\"><\/span>16 juin 2022<\/div>\n\t\t\t\t\n\t\t\t\t\t\n\t\t\t\t<div class=\"comment\"><span class=\"icon-comment fa fa-comment\"><\/span>0 Comments<\/div>\n\t\t\t\t<\/div>\n\t\t\t<\/li>\n\t\t\t<li>\n\t\t\t\t<div class=\"postleft\">\n\t\t\t\t\t<a href=\"https:\/\/ineditfitness.com\/site\/podcast-conseils-pour-lutter-contre-linsomnie\/\" title=\"Podcast &#8211; Conseils pour lutter contre l&rsquo;insomnie\"><img loading=\"lazy\" decoding=\"async\" width=\"100\" height=\"100\" src=\"https:\/\/ineditfitness.com\/site\/wp-content\/uploads\/2022\/03\/INEDIT-FITNESS-100x100.png\" class=\"attachment-thumb_100x100 size-thumb_100x100 wp-post-image\" alt=\"Podcast &#8211; Conseils pour lutter contre l&rsquo;insomnie\" srcset=\"https:\/\/ineditfitness.com\/site\/wp-content\/uploads\/2022\/03\/INEDIT-FITNESS-100x100.png 100w, https:\/\/ineditfitness.com\/site\/wp-content\/uploads\/2022\/03\/INEDIT-FITNESS-150x150.png 150w, https:\/\/ineditfitness.com\/site\/wp-content\/uploads\/2022\/03\/INEDIT-FITNESS-193x193.png 193w, https:\/\/ineditfitness.com\/site\/wp-content\/uploads\/2022\/03\/INEDIT-FITNESS-231x231.png 231w, https:\/\/ineditfitness.com\/site\/wp-content\/uploads\/2022\/03\/INEDIT-FITNESS-289x289.png 289w, https:\/\/ineditfitness.com\/site\/wp-content\/uploads\/2022\/03\/INEDIT-FITNESS-386x386.png 386w, https:\/\/ineditfitness.com\/site\/wp-content\/uploads\/2022\/03\/INEDIT-FITNESS-80x80.png 80w\" sizes=\"auto, (max-width: 100px) 100vw, 100px\" \/><\/a>\n\t\t\t\t<\/div>\n\t\t\t\t<div class=\"postright\">\n\t\t\t\t\t<h3><a href=\"https:\/\/ineditfitness.com\/site\/podcast-conseils-pour-lutter-contre-linsomnie\/\" title=\"Podcast &#8211; Conseils pour lutter contre l&rsquo;insomnie\">Podcast &#8211; Conseils pour lutter contre l&rsquo;insomnie<\/a><\/h3>\n\t\t\t\t\t\n\t\t\t\t<div class=\"datetime\"><span class=\"icon-calendar fa fa-calendar\"><\/span>9 juin 2022<\/div>\n\t\t\t\t\n\t\t\t\t\t\n\t\t\t\t<div class=\"comment\"><span class=\"icon-comment fa fa-comment\"><\/span>0 Comments<\/div>\n\t\t\t\t<\/div>\n\t\t\t<\/li>\n\t\t\t<li>\n\t\t\t\t<div class=\"postleft\">\n\t\t\t\t\t<a href=\"https:\/\/ineditfitness.com\/site\/rdv-conseils-personnalises-pour-augmenter-son-energie\/\" title=\"RDV &#8211; Conseils personnalis\u00e9s pour augmenter son \u00e9nergie\"><img loading=\"lazy\" decoding=\"async\" width=\"100\" height=\"100\" src=\"https:\/\/ineditfitness.com\/site\/wp-content\/uploads\/2022\/05\/Lachez-prise-62-100x100.png\" class=\"attachment-thumb_100x100 size-thumb_100x100 wp-post-image\" alt=\"RDV &#8211; Conseils personnalis\u00e9s pour augmenter son \u00e9nergie\" srcset=\"https:\/\/ineditfitness.com\/site\/wp-content\/uploads\/2022\/05\/Lachez-prise-62-100x100.png 100w, https:\/\/ineditfitness.com\/site\/wp-content\/uploads\/2022\/05\/Lachez-prise-62-150x150.png 150w, https:\/\/ineditfitness.com\/site\/wp-content\/uploads\/2022\/05\/Lachez-prise-62-193x193.png 193w, https:\/\/ineditfitness.com\/site\/wp-content\/uploads\/2022\/05\/Lachez-prise-62-231x231.png 231w, https:\/\/ineditfitness.com\/site\/wp-content\/uploads\/2022\/05\/Lachez-prise-62-289x289.png 289w, https:\/\/ineditfitness.com\/site\/wp-content\/uploads\/2022\/05\/Lachez-prise-62-386x386.png 386w, https:\/\/ineditfitness.com\/site\/wp-content\/uploads\/2022\/05\/Lachez-prise-62-80x80.png 80w\" sizes=\"auto, (max-width: 100px) 100vw, 100px\" \/><\/a>\n\t\t\t\t<\/div>\n\t\t\t\t<div class=\"postright\">\n\t\t\t\t\t<h3><a href=\"https:\/\/ineditfitness.com\/site\/rdv-conseils-personnalises-pour-augmenter-son-energie\/\" title=\"RDV &#8211; Conseils personnalis\u00e9s pour augmenter son \u00e9nergie\">RDV &#8211; Conseils personnalis\u00e9s pour augmenter son \u00e9nergie<\/a><\/h3>\n\t\t\t\t\t\n\t\t\t\t<div class=\"datetime\"><span class=\"icon-calendar fa fa-calendar\"><\/span>27 mai 2022<\/div>\n\t\t\t\t\n\t\t\t\t\t\n\t\t\t\t<div class=\"comment\"><span class=\"icon-comment fa fa-comment\"><\/span>0 Comments<\/div>\n\t\t\t\t<\/div>\n\t\t\t<\/li>\n\t\t\t<li>\n\t\t\t\t<div class=\"postleft\">\n\t\t\t\t\t<a href=\"https:\/\/ineditfitness.com\/site\/video-exercice-pour-augmenter-son-energie\/\" title=\"Vid\u00e9o &#8211; Exercice pour augmenter son \u00e9nergie\"><img loading=\"lazy\" decoding=\"async\" width=\"100\" height=\"100\" src=\"https:\/\/ineditfitness.com\/site\/wp-content\/uploads\/2022\/05\/INEDIT-FITNESS-12-100x100.png\" class=\"attachment-thumb_100x100 size-thumb_100x100 wp-post-image\" alt=\"Vid\u00e9o &#8211; Exercice pour augmenter son \u00e9nergie\" srcset=\"https:\/\/ineditfitness.com\/site\/wp-content\/uploads\/2022\/05\/INEDIT-FITNESS-12-100x100.png 100w, https:\/\/ineditfitness.com\/site\/wp-content\/uploads\/2022\/05\/INEDIT-FITNESS-12-150x150.png 150w, https:\/\/ineditfitness.com\/site\/wp-content\/uploads\/2022\/05\/INEDIT-FITNESS-12-193x193.png 193w, https:\/\/ineditfitness.com\/site\/wp-content\/uploads\/2022\/05\/INEDIT-FITNESS-12-231x231.png 231w, https:\/\/ineditfitness.com\/site\/wp-content\/uploads\/2022\/05\/INEDIT-FITNESS-12-289x289.png 289w, https:\/\/ineditfitness.com\/site\/wp-content\/uploads\/2022\/05\/INEDIT-FITNESS-12-386x386.png 386w, https:\/\/ineditfitness.com\/site\/wp-content\/uploads\/2022\/05\/INEDIT-FITNESS-12-80x80.png 80w\" sizes=\"auto, (max-width: 100px) 100vw, 100px\" \/><\/a>\n\t\t\t\t<\/div>\n\t\t\t\t<div class=\"postright\">\n\t\t\t\t\t<h3><a href=\"https:\/\/ineditfitness.com\/site\/video-exercice-pour-augmenter-son-energie\/\" title=\"Vid\u00e9o &#8211; Exercice pour augmenter son \u00e9nergie\">Vid\u00e9o &#8211; Exercice pour augmenter son \u00e9nergie<\/a><\/h3>\n\t\t\t\t\t\n\t\t\t\t<div class=\"datetime\"><span class=\"icon-calendar fa fa-calendar\"><\/span>19 mai 2022<\/div>\n\t\t\t\t\n\t\t\t\t\t\n\t\t\t\t<div class=\"comment\"><span class=\"icon-comment fa fa-comment\"><\/span>0 Comments<\/div>\n\t\t\t\t<\/div>\n\t\t\t<\/li>\n\t\t\t<li>\n\t\t\t\t<div class=\"postleft\">\n\t\t\t\t\t<a href=\"https:\/\/ineditfitness.com\/site\/podcast-conseils-pour-lutter-contre-le-manque-denergie\/\" title=\"Podcast &#8211; Conseils pour augmenter son \u00e9nergie\"><img loading=\"lazy\" decoding=\"async\" width=\"100\" height=\"100\" src=\"https:\/\/ineditfitness.com\/site\/wp-content\/uploads\/2022\/03\/INEDIT-FITNESS-100x100.png\" class=\"attachment-thumb_100x100 size-thumb_100x100 wp-post-image\" alt=\"Podcast &#8211; Conseils pour augmenter son \u00e9nergie\" srcset=\"https:\/\/ineditfitness.com\/site\/wp-content\/uploads\/2022\/03\/INEDIT-FITNESS-100x100.png 100w, https:\/\/ineditfitness.com\/site\/wp-content\/uploads\/2022\/03\/INEDIT-FITNESS-150x150.png 150w, https:\/\/ineditfitness.com\/site\/wp-content\/uploads\/2022\/03\/INEDIT-FITNESS-193x193.png 193w, https:\/\/ineditfitness.com\/site\/wp-content\/uploads\/2022\/03\/INEDIT-FITNESS-231x231.png 231w, https:\/\/ineditfitness.com\/site\/wp-content\/uploads\/2022\/03\/INEDIT-FITNESS-289x289.png 289w, https:\/\/ineditfitness.com\/site\/wp-content\/uploads\/2022\/03\/INEDIT-FITNESS-386x386.png 386w, https:\/\/ineditfitness.com\/site\/wp-content\/uploads\/2022\/03\/INEDIT-FITNESS-80x80.png 80w\" sizes=\"auto, (max-width: 100px) 100vw, 100px\" \/><\/a>\n\t\t\t\t<\/div>\n\t\t\t\t<div class=\"postright\">\n\t\t\t\t\t<h3><a href=\"https:\/\/ineditfitness.com\/site\/podcast-conseils-pour-lutter-contre-le-manque-denergie\/\" title=\"Podcast &#8211; Conseils pour augmenter son \u00e9nergie\">Podcast &#8211; Conseils pour augmenter son \u00e9nergie<\/a><\/h3>\n\t\t\t\t\t\n\t\t\t\t<div class=\"datetime\"><span class=\"icon-calendar fa fa-calendar\"><\/span>12 mai 2022<\/div>\n\t\t\t\t\n\t\t\t\t\t\n\t\t\t\t<div class=\"comment\"><span class=\"icon-comment fa fa-comment\"><\/span>0 Comments<\/div>\n\t\t\t\t<\/div>\n\t\t\t<\/li>\n\t\t\t<li>\n\t\t\t\t<div class=\"postleft\">\n\t\t\t\t\t<a href=\"https:\/\/ineditfitness.com\/site\/rdv-conseils-personnalises-pour-lutter-contre-le-stress\/\" title=\"RDV &#8211; Conseils personnalis\u00e9s pour lutter contre le stress\"><img loading=\"lazy\" decoding=\"async\" width=\"100\" height=\"100\" src=\"https:\/\/ineditfitness.com\/site\/wp-content\/uploads\/2022\/04\/Lachez-prise-59-100x100.png\" class=\"attachment-thumb_100x100 size-thumb_100x100 wp-post-image\" alt=\"RDV &#8211; Conseils personnalis\u00e9s pour lutter contre le stress\" srcset=\"https:\/\/ineditfitness.com\/site\/wp-content\/uploads\/2022\/04\/Lachez-prise-59-100x100.png 100w, https:\/\/ineditfitness.com\/site\/wp-content\/uploads\/2022\/04\/Lachez-prise-59-150x150.png 150w, https:\/\/ineditfitness.com\/site\/wp-content\/uploads\/2022\/04\/Lachez-prise-59-193x193.png 193w, https:\/\/ineditfitness.com\/site\/wp-content\/uploads\/2022\/04\/Lachez-prise-59-231x231.png 231w, https:\/\/ineditfitness.com\/site\/wp-content\/uploads\/2022\/04\/Lachez-prise-59-289x289.png 289w, https:\/\/ineditfitness.com\/site\/wp-content\/uploads\/2022\/04\/Lachez-prise-59-386x386.png 386w, https:\/\/ineditfitness.com\/site\/wp-content\/uploads\/2022\/04\/Lachez-prise-59-80x80.png 80w\" sizes=\"auto, (max-width: 100px) 100vw, 100px\" \/><\/a>\n\t\t\t\t<\/div>\n\t\t\t\t<div class=\"postright\">\n\t\t\t\t\t<h3><a href=\"https:\/\/ineditfitness.com\/site\/rdv-conseils-personnalises-pour-lutter-contre-le-stress\/\" title=\"RDV &#8211; Conseils personnalis\u00e9s pour lutter contre le stress\">RDV &#8211; Conseils personnalis\u00e9s pour lutter contre le stress<\/a><\/h3>\n\t\t\t\t\t\n\t\t\t\t<div class=\"datetime\"><span class=\"icon-calendar fa fa-calendar\"><\/span>28 avril 2022<\/div>\n\t\t\t\t\n\t\t\t\t\t\n\t\t\t\t<div class=\"comment\"><span class=\"icon-comment fa fa-comment\"><\/span>0 Comments<\/div>\n\t\t\t\t<\/div>\n\t\t\t<\/li>\n\t\t\t<li>\n\t\t\t\t<div class=\"postleft\">\n\t\t\t\t\t<a href=\"https:\/\/ineditfitness.com\/site\/seances-decouvertes-offertes\/\" title=\"S\u00e9ances d\u00e9couvertes offertes\"><img loading=\"lazy\" decoding=\"async\" width=\"100\" height=\"100\" src=\"https:\/\/ineditfitness.com\/site\/wp-content\/uploads\/2022\/04\/INEDIT-FITNESS-10-100x100.png\" class=\"attachment-thumb_100x100 size-thumb_100x100 wp-post-image\" alt=\"S\u00e9ances d\u00e9couvertes offertes\" srcset=\"https:\/\/ineditfitness.com\/site\/wp-content\/uploads\/2022\/04\/INEDIT-FITNESS-10-100x100.png 100w, https:\/\/ineditfitness.com\/site\/wp-content\/uploads\/2022\/04\/INEDIT-FITNESS-10-150x150.png 150w, https:\/\/ineditfitness.com\/site\/wp-content\/uploads\/2022\/04\/INEDIT-FITNESS-10-193x193.png 193w, https:\/\/ineditfitness.com\/site\/wp-content\/uploads\/2022\/04\/INEDIT-FITNESS-10-231x231.png 231w, https:\/\/ineditfitness.com\/site\/wp-content\/uploads\/2022\/04\/INEDIT-FITNESS-10-289x289.png 289w, https:\/\/ineditfitness.com\/site\/wp-content\/uploads\/2022\/04\/INEDIT-FITNESS-10-386x386.png 386w, https:\/\/ineditfitness.com\/site\/wp-content\/uploads\/2022\/04\/INEDIT-FITNESS-10-80x80.png 80w\" sizes=\"auto, (max-width: 100px) 100vw, 100px\" \/><\/a>\n\t\t\t\t<\/div>\n\t\t\t\t<div class=\"postright\">\n\t\t\t\t\t<h3><a href=\"https:\/\/ineditfitness.com\/site\/seances-decouvertes-offertes\/\" title=\"S\u00e9ances d\u00e9couvertes offertes\">S\u00e9ances d\u00e9couvertes offertes<\/a><\/h3>\n\t\t\t\t\t\n\t\t\t\t<div class=\"datetime\"><span class=\"icon-calendar fa fa-calendar\"><\/span>26 avril 2022<\/div>\n\t\t\t\t\n\t\t\t\t\t\n\t\t\t\t<div class=\"comment\"><span class=\"icon-comment fa fa-comment\"><\/span>0 Comments<\/div>\n\t\t\t\t<\/div>\n\t\t\t<\/li>\n\t\t\t<li>\n\t\t\t\t<div class=\"postleft\">\n\t\t\t\t\t<a href=\"https:\/\/ineditfitness.com\/site\/video-exercice-pour-lutter-contre-le-stress\/\" title=\"Vid\u00e9o &#8211; Exercice pour lutter contre le stress\"><img loading=\"lazy\" decoding=\"async\" width=\"100\" height=\"100\" src=\"https:\/\/ineditfitness.com\/site\/wp-content\/uploads\/2022\/04\/INEDIT-FITNESS-4-100x100.png\" class=\"attachment-thumb_100x100 size-thumb_100x100 wp-post-image\" alt=\"Vid\u00e9o &#8211; Exercice pour lutter contre le stress\" srcset=\"https:\/\/ineditfitness.com\/site\/wp-content\/uploads\/2022\/04\/INEDIT-FITNESS-4-100x100.png 100w, https:\/\/ineditfitness.com\/site\/wp-content\/uploads\/2022\/04\/INEDIT-FITNESS-4-150x150.png 150w, https:\/\/ineditfitness.com\/site\/wp-content\/uploads\/2022\/04\/INEDIT-FITNESS-4-193x193.png 193w, https:\/\/ineditfitness.com\/site\/wp-content\/uploads\/2022\/04\/INEDIT-FITNESS-4-231x231.png 231w, https:\/\/ineditfitness.com\/site\/wp-content\/uploads\/2022\/04\/INEDIT-FITNESS-4-289x289.png 289w, https:\/\/ineditfitness.com\/site\/wp-content\/uploads\/2022\/04\/INEDIT-FITNESS-4-386x386.png 386w, https:\/\/ineditfitness.com\/site\/wp-content\/uploads\/2022\/04\/INEDIT-FITNESS-4-80x80.png 80w\" sizes=\"auto, (max-width: 100px) 100vw, 100px\" \/><\/a>\n\t\t\t\t<\/div>\n\t\t\t\t<div class=\"postright\">\n\t\t\t\t\t<h3><a href=\"https:\/\/ineditfitness.com\/site\/video-exercice-pour-lutter-contre-le-stress\/\" title=\"Vid\u00e9o &#8211; Exercice pour lutter contre le stress\">Vid\u00e9o &#8211; Exercice pour lutter contre le stress<\/a><\/h3>\n\t\t\t\t\t\n\t\t\t\t<div class=\"datetime\"><span class=\"icon-calendar fa fa-calendar\"><\/span>21 avril 2022<\/div>\n\t\t\t\t\n\t\t\t\t\t\n\t\t\t\t<div class=\"comment\"><span class=\"icon-comment fa fa-comment\"><\/span>0 Comments<\/div>\n\t\t\t\t<\/div>\n\t\t\t<\/li>\n\t\t\t<li>\n\t\t\t\t<div class=\"postleft\">\n\t\t\t\t\t<a href=\"https:\/\/ineditfitness.com\/site\/podcast-conseils-pour-lutter-contre-le-stress\/\" title=\"Podcast &#8211; Conseils pour lutter contre le stress\"><img loading=\"lazy\" decoding=\"async\" width=\"100\" height=\"100\" src=\"https:\/\/ineditfitness.com\/site\/wp-content\/uploads\/2022\/03\/INEDIT-FITNESS-100x100.png\" class=\"attachment-thumb_100x100 size-thumb_100x100 wp-post-image\" alt=\"Podcast &#8211; Conseils pour lutter contre le stress\" srcset=\"https:\/\/ineditfitness.com\/site\/wp-content\/uploads\/2022\/03\/INEDIT-FITNESS-100x100.png 100w, https:\/\/ineditfitness.com\/site\/wp-content\/uploads\/2022\/03\/INEDIT-FITNESS-150x150.png 150w, https:\/\/ineditfitness.com\/site\/wp-content\/uploads\/2022\/03\/INEDIT-FITNESS-193x193.png 193w, https:\/\/ineditfitness.com\/site\/wp-content\/uploads\/2022\/03\/INEDIT-FITNESS-231x231.png 231w, https:\/\/ineditfitness.com\/site\/wp-content\/uploads\/2022\/03\/INEDIT-FITNESS-289x289.png 289w, https:\/\/ineditfitness.com\/site\/wp-content\/uploads\/2022\/03\/INEDIT-FITNESS-386x386.png 386w, https:\/\/ineditfitness.com\/site\/wp-content\/uploads\/2022\/03\/INEDIT-FITNESS-80x80.png 80w\" sizes=\"auto, (max-width: 100px) 100vw, 100px\" \/><\/a>\n\t\t\t\t<\/div>\n\t\t\t\t<div class=\"postright\">\n\t\t\t\t\t<h3><a href=\"https:\/\/ineditfitness.com\/site\/podcast-conseils-pour-lutter-contre-le-stress\/\" title=\"Podcast &#8211; Conseils pour lutter contre le stress\">Podcast &#8211; Conseils pour lutter contre le stress<\/a><\/h3>\n\t\t\t\t\t\n\t\t\t\t<div class=\"datetime\"><span class=\"icon-calendar fa fa-calendar\"><\/span>14 avril 2022<\/div>\n\t\t\t\t\n\t\t\t\t\t\n\t\t\t\t<div class=\"comment\"><span class=\"icon-comment fa fa-comment\"><\/span>0 Comments<\/div>\n\t\t\t\t<\/div>\n\t\t\t<\/li>\n\t\t\t<li>\n\t\t\t\t<div class=\"postleft\">\n\t\t\t\t\t<a href=\"https:\/\/ineditfitness.com\/site\/video-exercice-pour-lutter-contre-le-mal-de-dos\/\" title=\"Vid\u00e9o &#8211; Exercice pour lutter contre le mal de dos\"><img loading=\"lazy\" decoding=\"async\" width=\"100\" height=\"100\" src=\"https:\/\/ineditfitness.com\/site\/wp-content\/uploads\/2022\/03\/INEDIT-FITNESS-3-100x100.jpg\" class=\"attachment-thumb_100x100 size-thumb_100x100 wp-post-image\" alt=\"Vid\u00e9o &#8211; Exercice pour lutter contre le mal de dos\" srcset=\"https:\/\/ineditfitness.com\/site\/wp-content\/uploads\/2022\/03\/INEDIT-FITNESS-3-100x100.jpg 100w, https:\/\/ineditfitness.com\/site\/wp-content\/uploads\/2022\/03\/INEDIT-FITNESS-3-150x150.jpg 150w, https:\/\/ineditfitness.com\/site\/wp-content\/uploads\/2022\/03\/INEDIT-FITNESS-3-193x193.jpg 193w, https:\/\/ineditfitness.com\/site\/wp-content\/uploads\/2022\/03\/INEDIT-FITNESS-3-231x231.jpg 231w, https:\/\/ineditfitness.com\/site\/wp-content\/uploads\/2022\/03\/INEDIT-FITNESS-3-289x289.jpg 289w, https:\/\/ineditfitness.com\/site\/wp-content\/uploads\/2022\/03\/INEDIT-FITNESS-3-386x386.jpg 386w, https:\/\/ineditfitness.com\/site\/wp-content\/uploads\/2022\/03\/INEDIT-FITNESS-3-80x80.jpg 80w\" sizes=\"auto, (max-width: 100px) 100vw, 100px\" \/><\/a>\n\t\t\t\t<\/div>\n\t\t\t\t<div class=\"postright\">\n\t\t\t\t\t<h3><a href=\"https:\/\/ineditfitness.com\/site\/video-exercice-pour-lutter-contre-le-mal-de-dos\/\" title=\"Vid\u00e9o &#8211; Exercice pour lutter contre le mal de dos\">Vid\u00e9o &#8211; Exercice pour lutter contre le mal de dos<\/a><\/h3>\n\t\t\t\t\t\n\t\t\t\t<div class=\"datetime\"><span class=\"icon-calendar fa fa-calendar\"><\/span>25 mars 2022<\/div>\n\t\t\t\t\n\t\t\t\t\t\n\t\t\t\t<div class=\"comment\"><span class=\"icon-comment fa fa-comment\"><\/span>0 Comments<\/div>\n\t\t\t\t<\/div>\n\t\t\t<\/li>\n\t\t\t<li>\n\t\t\t\t<div class=\"postleft\">\n\t\t\t\t\t<a href=\"https:\/\/ineditfitness.com\/site\/video-conseils-une-bonne-posture-au-quotidien\/\" title=\"Vid\u00e9o conseils &#8211; Une bonne posture au quotidien\"><img loading=\"lazy\" decoding=\"async\" width=\"100\" height=\"100\" src=\"https:\/\/ineditfitness.com\/site\/wp-content\/uploads\/2022\/03\/INEDIT-FITNESS-2-100x100.png\" class=\"attachment-thumb_100x100 size-thumb_100x100 wp-post-image\" alt=\"Vid\u00e9o conseils &#8211; Une bonne posture au quotidien\" srcset=\"https:\/\/ineditfitness.com\/site\/wp-content\/uploads\/2022\/03\/INEDIT-FITNESS-2-100x100.png 100w, https:\/\/ineditfitness.com\/site\/wp-content\/uploads\/2022\/03\/INEDIT-FITNESS-2-150x150.png 150w, https:\/\/ineditfitness.com\/site\/wp-content\/uploads\/2022\/03\/INEDIT-FITNESS-2-193x193.png 193w, https:\/\/ineditfitness.com\/site\/wp-content\/uploads\/2022\/03\/INEDIT-FITNESS-2-231x231.png 231w, https:\/\/ineditfitness.com\/site\/wp-content\/uploads\/2022\/03\/INEDIT-FITNESS-2-289x289.png 289w, https:\/\/ineditfitness.com\/site\/wp-content\/uploads\/2022\/03\/INEDIT-FITNESS-2-386x386.png 386w, https:\/\/ineditfitness.com\/site\/wp-content\/uploads\/2022\/03\/INEDIT-FITNESS-2-80x80.png 80w\" sizes=\"auto, (max-width: 100px) 100vw, 100px\" \/><\/a>\n\t\t\t\t<\/div>\n\t\t\t\t<div class=\"postright\">\n\t\t\t\t\t<h3><a href=\"https:\/\/ineditfitness.com\/site\/video-conseils-une-bonne-posture-au-quotidien\/\" title=\"Vid\u00e9o conseils &#8211; Une bonne posture au quotidien\">Vid\u00e9o conseils &#8211; Une bonne posture au quotidien<\/a><\/h3>\n\t\t\t\t\t\n\t\t\t\t<div class=\"datetime\"><span class=\"icon-calendar fa fa-calendar\"><\/span>17 mars 2022<\/div>\n\t\t\t\t\n\t\t\t\t\t\n\t\t\t\t<div class=\"comment\"><span class=\"icon-comment fa fa-comment\"><\/span>0 Comments<\/div>\n\t\t\t\t<\/div>\n\t\t\t<\/li>\n\t\t\t<li>\n\t\t\t\t<div class=\"postleft\">\n\t\t\t\t\t<a href=\"https:\/\/ineditfitness.com\/site\/podcast-conseils-pour-lutter-contre-le-mal-de-dos\/\" title=\"Podcast &#8211; Conseils pour lutter contre le mal de dos\"><img loading=\"lazy\" decoding=\"async\" width=\"100\" height=\"100\" src=\"https:\/\/ineditfitness.com\/site\/wp-content\/uploads\/2022\/03\/INEDIT-FITNESS-100x100.png\" class=\"attachment-thumb_100x100 size-thumb_100x100 wp-post-image\" alt=\"Podcast &#8211; Conseils pour lutter contre le mal de dos\" srcset=\"https:\/\/ineditfitness.com\/site\/wp-content\/uploads\/2022\/03\/INEDIT-FITNESS-100x100.png 100w, https:\/\/ineditfitness.com\/site\/wp-content\/uploads\/2022\/03\/INEDIT-FITNESS-150x150.png 150w, https:\/\/ineditfitness.com\/site\/wp-content\/uploads\/2022\/03\/INEDIT-FITNESS-193x193.png 193w, https:\/\/ineditfitness.com\/site\/wp-content\/uploads\/2022\/03\/INEDIT-FITNESS-231x231.png 231w, https:\/\/ineditfitness.com\/site\/wp-content\/uploads\/2022\/03\/INEDIT-FITNESS-289x289.png 289w, https:\/\/ineditfitness.com\/site\/wp-content\/uploads\/2022\/03\/INEDIT-FITNESS-386x386.png 386w, https:\/\/ineditfitness.com\/site\/wp-content\/uploads\/2022\/03\/INEDIT-FITNESS-80x80.png 80w\" sizes=\"auto, (max-width: 100px) 100vw, 100px\" \/><\/a>\n\t\t\t\t<\/div>\n\t\t\t\t<div class=\"postright\">\n\t\t\t\t\t<h3><a href=\"https:\/\/ineditfitness.com\/site\/podcast-conseils-pour-lutter-contre-le-mal-de-dos\/\" title=\"Podcast &#8211; Conseils pour lutter contre le mal de dos\">Podcast &#8211; Conseils pour lutter contre le mal de dos<\/a><\/h3>\n\t\t\t\t\t\n\t\t\t\t<div class=\"datetime\"><span class=\"icon-calendar fa fa-calendar\"><\/span>10 mars 2022<\/div>\n\t\t\t\t\n\t\t\t\t\t\n\t\t\t\t<div class=\"comment\"><span class=\"icon-comment fa fa-comment\"><\/span>0 Comments<\/div>\n\t\t\t\t<\/div>\n\t\t\t<\/li>\n\t\t\t<li>\n\t\t\t\t<div class=\"postleft\">\n\t\t\t\t\t<a href=\"https:\/\/ineditfitness.com\/site\/mal-de-dos-seance-100-gratuite-en-live\/\" title=\"Mal de dos &#8211; S\u00e9ance 100% gratuite en Live\"><img loading=\"lazy\" decoding=\"async\" width=\"100\" height=\"100\" src=\"https:\/\/ineditfitness.com\/site\/wp-content\/uploads\/2022\/03\/LUTTER-CONTRE-LE-MAL-DE-DOS-1-100x100.png\" class=\"attachment-thumb_100x100 size-thumb_100x100 wp-post-image\" alt=\"Mal de dos &#8211; S\u00e9ance 100% gratuite en Live\" srcset=\"https:\/\/ineditfitness.com\/site\/wp-content\/uploads\/2022\/03\/LUTTER-CONTRE-LE-MAL-DE-DOS-1-100x100.png 100w, https:\/\/ineditfitness.com\/site\/wp-content\/uploads\/2022\/03\/LUTTER-CONTRE-LE-MAL-DE-DOS-1-150x150.png 150w, https:\/\/ineditfitness.com\/site\/wp-content\/uploads\/2022\/03\/LUTTER-CONTRE-LE-MAL-DE-DOS-1-193x193.png 193w, https:\/\/ineditfitness.com\/site\/wp-content\/uploads\/2022\/03\/LUTTER-CONTRE-LE-MAL-DE-DOS-1-231x231.png 231w, https:\/\/ineditfitness.com\/site\/wp-content\/uploads\/2022\/03\/LUTTER-CONTRE-LE-MAL-DE-DOS-1-289x289.png 289w, https:\/\/ineditfitness.com\/site\/wp-content\/uploads\/2022\/03\/LUTTER-CONTRE-LE-MAL-DE-DOS-1-386x386.png 386w, https:\/\/ineditfitness.com\/site\/wp-content\/uploads\/2022\/03\/LUTTER-CONTRE-LE-MAL-DE-DOS-1-80x80.png 80w\" sizes=\"auto, (max-width: 100px) 100vw, 100px\" \/><\/a>\n\t\t\t\t<\/div>\n\t\t\t\t<div class=\"postright\">\n\t\t\t\t\t<h3><a href=\"https:\/\/ineditfitness.com\/site\/mal-de-dos-seance-100-gratuite-en-live\/\" title=\"Mal de dos &#8211; S\u00e9ance 100% gratuite en Live\">Mal de dos &#8211; S\u00e9ance 100% gratuite en Live<\/a><\/h3>\n\t\t\t\t\t\n\t\t\t\t<div class=\"datetime\"><span class=\"icon-calendar fa fa-calendar\"><\/span>4 mars 2022<\/div>\n\t\t\t\t\n\t\t\t\t\t\n\t\t\t\t<div class=\"comment\"><span class=\"icon-comment fa fa-comment\"><\/span>0 Comments<\/div>\n\t\t\t\t<\/div>\n\t\t\t<\/li>\n\t\t\t<li>\n\t\t\t\t<div class=\"postleft\">\n\t\t\t\t\t<a href=\"https:\/\/ineditfitness.com\/site\/evenement-matinee-cocooning\/\" title=\"Ev\u00e8nement &#8211; Matin\u00e9e cocooning\"><img loading=\"lazy\" decoding=\"async\" width=\"100\" height=\"100\" src=\"https:\/\/ineditfitness.com\/site\/wp-content\/uploads\/2021\/11\/Lachez-prise-45-100x100.jpg\" class=\"attachment-thumb_100x100 size-thumb_100x100 wp-post-image\" alt=\"Ev\u00e8nement &#8211; Matin\u00e9e cocooning\" srcset=\"https:\/\/ineditfitness.com\/site\/wp-content\/uploads\/2021\/11\/Lachez-prise-45-100x100.jpg 100w, https:\/\/ineditfitness.com\/site\/wp-content\/uploads\/2021\/11\/Lachez-prise-45-150x150.jpg 150w, https:\/\/ineditfitness.com\/site\/wp-content\/uploads\/2021\/11\/Lachez-prise-45-193x193.jpg 193w, https:\/\/ineditfitness.com\/site\/wp-content\/uploads\/2021\/11\/Lachez-prise-45-231x231.jpg 231w, https:\/\/ineditfitness.com\/site\/wp-content\/uploads\/2021\/11\/Lachez-prise-45-289x289.jpg 289w, https:\/\/ineditfitness.com\/site\/wp-content\/uploads\/2021\/11\/Lachez-prise-45-386x386.jpg 386w, https:\/\/ineditfitness.com\/site\/wp-content\/uploads\/2021\/11\/Lachez-prise-45-80x80.jpg 80w\" sizes=\"auto, (max-width: 100px) 100vw, 100px\" \/><\/a>\n\t\t\t\t<\/div>\n\t\t\t\t<div class=\"postright\">\n\t\t\t\t\t<h3><a href=\"https:\/\/ineditfitness.com\/site\/evenement-matinee-cocooning\/\" title=\"Ev\u00e8nement &#8211; Matin\u00e9e cocooning\">Ev\u00e8nement &#8211; Matin\u00e9e cocooning<\/a><\/h3>\n\t\t\t\t\t\n\t\t\t\t<div class=\"datetime\"><span class=\"icon-calendar fa fa-calendar\"><\/span>28 novembre 2021<\/div>\n\t\t\t\t\n\t\t\t\t\t\n\t\t\t\t<div class=\"comment\"><span class=\"icon-comment fa fa-comment\"><\/span>0 Comments<\/div>\n\t\t\t\t<\/div>\n\t\t\t<\/li>\n\t\t\t<li>\n\t\t\t\t<div class=\"postleft\">\n\t\t\t\t\t<a href=\"https:\/\/ineditfitness.com\/site\/evenement-initiation-marche-nordique\/\" title=\"Ev\u00e8nement &#8211; Initiation marche nordique\"><img loading=\"lazy\" decoding=\"async\" width=\"100\" height=\"100\" src=\"https:\/\/ineditfitness.com\/site\/wp-content\/uploads\/2021\/11\/Lachez-prise-44-100x100.jpg\" class=\"attachment-thumb_100x100 size-thumb_100x100 wp-post-image\" alt=\"Ev\u00e8nement &#8211; Initiation marche nordique\" srcset=\"https:\/\/ineditfitness.com\/site\/wp-content\/uploads\/2021\/11\/Lachez-prise-44-100x100.jpg 100w, https:\/\/ineditfitness.com\/site\/wp-content\/uploads\/2021\/11\/Lachez-prise-44-150x150.jpg 150w, https:\/\/ineditfitness.com\/site\/wp-content\/uploads\/2021\/11\/Lachez-prise-44-193x193.jpg 193w, https:\/\/ineditfitness.com\/site\/wp-content\/uploads\/2021\/11\/Lachez-prise-44-231x231.jpg 231w, https:\/\/ineditfitness.com\/site\/wp-content\/uploads\/2021\/11\/Lachez-prise-44-289x289.jpg 289w, https:\/\/ineditfitness.com\/site\/wp-content\/uploads\/2021\/11\/Lachez-prise-44-386x386.jpg 386w, https:\/\/ineditfitness.com\/site\/wp-content\/uploads\/2021\/11\/Lachez-prise-44-80x80.jpg 80w\" sizes=\"auto, (max-width: 100px) 100vw, 100px\" \/><\/a>\n\t\t\t\t<\/div>\n\t\t\t\t<div class=\"postright\">\n\t\t\t\t\t<h3><a href=\"https:\/\/ineditfitness.com\/site\/evenement-initiation-marche-nordique\/\" title=\"Ev\u00e8nement &#8211; Initiation marche nordique\">Ev\u00e8nement &#8211; Initiation marche nordique<\/a><\/h3>\n\t\t\t\t\t\n\t\t\t\t<div class=\"datetime\"><span class=\"icon-calendar fa fa-calendar\"><\/span>13 novembre 2021<\/div>\n\t\t\t\t\n\t\t\t\t\t\n\t\t\t\t<div class=\"comment\"><span class=\"icon-comment fa fa-comment\"><\/span>0 Comments<\/div>\n\t\t\t\t<\/div>\n\t\t\t<\/li>\n\t\t\t<li>\n\t\t\t\t<div class=\"postleft\">\n\t\t\t\t\t<a href=\"https:\/\/ineditfitness.com\/site\/evenement-randonnee-dans-le-haut-bugey\/\" title=\"Ev\u00e8nement &#8211; Randonn\u00e9e dans le Haut Bugey\"><img loading=\"lazy\" decoding=\"async\" width=\"100\" height=\"100\" src=\"https:\/\/ineditfitness.com\/site\/wp-content\/uploads\/2021\/09\/Lachez-prise-42-100x100.jpg\" class=\"attachment-thumb_100x100 size-thumb_100x100 wp-post-image\" alt=\"Ev\u00e8nement &#8211; Randonn\u00e9e dans le Haut Bugey\" srcset=\"https:\/\/ineditfitness.com\/site\/wp-content\/uploads\/2021\/09\/Lachez-prise-42-100x100.jpg 100w, https:\/\/ineditfitness.com\/site\/wp-content\/uploads\/2021\/09\/Lachez-prise-42-150x150.jpg 150w, https:\/\/ineditfitness.com\/site\/wp-content\/uploads\/2021\/09\/Lachez-prise-42-193x193.jpg 193w, https:\/\/ineditfitness.com\/site\/wp-content\/uploads\/2021\/09\/Lachez-prise-42-231x231.jpg 231w, https:\/\/ineditfitness.com\/site\/wp-content\/uploads\/2021\/09\/Lachez-prise-42-289x289.jpg 289w, https:\/\/ineditfitness.com\/site\/wp-content\/uploads\/2021\/09\/Lachez-prise-42-386x386.jpg 386w, https:\/\/ineditfitness.com\/site\/wp-content\/uploads\/2021\/09\/Lachez-prise-42-80x80.jpg 80w\" sizes=\"auto, (max-width: 100px) 100vw, 100px\" \/><\/a>\n\t\t\t\t<\/div>\n\t\t\t\t<div class=\"postright\">\n\t\t\t\t\t<h3><a href=\"https:\/\/ineditfitness.com\/site\/evenement-randonnee-dans-le-haut-bugey\/\" title=\"Ev\u00e8nement &#8211; Randonn\u00e9e dans le Haut Bugey\">Ev\u00e8nement &#8211; Randonn\u00e9e dans le Haut Bugey<\/a><\/h3>\n\t\t\t\t\t\n\t\t\t\t<div class=\"datetime\"><span class=\"icon-calendar fa fa-calendar\"><\/span>24 septembre 2021<\/div>\n\t\t\t\t\n\t\t\t\t\t\n\t\t\t\t<div class=\"comment\"><span class=\"icon-comment fa fa-comment\"><\/span>0 Comments<\/div>\n\t\t\t\t<\/div>\n\t\t\t<\/li>\n\t\t\t<li>\n\t\t\t\t<div class=\"postleft\">\n\t\t\t\t\t<a href=\"https:\/\/ineditfitness.com\/site\/evenement-yoga-nature\/\" title=\"Ev\u00e8nement &#8211; Yoga Nature\"><img loading=\"lazy\" decoding=\"async\" width=\"100\" height=\"100\" src=\"https:\/\/ineditfitness.com\/site\/wp-content\/uploads\/2021\/09\/Lachez-prise-41-100x100.jpg\" class=\"attachment-thumb_100x100 size-thumb_100x100 wp-post-image\" alt=\"Ev\u00e8nement &#8211; Yoga Nature\" srcset=\"https:\/\/ineditfitness.com\/site\/wp-content\/uploads\/2021\/09\/Lachez-prise-41-100x100.jpg 100w, https:\/\/ineditfitness.com\/site\/wp-content\/uploads\/2021\/09\/Lachez-prise-41-150x150.jpg 150w, https:\/\/ineditfitness.com\/site\/wp-content\/uploads\/2021\/09\/Lachez-prise-41-193x193.jpg 193w, https:\/\/ineditfitness.com\/site\/wp-content\/uploads\/2021\/09\/Lachez-prise-41-231x231.jpg 231w, https:\/\/ineditfitness.com\/site\/wp-content\/uploads\/2021\/09\/Lachez-prise-41-289x289.jpg 289w, https:\/\/ineditfitness.com\/site\/wp-content\/uploads\/2021\/09\/Lachez-prise-41-386x386.jpg 386w, https:\/\/ineditfitness.com\/site\/wp-content\/uploads\/2021\/09\/Lachez-prise-41-80x80.jpg 80w\" sizes=\"auto, (max-width: 100px) 100vw, 100px\" \/><\/a>\n\t\t\t\t<\/div>\n\t\t\t\t<div class=\"postright\">\n\t\t\t\t\t<h3><a href=\"https:\/\/ineditfitness.com\/site\/evenement-yoga-nature\/\" title=\"Ev\u00e8nement &#8211; Yoga Nature\">Ev\u00e8nement &#8211; Yoga Nature<\/a><\/h3>\n\t\t\t\t\t\n\t\t\t\t<div class=\"datetime\"><span class=\"icon-calendar fa fa-calendar\"><\/span>6 septembre 2021<\/div>\n\t\t\t\t\n\t\t\t\t\t\n\t\t\t\t<div class=\"comment\"><span class=\"icon-comment fa fa-comment\"><\/span>0 Comments<\/div>\n\t\t\t\t<\/div>\n\t\t\t<\/li>\n\t\t\t<li>\n\t\t\t\t<div class=\"postleft\">\n\t\t\t\t\t<a href=\"https:\/\/ineditfitness.com\/site\/6-conseils-pour-reprendre-le-sport-et-garder-le-rythme\/\" title=\"6 conseils pour reprendre le sport et garder le rythme\"><img loading=\"lazy\" decoding=\"async\" width=\"100\" height=\"100\" src=\"https:\/\/ineditfitness.com\/site\/wp-content\/uploads\/2021\/08\/Lachez-prise-53-100x100.jpg\" class=\"attachment-thumb_100x100 size-thumb_100x100 wp-post-image\" alt=\"6 conseils pour reprendre le sport et garder le rythme\" srcset=\"https:\/\/ineditfitness.com\/site\/wp-content\/uploads\/2021\/08\/Lachez-prise-53-100x100.jpg 100w, https:\/\/ineditfitness.com\/site\/wp-content\/uploads\/2021\/08\/Lachez-prise-53-150x150.jpg 150w, https:\/\/ineditfitness.com\/site\/wp-content\/uploads\/2021\/08\/Lachez-prise-53-193x193.jpg 193w, https:\/\/ineditfitness.com\/site\/wp-content\/uploads\/2021\/08\/Lachez-prise-53-231x231.jpg 231w, https:\/\/ineditfitness.com\/site\/wp-content\/uploads\/2021\/08\/Lachez-prise-53-289x289.jpg 289w, https:\/\/ineditfitness.com\/site\/wp-content\/uploads\/2021\/08\/Lachez-prise-53-386x386.jpg 386w, https:\/\/ineditfitness.com\/site\/wp-content\/uploads\/2021\/08\/Lachez-prise-53-80x80.jpg 80w\" sizes=\"auto, (max-width: 100px) 100vw, 100px\" \/><\/a>\n\t\t\t\t<\/div>\n\t\t\t\t<div class=\"postright\">\n\t\t\t\t\t<h3><a href=\"https:\/\/ineditfitness.com\/site\/6-conseils-pour-reprendre-le-sport-et-garder-le-rythme\/\" title=\"6 conseils pour reprendre le sport et garder le rythme\">6 conseils pour reprendre le sport et garder le rythme<\/a><\/h3>\n\t\t\t\t\t\n\t\t\t\t<div class=\"datetime\"><span class=\"icon-calendar fa fa-calendar\"><\/span>26 ao\u00fbt 2021<\/div>\n\t\t\t\t\n\t\t\t\t\t\n\t\t\t\t<div class=\"comment\"><span class=\"icon-comment fa fa-comment\"><\/span>0 Comments<\/div>\n\t\t\t\t<\/div>\n\t\t\t<\/li>\n\t\t\t<li>\n\t\t\t\t<div class=\"postleft\">\n\t\t\t\t\t<a href=\"https:\/\/ineditfitness.com\/site\/nouvelle-mesure-pass-sanitaire-obligatoire\/\" title=\"Nouvelle mesure &#8211; PASS sanitaire obligatoire\"><img loading=\"lazy\" decoding=\"async\" width=\"100\" height=\"100\" src=\"https:\/\/ineditfitness.com\/site\/wp-content\/uploads\/2021\/08\/Lachez-prise-37-100x100.png\" class=\"attachment-thumb_100x100 size-thumb_100x100 wp-post-image\" alt=\"Nouvelle mesure &#8211; PASS sanitaire obligatoire\" srcset=\"https:\/\/ineditfitness.com\/site\/wp-content\/uploads\/2021\/08\/Lachez-prise-37-100x100.png 100w, https:\/\/ineditfitness.com\/site\/wp-content\/uploads\/2021\/08\/Lachez-prise-37-150x150.png 150w, https:\/\/ineditfitness.com\/site\/wp-content\/uploads\/2021\/08\/Lachez-prise-37-193x193.png 193w, https:\/\/ineditfitness.com\/site\/wp-content\/uploads\/2021\/08\/Lachez-prise-37-231x231.png 231w, https:\/\/ineditfitness.com\/site\/wp-content\/uploads\/2021\/08\/Lachez-prise-37-289x289.png 289w, https:\/\/ineditfitness.com\/site\/wp-content\/uploads\/2021\/08\/Lachez-prise-37-386x386.png 386w, https:\/\/ineditfitness.com\/site\/wp-content\/uploads\/2021\/08\/Lachez-prise-37-80x80.png 80w\" sizes=\"auto, (max-width: 100px) 100vw, 100px\" \/><\/a>\n\t\t\t\t<\/div>\n\t\t\t\t<div class=\"postright\">\n\t\t\t\t\t<h3><a href=\"https:\/\/ineditfitness.com\/site\/nouvelle-mesure-pass-sanitaire-obligatoire\/\" title=\"Nouvelle mesure &#8211; PASS sanitaire obligatoire\">Nouvelle mesure &#8211; PASS sanitaire obligatoire<\/a><\/h3>\n\t\t\t\t\t\n\t\t\t\t<div class=\"datetime\"><span class=\"icon-calendar fa fa-calendar\"><\/span>19 ao\u00fbt 2021<\/div>\n\t\t\t\t\n\t\t\t\t\t\n\t\t\t\t<div class=\"comment\"><span class=\"icon-comment fa fa-comment\"><\/span>0 Comments<\/div>\n\t\t\t\t<\/div>\n\t\t\t<\/li>\n\t\t\t<li>\n\t\t\t\t<div class=\"postleft\">\n\t\t\t\t\t<a href=\"https:\/\/ineditfitness.com\/site\/evenement-10-km-de-course-a-pied\/\" title=\"Ev\u00e8nement &#8211; 10 km de course \u00e0 pied\"><img loading=\"lazy\" decoding=\"async\" width=\"100\" height=\"100\" src=\"https:\/\/ineditfitness.com\/site\/wp-content\/uploads\/2021\/07\/Lachez-prise-36-100x100.jpg\" class=\"attachment-thumb_100x100 size-thumb_100x100 wp-post-image\" alt=\"Ev\u00e8nement &#8211; 10 km de course \u00e0 pied\" srcset=\"https:\/\/ineditfitness.com\/site\/wp-content\/uploads\/2021\/07\/Lachez-prise-36-100x100.jpg 100w, https:\/\/ineditfitness.com\/site\/wp-content\/uploads\/2021\/07\/Lachez-prise-36-150x150.jpg 150w, https:\/\/ineditfitness.com\/site\/wp-content\/uploads\/2021\/07\/Lachez-prise-36-193x193.jpg 193w, https:\/\/ineditfitness.com\/site\/wp-content\/uploads\/2021\/07\/Lachez-prise-36-231x231.jpg 231w, https:\/\/ineditfitness.com\/site\/wp-content\/uploads\/2021\/07\/Lachez-prise-36-289x289.jpg 289w, https:\/\/ineditfitness.com\/site\/wp-content\/uploads\/2021\/07\/Lachez-prise-36-386x386.jpg 386w, https:\/\/ineditfitness.com\/site\/wp-content\/uploads\/2021\/07\/Lachez-prise-36-80x80.jpg 80w\" sizes=\"auto, (max-width: 100px) 100vw, 100px\" \/><\/a>\n\t\t\t\t<\/div>\n\t\t\t\t<div class=\"postright\">\n\t\t\t\t\t<h3><a href=\"https:\/\/ineditfitness.com\/site\/evenement-10-km-de-course-a-pied\/\" title=\"Ev\u00e8nement &#8211; 10 km de course \u00e0 pied\">Ev\u00e8nement &#8211; 10 km de course \u00e0 pied<\/a><\/h3>\n\t\t\t\t\t\n\t\t\t\t<div class=\"datetime\"><span class=\"icon-calendar fa fa-calendar\"><\/span>23 juillet 2021<\/div>\n\t\t\t\t\n\t\t\t\t\t\n\t\t\t\t<div class=\"comment\"><span class=\"icon-comment fa fa-comment\"><\/span>0 Comments<\/div>\n\t\t\t\t<\/div>\n\t\t\t<\/li>\n\t\t\t<li>\n\t\t\t\t<div class=\"postleft\">\n\t\t\t\t\t<a href=\"https:\/\/ineditfitness.com\/site\/planning-ete-2021\/\" title=\"Planning \u00e9t\u00e9 2021\"><img loading=\"lazy\" decoding=\"async\" width=\"100\" height=\"100\" src=\"https:\/\/ineditfitness.com\/site\/wp-content\/uploads\/2021\/06\/Lachez-prise-34-100x100.png\" class=\"attachment-thumb_100x100 size-thumb_100x100 wp-post-image\" alt=\"Planning \u00e9t\u00e9 2021\" srcset=\"https:\/\/ineditfitness.com\/site\/wp-content\/uploads\/2021\/06\/Lachez-prise-34-100x100.png 100w, https:\/\/ineditfitness.com\/site\/wp-content\/uploads\/2021\/06\/Lachez-prise-34-150x150.png 150w, https:\/\/ineditfitness.com\/site\/wp-content\/uploads\/2021\/06\/Lachez-prise-34-193x193.png 193w, https:\/\/ineditfitness.com\/site\/wp-content\/uploads\/2021\/06\/Lachez-prise-34-231x231.png 231w, https:\/\/ineditfitness.com\/site\/wp-content\/uploads\/2021\/06\/Lachez-prise-34-289x289.png 289w, https:\/\/ineditfitness.com\/site\/wp-content\/uploads\/2021\/06\/Lachez-prise-34-386x386.png 386w, https:\/\/ineditfitness.com\/site\/wp-content\/uploads\/2021\/06\/Lachez-prise-34-80x80.png 80w\" sizes=\"auto, (max-width: 100px) 100vw, 100px\" \/><\/a>\n\t\t\t\t<\/div>\n\t\t\t\t<div class=\"postright\">\n\t\t\t\t\t<h3><a href=\"https:\/\/ineditfitness.com\/site\/planning-ete-2021\/\" title=\"Planning \u00e9t\u00e9 2021\">Planning \u00e9t\u00e9 2021<\/a><\/h3>\n\t\t\t\t\t\n\t\t\t\t<div class=\"datetime\"><span class=\"icon-calendar fa fa-calendar\"><\/span>25 juin 2021<\/div>\n\t\t\t\t\n\t\t\t\t\t\n\t\t\t\t<div class=\"comment\"><span class=\"icon-comment fa fa-comment\"><\/span>0 Comments<\/div>\n\t\t\t\t<\/div>\n\t\t\t<\/li>\n\t\t\t<li>\n\t\t\t\t<div class=\"postleft\">\n\t\t\t\t\t<a href=\"https:\/\/ineditfitness.com\/site\/mal-de-dos-6-sports-qui-soulagent\/\" title=\"Mal de dos : 6 sports qui soulagent\"><img loading=\"lazy\" decoding=\"async\" width=\"100\" height=\"100\" src=\"https:\/\/ineditfitness.com\/site\/wp-content\/uploads\/2021\/06\/Lachez-prise-33-100x100.jpg\" class=\"attachment-thumb_100x100 size-thumb_100x100 wp-post-image\" alt=\"Mal de dos : 6 sports qui soulagent\" srcset=\"https:\/\/ineditfitness.com\/site\/wp-content\/uploads\/2021\/06\/Lachez-prise-33-100x100.jpg 100w, https:\/\/ineditfitness.com\/site\/wp-content\/uploads\/2021\/06\/Lachez-prise-33-150x150.jpg 150w, https:\/\/ineditfitness.com\/site\/wp-content\/uploads\/2021\/06\/Lachez-prise-33-193x193.jpg 193w, https:\/\/ineditfitness.com\/site\/wp-content\/uploads\/2021\/06\/Lachez-prise-33-231x231.jpg 231w, https:\/\/ineditfitness.com\/site\/wp-content\/uploads\/2021\/06\/Lachez-prise-33-289x289.jpg 289w, https:\/\/ineditfitness.com\/site\/wp-content\/uploads\/2021\/06\/Lachez-prise-33-386x386.jpg 386w, https:\/\/ineditfitness.com\/site\/wp-content\/uploads\/2021\/06\/Lachez-prise-33-80x80.jpg 80w\" sizes=\"auto, (max-width: 100px) 100vw, 100px\" \/><\/a>\n\t\t\t\t<\/div>\n\t\t\t\t<div class=\"postright\">\n\t\t\t\t\t<h3><a href=\"https:\/\/ineditfitness.com\/site\/mal-de-dos-6-sports-qui-soulagent\/\" title=\"Mal de dos : 6 sports qui soulagent\">Mal de dos : 6 sports qui soulagent<\/a><\/h3>\n\t\t\t\t\t\n\t\t\t\t<div class=\"datetime\"><span class=\"icon-calendar fa fa-calendar\"><\/span>20 juin 2021<\/div>\n\t\t\t\t\n\t\t\t\t\t\n\t\t\t\t<div class=\"comment\"><span class=\"icon-comment fa fa-comment\"><\/span>0 Comments<\/div>\n\t\t\t\t<\/div>\n\t\t\t<\/li>\n\t\t\t<li>\n\t\t\t\t<div class=\"postleft\">\n\t\t\t\t\t<a href=\"https:\/\/ineditfitness.com\/site\/seances-individuelles\/\" title=\"S\u00e9ances individuelles\"><img loading=\"lazy\" decoding=\"async\" width=\"100\" height=\"100\" src=\"https:\/\/ineditfitness.com\/site\/wp-content\/uploads\/2021\/06\/Lachez-prise-32-100x100.jpg\" class=\"attachment-thumb_100x100 size-thumb_100x100 wp-post-image\" alt=\"S\u00e9ances individuelles\" srcset=\"https:\/\/ineditfitness.com\/site\/wp-content\/uploads\/2021\/06\/Lachez-prise-32-100x100.jpg 100w, https:\/\/ineditfitness.com\/site\/wp-content\/uploads\/2021\/06\/Lachez-prise-32-150x150.jpg 150w, https:\/\/ineditfitness.com\/site\/wp-content\/uploads\/2021\/06\/Lachez-prise-32-193x193.jpg 193w, https:\/\/ineditfitness.com\/site\/wp-content\/uploads\/2021\/06\/Lachez-prise-32-231x231.jpg 231w, https:\/\/ineditfitness.com\/site\/wp-content\/uploads\/2021\/06\/Lachez-prise-32-289x289.jpg 289w, https:\/\/ineditfitness.com\/site\/wp-content\/uploads\/2021\/06\/Lachez-prise-32-386x386.jpg 386w, https:\/\/ineditfitness.com\/site\/wp-content\/uploads\/2021\/06\/Lachez-prise-32-80x80.jpg 80w\" sizes=\"auto, (max-width: 100px) 100vw, 100px\" \/><\/a>\n\t\t\t\t<\/div>\n\t\t\t\t<div class=\"postright\">\n\t\t\t\t\t<h3><a href=\"https:\/\/ineditfitness.com\/site\/seances-individuelles\/\" title=\"S\u00e9ances individuelles\">S\u00e9ances individuelles<\/a><\/h3>\n\t\t\t\t\t\n\t\t\t\t<div class=\"datetime\"><span class=\"icon-calendar fa fa-calendar\"><\/span>12 juin 2021<\/div>\n\t\t\t\t\n\t\t\t\t\t\n\t\t\t\t<div class=\"comment\"><span class=\"icon-comment fa fa-comment\"><\/span>0 Comments<\/div>\n\t\t\t\t<\/div>\n\t\t\t<\/li>\n\t\t\t<li>\n\t\t\t\t<div class=\"postleft\">\n\t\t\t\t\t<a href=\"https:\/\/ineditfitness.com\/site\/nouveau-logo\/\" title=\"Nouveau Logo\"><img loading=\"lazy\" decoding=\"async\" width=\"100\" height=\"100\" src=\"https:\/\/ineditfitness.com\/site\/wp-content\/uploads\/2021\/05\/Lachez-prise-28-100x100.png\" class=\"attachment-thumb_100x100 size-thumb_100x100 wp-post-image\" alt=\"Nouveau Logo\" srcset=\"https:\/\/ineditfitness.com\/site\/wp-content\/uploads\/2021\/05\/Lachez-prise-28-100x100.png 100w, https:\/\/ineditfitness.com\/site\/wp-content\/uploads\/2021\/05\/Lachez-prise-28-150x150.png 150w, https:\/\/ineditfitness.com\/site\/wp-content\/uploads\/2021\/05\/Lachez-prise-28-193x193.png 193w, https:\/\/ineditfitness.com\/site\/wp-content\/uploads\/2021\/05\/Lachez-prise-28-231x231.png 231w, https:\/\/ineditfitness.com\/site\/wp-content\/uploads\/2021\/05\/Lachez-prise-28-289x289.png 289w, https:\/\/ineditfitness.com\/site\/wp-content\/uploads\/2021\/05\/Lachez-prise-28-386x386.png 386w, https:\/\/ineditfitness.com\/site\/wp-content\/uploads\/2021\/05\/Lachez-prise-28-80x80.png 80w\" sizes=\"auto, (max-width: 100px) 100vw, 100px\" \/><\/a>\n\t\t\t\t<\/div>\n\t\t\t\t<div class=\"postright\">\n\t\t\t\t\t<h3><a href=\"https:\/\/ineditfitness.com\/site\/nouveau-logo\/\" title=\"Nouveau Logo\">Nouveau Logo<\/a><\/h3>\n\t\t\t\t\t\n\t\t\t\t<div class=\"datetime\"><span class=\"icon-calendar fa fa-calendar\"><\/span>20 mai 2021<\/div>\n\t\t\t\t\n\t\t\t\t\t\n\t\t\t\t<div class=\"comment\"><span class=\"icon-comment fa fa-comment\"><\/span>0 Comments<\/div>\n\t\t\t\t<\/div>\n\t\t\t<\/li>\n\t\t\t<li>\n\t\t\t\t<div class=\"postleft\">\n\t\t\t\t\t<a href=\"https:\/\/ineditfitness.com\/site\/challenge-relaxation\/\" title=\"Challenge Relaxation\"><img loading=\"lazy\" decoding=\"async\" width=\"100\" height=\"100\" src=\"https:\/\/ineditfitness.com\/site\/wp-content\/uploads\/2021\/05\/Lachez-prise-22-100x100.jpg\" class=\"attachment-thumb_100x100 size-thumb_100x100 wp-post-image\" alt=\"Challenge Relaxation\" srcset=\"https:\/\/ineditfitness.com\/site\/wp-content\/uploads\/2021\/05\/Lachez-prise-22-100x100.jpg 100w, https:\/\/ineditfitness.com\/site\/wp-content\/uploads\/2021\/05\/Lachez-prise-22-150x150.jpg 150w, https:\/\/ineditfitness.com\/site\/wp-content\/uploads\/2021\/05\/Lachez-prise-22-193x193.jpg 193w, https:\/\/ineditfitness.com\/site\/wp-content\/uploads\/2021\/05\/Lachez-prise-22-231x231.jpg 231w, https:\/\/ineditfitness.com\/site\/wp-content\/uploads\/2021\/05\/Lachez-prise-22-289x289.jpg 289w, https:\/\/ineditfitness.com\/site\/wp-content\/uploads\/2021\/05\/Lachez-prise-22-386x386.jpg 386w, https:\/\/ineditfitness.com\/site\/wp-content\/uploads\/2021\/05\/Lachez-prise-22-80x80.jpg 80w\" sizes=\"auto, (max-width: 100px) 100vw, 100px\" \/><\/a>\n\t\t\t\t<\/div>\n\t\t\t\t<div class=\"postright\">\n\t\t\t\t\t<h3><a href=\"https:\/\/ineditfitness.com\/site\/challenge-relaxation\/\" title=\"Challenge Relaxation\">Challenge Relaxation<\/a><\/h3>\n\t\t\t\t\t\n\t\t\t\t<div class=\"datetime\"><span class=\"icon-calendar fa fa-calendar\"><\/span>2 mai 2021<\/div>\n\t\t\t\t\n\t\t\t\t\t\n\t\t\t\t<div class=\"comment\"><span class=\"icon-comment fa fa-comment\"><\/span>0 Comments<\/div>\n\t\t\t\t<\/div>\n\t\t\t<\/li>\n\t\t\t<li>\n\t\t\t\t<div class=\"postleft\">\n\t\t\t\t\t<a href=\"https:\/\/ineditfitness.com\/site\/pack-decouverte-1-mois\/\" title=\"Pack D\u00e9couverte 1 mois\"><img loading=\"lazy\" decoding=\"async\" width=\"100\" height=\"100\" src=\"https:\/\/ineditfitness.com\/site\/wp-content\/uploads\/2021\/04\/PACK-BIEN-ETRE-23-100x100.png\" class=\"attachment-thumb_100x100 size-thumb_100x100 wp-post-image\" alt=\"Pack D\u00e9couverte 1 mois\" srcset=\"https:\/\/ineditfitness.com\/site\/wp-content\/uploads\/2021\/04\/PACK-BIEN-ETRE-23-100x100.png 100w, https:\/\/ineditfitness.com\/site\/wp-content\/uploads\/2021\/04\/PACK-BIEN-ETRE-23-300x300.png 300w, https:\/\/ineditfitness.com\/site\/wp-content\/uploads\/2021\/04\/PACK-BIEN-ETRE-23-150x150.png 150w, https:\/\/ineditfitness.com\/site\/wp-content\/uploads\/2021\/04\/PACK-BIEN-ETRE-23-193x193.png 193w, https:\/\/ineditfitness.com\/site\/wp-content\/uploads\/2021\/04\/PACK-BIEN-ETRE-23-231x231.png 231w, https:\/\/ineditfitness.com\/site\/wp-content\/uploads\/2021\/04\/PACK-BIEN-ETRE-23-289x289.png 289w, https:\/\/ineditfitness.com\/site\/wp-content\/uploads\/2021\/04\/PACK-BIEN-ETRE-23-386x386.png 386w, https:\/\/ineditfitness.com\/site\/wp-content\/uploads\/2021\/04\/PACK-BIEN-ETRE-23-80x80.png 80w, https:\/\/ineditfitness.com\/site\/wp-content\/uploads\/2021\/04\/PACK-BIEN-ETRE-23.png 500w\" sizes=\"auto, (max-width: 100px) 100vw, 100px\" \/><\/a>\n\t\t\t\t<\/div>\n\t\t\t\t<div class=\"postright\">\n\t\t\t\t\t<h3><a href=\"https:\/\/ineditfitness.com\/site\/pack-decouverte-1-mois\/\" title=\"Pack D\u00e9couverte 1 mois\">Pack D\u00e9couverte 1 mois<\/a><\/h3>\n\t\t\t\t\t\n\t\t\t\t<div class=\"datetime\"><span class=\"icon-calendar fa fa-calendar\"><\/span>10 avril 2021<\/div>\n\t\t\t\t\n\t\t\t\t\t\n\t\t\t\t<div class=\"comment\"><span class=\"icon-comment fa fa-comment\"><\/span>0 Comments<\/div>\n\t\t\t\t<\/div>\n\t\t\t<\/li>\n\t\t\t<li>\n\t\t\t\t<div class=\"postleft\">\n\t\t\t\t\t<a href=\"https:\/\/ineditfitness.com\/site\/planning-printemps-2021\/\" title=\"Planning printemps 2021\"><img loading=\"lazy\" decoding=\"async\" width=\"100\" height=\"100\" src=\"https:\/\/ineditfitness.com\/site\/wp-content\/uploads\/2021\/03\/Lachez-prise-26-100x100.jpg\" class=\"attachment-thumb_100x100 size-thumb_100x100 wp-post-image\" alt=\"Planning printemps 2021\" srcset=\"https:\/\/ineditfitness.com\/site\/wp-content\/uploads\/2021\/03\/Lachez-prise-26-100x100.jpg 100w, https:\/\/ineditfitness.com\/site\/wp-content\/uploads\/2021\/03\/Lachez-prise-26-150x150.jpg 150w, https:\/\/ineditfitness.com\/site\/wp-content\/uploads\/2021\/03\/Lachez-prise-26-193x193.jpg 193w, https:\/\/ineditfitness.com\/site\/wp-content\/uploads\/2021\/03\/Lachez-prise-26-231x231.jpg 231w, https:\/\/ineditfitness.com\/site\/wp-content\/uploads\/2021\/03\/Lachez-prise-26-289x289.jpg 289w, https:\/\/ineditfitness.com\/site\/wp-content\/uploads\/2021\/03\/Lachez-prise-26-386x386.jpg 386w, https:\/\/ineditfitness.com\/site\/wp-content\/uploads\/2021\/03\/Lachez-prise-26-80x80.jpg 80w\" sizes=\"auto, (max-width: 100px) 100vw, 100px\" \/><\/a>\n\t\t\t\t<\/div>\n\t\t\t\t<div class=\"postright\">\n\t\t\t\t\t<h3><a href=\"https:\/\/ineditfitness.com\/site\/planning-printemps-2021\/\" title=\"Planning printemps 2021\">Planning printemps 2021<\/a><\/h3>\n\t\t\t\t\t\n\t\t\t\t<div class=\"datetime\"><span class=\"icon-calendar fa fa-calendar\"><\/span>6 mars 2021<\/div>\n\t\t\t\t\n\t\t\t\t\t\n\t\t\t\t<div class=\"comment\"><span class=\"icon-comment fa fa-comment\"><\/span>0 Comments<\/div>\n\t\t\t\t<\/div>\n\t\t\t<\/li>\n\t\t\t<li>\n\t\t\t\t<div class=\"postleft\">\n\t\t\t\t\t<a href=\"https:\/\/ineditfitness.com\/site\/challenge-reveil-musculaire\/\" title=\"Challenge r\u00e9veil musculaire\"><img loading=\"lazy\" decoding=\"async\" width=\"100\" height=\"100\" src=\"https:\/\/ineditfitness.com\/site\/wp-content\/uploads\/2021\/01\/Lachez-prise-24-100x100.jpg\" class=\"attachment-thumb_100x100 size-thumb_100x100 wp-post-image\" alt=\"Challenge r\u00e9veil musculaire\" srcset=\"https:\/\/ineditfitness.com\/site\/wp-content\/uploads\/2021\/01\/Lachez-prise-24-100x100.jpg 100w, https:\/\/ineditfitness.com\/site\/wp-content\/uploads\/2021\/01\/Lachez-prise-24-150x150.jpg 150w, https:\/\/ineditfitness.com\/site\/wp-content\/uploads\/2021\/01\/Lachez-prise-24-193x193.jpg 193w, https:\/\/ineditfitness.com\/site\/wp-content\/uploads\/2021\/01\/Lachez-prise-24-231x231.jpg 231w, https:\/\/ineditfitness.com\/site\/wp-content\/uploads\/2021\/01\/Lachez-prise-24-289x289.jpg 289w, https:\/\/ineditfitness.com\/site\/wp-content\/uploads\/2021\/01\/Lachez-prise-24-386x386.jpg 386w, https:\/\/ineditfitness.com\/site\/wp-content\/uploads\/2021\/01\/Lachez-prise-24-80x80.jpg 80w\" sizes=\"auto, (max-width: 100px) 100vw, 100px\" \/><\/a>\n\t\t\t\t<\/div>\n\t\t\t\t<div class=\"postright\">\n\t\t\t\t\t<h3><a href=\"https:\/\/ineditfitness.com\/site\/challenge-reveil-musculaire\/\" title=\"Challenge r\u00e9veil musculaire\">Challenge r\u00e9veil musculaire<\/a><\/h3>\n\t\t\t\t\t\n\t\t\t\t<div class=\"datetime\"><span class=\"icon-calendar fa fa-calendar\"><\/span>30 janvier 2021<\/div>\n\t\t\t\t\n\t\t\t\t\t\n\t\t\t\t<div class=\"comment\"><span class=\"icon-comment fa fa-comment\"><\/span>0 Comments<\/div>\n\t\t\t\t<\/div>\n\t\t\t<\/li>\n\t\t\t<li>\n\t\t\t\t<div class=\"postleft\">\n\t\t\t\t\t<a href=\"https:\/\/ineditfitness.com\/site\/challenge-starter\/\" title=\"Challenge Starter\"><img loading=\"lazy\" decoding=\"async\" width=\"100\" height=\"100\" src=\"https:\/\/ineditfitness.com\/site\/wp-content\/uploads\/2021\/01\/challenge-sangle-abdominale-100x100.jpg\" class=\"attachment-thumb_100x100 size-thumb_100x100 wp-post-image\" alt=\"Challenge Starter\" srcset=\"https:\/\/ineditfitness.com\/site\/wp-content\/uploads\/2021\/01\/challenge-sangle-abdominale-100x100.jpg 100w, https:\/\/ineditfitness.com\/site\/wp-content\/uploads\/2021\/01\/challenge-sangle-abdominale-150x150.jpg 150w, https:\/\/ineditfitness.com\/site\/wp-content\/uploads\/2021\/01\/challenge-sangle-abdominale-193x193.jpg 193w, https:\/\/ineditfitness.com\/site\/wp-content\/uploads\/2021\/01\/challenge-sangle-abdominale-231x231.jpg 231w, https:\/\/ineditfitness.com\/site\/wp-content\/uploads\/2021\/01\/challenge-sangle-abdominale-289x289.jpg 289w, https:\/\/ineditfitness.com\/site\/wp-content\/uploads\/2021\/01\/challenge-sangle-abdominale-386x386.jpg 386w, https:\/\/ineditfitness.com\/site\/wp-content\/uploads\/2021\/01\/challenge-sangle-abdominale-80x80.jpg 80w\" sizes=\"auto, (max-width: 100px) 100vw, 100px\" \/><\/a>\n\t\t\t\t<\/div>\n\t\t\t\t<div class=\"postright\">\n\t\t\t\t\t<h3><a href=\"https:\/\/ineditfitness.com\/site\/challenge-starter\/\" title=\"Challenge Starter\">Challenge Starter<\/a><\/h3>\n\t\t\t\t\t\n\t\t\t\t<div class=\"datetime\"><span class=\"icon-calendar fa fa-calendar\"><\/span>6 janvier 2021<\/div>\n\t\t\t\t\n\t\t\t\t\t\n\t\t\t\t<div class=\"comment\"><span class=\"icon-comment fa fa-comment\"><\/span>0 Comments<\/div>\n\t\t\t\t<\/div>\n\t\t\t<\/li>\n\t\t\t<li>\n\t\t\t\t<div class=\"postleft\">\n\t\t\t\t\t<a href=\"https:\/\/ineditfitness.com\/site\/pack-decouverte-offert\/\" title=\"Pack D\u00e9couverte Offert\"><img loading=\"lazy\" decoding=\"async\" width=\"100\" height=\"100\" src=\"https:\/\/ineditfitness.com\/site\/wp-content\/uploads\/2021\/01\/Continuez-a-etre-coache-grace-a-la-visio-.-.-.-100x100.jpg\" class=\"attachment-thumb_100x100 size-thumb_100x100 wp-post-image\" alt=\"Pack D\u00e9couverte Offert\" srcset=\"https:\/\/ineditfitness.com\/site\/wp-content\/uploads\/2021\/01\/Continuez-a-etre-coache-grace-a-la-visio-.-.-.-100x100.jpg 100w, https:\/\/ineditfitness.com\/site\/wp-content\/uploads\/2021\/01\/Continuez-a-etre-coache-grace-a-la-visio-.-.-.-150x150.jpg 150w, https:\/\/ineditfitness.com\/site\/wp-content\/uploads\/2021\/01\/Continuez-a-etre-coache-grace-a-la-visio-.-.-.-193x193.jpg 193w, https:\/\/ineditfitness.com\/site\/wp-content\/uploads\/2021\/01\/Continuez-a-etre-coache-grace-a-la-visio-.-.-.-231x231.jpg 231w, https:\/\/ineditfitness.com\/site\/wp-content\/uploads\/2021\/01\/Continuez-a-etre-coache-grace-a-la-visio-.-.-.-289x289.jpg 289w, https:\/\/ineditfitness.com\/site\/wp-content\/uploads\/2021\/01\/Continuez-a-etre-coache-grace-a-la-visio-.-.-.-386x386.jpg 386w, https:\/\/ineditfitness.com\/site\/wp-content\/uploads\/2021\/01\/Continuez-a-etre-coache-grace-a-la-visio-.-.-.-80x80.jpg 80w\" sizes=\"auto, (max-width: 100px) 100vw, 100px\" \/><\/a>\n\t\t\t\t<\/div>\n\t\t\t\t<div class=\"postright\">\n\t\t\t\t\t<h3><a href=\"https:\/\/ineditfitness.com\/site\/pack-decouverte-offert\/\" title=\"Pack D\u00e9couverte Offert\">Pack D\u00e9couverte Offert<\/a><\/h3>\n\t\t\t\t\t\n\t\t\t\t<div class=\"datetime\"><span class=\"icon-calendar fa fa-calendar\"><\/span>2 janvier 2021<\/div>\n\t\t\t\t\n\t\t\t\t\t\n\t\t\t\t<div class=\"comment\"><span class=\"icon-comment fa fa-comment\"><\/span>0 Comments<\/div>\n\t\t\t\t<\/div>\n\t\t\t<\/li>\n\t\t\t<li>\n\t\t\t\t<div class=\"postleft\">\n\t\t\t\t\t<a href=\"https:\/\/ineditfitness.com\/site\/planning-2021\/\" title=\"Planning 2021\"><img loading=\"lazy\" decoding=\"async\" width=\"100\" height=\"100\" src=\"https:\/\/ineditfitness.com\/site\/wp-content\/uploads\/2020\/12\/planning-2021-100x100.jpg\" class=\"attachment-thumb_100x100 size-thumb_100x100 wp-post-image\" alt=\"Planning 2021\" srcset=\"https:\/\/ineditfitness.com\/site\/wp-content\/uploads\/2020\/12\/planning-2021-100x100.jpg 100w, https:\/\/ineditfitness.com\/site\/wp-content\/uploads\/2020\/12\/planning-2021-150x150.jpg 150w, https:\/\/ineditfitness.com\/site\/wp-content\/uploads\/2020\/12\/planning-2021-193x193.jpg 193w, https:\/\/ineditfitness.com\/site\/wp-content\/uploads\/2020\/12\/planning-2021-231x231.jpg 231w, https:\/\/ineditfitness.com\/site\/wp-content\/uploads\/2020\/12\/planning-2021-289x289.jpg 289w, https:\/\/ineditfitness.com\/site\/wp-content\/uploads\/2020\/12\/planning-2021-386x386.jpg 386w, https:\/\/ineditfitness.com\/site\/wp-content\/uploads\/2020\/12\/planning-2021-80x80.jpg 80w\" sizes=\"auto, (max-width: 100px) 100vw, 100px\" \/><\/a>\n\t\t\t\t<\/div>\n\t\t\t\t<div class=\"postright\">\n\t\t\t\t\t<h3><a href=\"https:\/\/ineditfitness.com\/site\/planning-2021\/\" title=\"Planning 2021\">Planning 2021<\/a><\/h3>\n\t\t\t\t\t\n\t\t\t\t<div class=\"datetime\"><span class=\"icon-calendar fa fa-calendar\"><\/span>20 d\u00e9cembre 2020<\/div>\n\t\t\t\t\n\t\t\t\t\t\n\t\t\t\t<div class=\"comment\"><span class=\"icon-comment fa fa-comment\"><\/span>0 Comments<\/div>\n\t\t\t\t<\/div>\n\t\t\t<\/li>\n\t\t\t<li>\n\t\t\t\t<div class=\"postleft\">\n\t\t\t\t\t<a href=\"https:\/\/ineditfitness.com\/site\/apero-visio\/\" title=\"Ap\u00e9ro visio\"><img loading=\"lazy\" decoding=\"async\" width=\"100\" height=\"100\" src=\"https:\/\/ineditfitness.com\/site\/wp-content\/uploads\/2020\/12\/bientot3-100x100.jpg\" class=\"attachment-thumb_100x100 size-thumb_100x100 wp-post-image\" alt=\"Ap\u00e9ro visio\" srcset=\"https:\/\/ineditfitness.com\/site\/wp-content\/uploads\/2020\/12\/bientot3-100x100.jpg 100w, https:\/\/ineditfitness.com\/site\/wp-content\/uploads\/2020\/12\/bientot3-150x150.jpg 150w, https:\/\/ineditfitness.com\/site\/wp-content\/uploads\/2020\/12\/bientot3-193x193.jpg 193w, https:\/\/ineditfitness.com\/site\/wp-content\/uploads\/2020\/12\/bientot3-231x231.jpg 231w, https:\/\/ineditfitness.com\/site\/wp-content\/uploads\/2020\/12\/bientot3-289x289.jpg 289w, https:\/\/ineditfitness.com\/site\/wp-content\/uploads\/2020\/12\/bientot3-386x386.jpg 386w, https:\/\/ineditfitness.com\/site\/wp-content\/uploads\/2020\/12\/bientot3-80x80.jpg 80w\" sizes=\"auto, (max-width: 100px) 100vw, 100px\" \/><\/a>\n\t\t\t\t<\/div>\n\t\t\t\t<div class=\"postright\">\n\t\t\t\t\t<h3><a href=\"https:\/\/ineditfitness.com\/site\/apero-visio\/\" title=\"Ap\u00e9ro visio\">Ap\u00e9ro visio<\/a><\/h3>\n\t\t\t\t\t\n\t\t\t\t<div class=\"datetime\"><span class=\"icon-calendar fa fa-calendar\"><\/span>16 d\u00e9cembre 2020<\/div>\n\t\t\t\t\n\t\t\t\t\t\n\t\t\t\t<div class=\"comment\"><span class=\"icon-comment fa fa-comment\"><\/span>0 Comments<\/div>\n\t\t\t\t<\/div>\n\t\t\t<\/li>\n\t\t\t<li>\n\t\t\t\t<div class=\"postleft\">\n\t\t\t\t\t<a href=\"https:\/\/ineditfitness.com\/site\/planning-fin-dannee-2020\/\" title=\"Planning fin d&rsquo;ann\u00e9e 2020\"><img loading=\"lazy\" decoding=\"async\" width=\"100\" height=\"100\" src=\"https:\/\/ineditfitness.com\/site\/wp-content\/uploads\/2020\/12\/planning-2021-1-100x100.jpg\" class=\"attachment-thumb_100x100 size-thumb_100x100 wp-post-image\" alt=\"Planning fin d&rsquo;ann\u00e9e 2020\" srcset=\"https:\/\/ineditfitness.com\/site\/wp-content\/uploads\/2020\/12\/planning-2021-1-100x100.jpg 100w, https:\/\/ineditfitness.com\/site\/wp-content\/uploads\/2020\/12\/planning-2021-1-150x150.jpg 150w, https:\/\/ineditfitness.com\/site\/wp-content\/uploads\/2020\/12\/planning-2021-1-193x193.jpg 193w, https:\/\/ineditfitness.com\/site\/wp-content\/uploads\/2020\/12\/planning-2021-1-231x231.jpg 231w, https:\/\/ineditfitness.com\/site\/wp-content\/uploads\/2020\/12\/planning-2021-1-289x289.jpg 289w, https:\/\/ineditfitness.com\/site\/wp-content\/uploads\/2020\/12\/planning-2021-1-386x386.jpg 386w, https:\/\/ineditfitness.com\/site\/wp-content\/uploads\/2020\/12\/planning-2021-1-80x80.jpg 80w\" sizes=\"auto, (max-width: 100px) 100vw, 100px\" \/><\/a>\n\t\t\t\t<\/div>\n\t\t\t\t<div class=\"postright\">\n\t\t\t\t\t<h3><a href=\"https:\/\/ineditfitness.com\/site\/planning-fin-dannee-2020\/\" title=\"Planning fin d&rsquo;ann\u00e9e 2020\">Planning fin d&rsquo;ann\u00e9e 2020<\/a><\/h3>\n\t\t\t\t\t\n\t\t\t\t<div class=\"datetime\"><span class=\"icon-calendar fa fa-calendar\"><\/span>12 d\u00e9cembre 2020<\/div>\n\t\t\t\t\n\t\t\t\t\t\n\t\t\t\t<div class=\"comment\"><span class=\"icon-comment fa fa-comment\"><\/span>0 Comments<\/div>\n\t\t\t\t<\/div>\n\t\t\t<\/li>\n\t\t\t<li>\n\t\t\t\t<div class=\"postleft\">\n\t\t\t\t\t<a href=\"https:\/\/ineditfitness.com\/site\/carte-cadeau-noel\/\" title=\"Carte cadeau &#8211; No\u00ebl\"><img loading=\"lazy\" decoding=\"async\" width=\"100\" height=\"100\" src=\"https:\/\/ineditfitness.com\/site\/wp-content\/uploads\/2020\/11\/carte-cadeau-noel1-100x100.jpg\" class=\"attachment-thumb_100x100 size-thumb_100x100 wp-post-image\" alt=\"Carte cadeau &#8211; No\u00ebl\" srcset=\"https:\/\/ineditfitness.com\/site\/wp-content\/uploads\/2020\/11\/carte-cadeau-noel1-100x100.jpg 100w, https:\/\/ineditfitness.com\/site\/wp-content\/uploads\/2020\/11\/carte-cadeau-noel1-150x150.jpg 150w, https:\/\/ineditfitness.com\/site\/wp-content\/uploads\/2020\/11\/carte-cadeau-noel1-193x193.jpg 193w, https:\/\/ineditfitness.com\/site\/wp-content\/uploads\/2020\/11\/carte-cadeau-noel1-231x231.jpg 231w, https:\/\/ineditfitness.com\/site\/wp-content\/uploads\/2020\/11\/carte-cadeau-noel1-289x289.jpg 289w, https:\/\/ineditfitness.com\/site\/wp-content\/uploads\/2020\/11\/carte-cadeau-noel1-386x386.jpg 386w, https:\/\/ineditfitness.com\/site\/wp-content\/uploads\/2020\/11\/carte-cadeau-noel1-80x80.jpg 80w\" sizes=\"auto, (max-width: 100px) 100vw, 100px\" \/><\/a>\n\t\t\t\t<\/div>\n\t\t\t\t<div class=\"postright\">\n\t\t\t\t\t<h3><a href=\"https:\/\/ineditfitness.com\/site\/carte-cadeau-noel\/\" title=\"Carte cadeau &#8211; No\u00ebl\">Carte cadeau &#8211; No\u00ebl<\/a><\/h3>\n\t\t\t\t\t\n\t\t\t\t<div class=\"datetime\"><span class=\"icon-calendar fa fa-calendar\"><\/span>27 novembre 2020<\/div>\n\t\t\t\t\n\t\t\t\t\t\n\t\t\t\t<div class=\"comment\"><span class=\"icon-comment fa fa-comment\"><\/span>0 Comments<\/div>\n\t\t\t\t<\/div>\n\t\t\t<\/li>\n\t\t\t<li>\n\t\t\t\t<div class=\"postleft\">\n\t\t\t\t\t<a href=\"https:\/\/ineditfitness.com\/site\/seance-privee-offerte\/\" title=\"S\u00e9ance priv\u00e9e offerte\"><img loading=\"lazy\" decoding=\"async\" width=\"100\" height=\"100\" src=\"https:\/\/ineditfitness.com\/site\/wp-content\/uploads\/2020\/11\/Seance-privee-avec-vos-proches-100x100.jpg\" class=\"attachment-thumb_100x100 size-thumb_100x100 wp-post-image\" alt=\"S\u00e9ance priv\u00e9e offerte\" srcset=\"https:\/\/ineditfitness.com\/site\/wp-content\/uploads\/2020\/11\/Seance-privee-avec-vos-proches-100x100.jpg 100w, https:\/\/ineditfitness.com\/site\/wp-content\/uploads\/2020\/11\/Seance-privee-avec-vos-proches-150x150.jpg 150w, https:\/\/ineditfitness.com\/site\/wp-content\/uploads\/2020\/11\/Seance-privee-avec-vos-proches-193x193.jpg 193w, https:\/\/ineditfitness.com\/site\/wp-content\/uploads\/2020\/11\/Seance-privee-avec-vos-proches-231x231.jpg 231w, https:\/\/ineditfitness.com\/site\/wp-content\/uploads\/2020\/11\/Seance-privee-avec-vos-proches-289x289.jpg 289w, https:\/\/ineditfitness.com\/site\/wp-content\/uploads\/2020\/11\/Seance-privee-avec-vos-proches-386x386.jpg 386w, https:\/\/ineditfitness.com\/site\/wp-content\/uploads\/2020\/11\/Seance-privee-avec-vos-proches-80x80.jpg 80w\" sizes=\"auto, (max-width: 100px) 100vw, 100px\" \/><\/a>\n\t\t\t\t<\/div>\n\t\t\t\t<div class=\"postright\">\n\t\t\t\t\t<h3><a href=\"https:\/\/ineditfitness.com\/site\/seance-privee-offerte\/\" title=\"S\u00e9ance priv\u00e9e offerte\">S\u00e9ance priv\u00e9e offerte<\/a><\/h3>\n\t\t\t\t\t\n\t\t\t\t<div class=\"datetime\"><span class=\"icon-calendar fa fa-calendar\"><\/span>19 novembre 2020<\/div>\n\t\t\t\t\n\t\t\t\t\t\n\t\t\t\t<div class=\"comment\"><span class=\"icon-comment fa fa-comment\"><\/span>0 Comments<\/div>\n\t\t\t\t<\/div>\n\t\t\t<\/li>\n\t\t\t<li>\n\t\t\t\t<div class=\"postleft\">\n\t\t\t\t\t<a href=\"https:\/\/ineditfitness.com\/site\/challenge-ventre-plat\/\" title=\"Challenge ventre plat\"><img loading=\"lazy\" decoding=\"async\" width=\"100\" height=\"100\" src=\"https:\/\/ineditfitness.com\/site\/wp-content\/uploads\/2020\/11\/challenge-sangle-abdominale-100x100.jpg\" class=\"attachment-thumb_100x100 size-thumb_100x100 wp-post-image\" alt=\"Challenge ventre plat\" srcset=\"https:\/\/ineditfitness.com\/site\/wp-content\/uploads\/2020\/11\/challenge-sangle-abdominale-100x100.jpg 100w, https:\/\/ineditfitness.com\/site\/wp-content\/uploads\/2020\/11\/challenge-sangle-abdominale-150x150.jpg 150w, https:\/\/ineditfitness.com\/site\/wp-content\/uploads\/2020\/11\/challenge-sangle-abdominale-193x193.jpg 193w, https:\/\/ineditfitness.com\/site\/wp-content\/uploads\/2020\/11\/challenge-sangle-abdominale-231x231.jpg 231w, https:\/\/ineditfitness.com\/site\/wp-content\/uploads\/2020\/11\/challenge-sangle-abdominale-289x289.jpg 289w, https:\/\/ineditfitness.com\/site\/wp-content\/uploads\/2020\/11\/challenge-sangle-abdominale-386x386.jpg 386w, https:\/\/ineditfitness.com\/site\/wp-content\/uploads\/2020\/11\/challenge-sangle-abdominale-80x80.jpg 80w\" sizes=\"auto, (max-width: 100px) 100vw, 100px\" \/><\/a>\n\t\t\t\t<\/div>\n\t\t\t\t<div class=\"postright\">\n\t\t\t\t\t<h3><a href=\"https:\/\/ineditfitness.com\/site\/challenge-ventre-plat\/\" title=\"Challenge ventre plat\">Challenge ventre plat<\/a><\/h3>\n\t\t\t\t\t\n\t\t\t\t<div class=\"datetime\"><span class=\"icon-calendar fa fa-calendar\"><\/span>1 novembre 2020<\/div>\n\t\t\t\t\n\t\t\t\t\t\n\t\t\t\t<div class=\"comment\"><span class=\"icon-comment fa fa-comment\"><\/span>0 Comments<\/div>\n\t\t\t\t<\/div>\n\t\t\t<\/li>\n\t\t\t<li>\n\t\t\t\t<div class=\"postleft\">\n\t\t\t\t\t<a href=\"https:\/\/ineditfitness.com\/site\/nouveau-planning-novembre-2020\/\" title=\"Nouveau planning novembre 2020\"><\/a>\n\t\t\t\t<\/div>\n\t\t\t\t<div class=\"postright\">\n\t\t\t\t\t<h3><a href=\"https:\/\/ineditfitness.com\/site\/nouveau-planning-novembre-2020\/\" title=\"Nouveau planning novembre 2020\">Nouveau planning novembre 2020<\/a><\/h3>\n\t\t\t\t\t\n\t\t\t\t<div class=\"datetime\"><span class=\"icon-calendar fa fa-calendar\"><\/span>31 octobre 2020<\/div>\n\t\t\t\t\n\t\t\t\t\t\n\t\t\t\t<div class=\"comment\"><span class=\"icon-comment fa fa-comment\"><\/span>0 Comments<\/div>\n\t\t\t\t<\/div>\n\t\t\t<\/li>\n\t\t\t<li>\n\t\t\t\t<div class=\"postleft\">\n\t\t\t\t\t<a href=\"https:\/\/ineditfitness.com\/site\/seances-en-salle-avec-une-prescription-medicale\/\" title=\"S\u00e9ances en salle avec une prescription m\u00e9dicale\"><img loading=\"lazy\" decoding=\"async\" width=\"100\" height=\"100\" src=\"https:\/\/ineditfitness.com\/site\/wp-content\/uploads\/2020\/10\/Sans-titre20-100x100.jpg\" class=\"attachment-thumb_100x100 size-thumb_100x100 wp-post-image\" alt=\"S\u00e9ances en salle avec une prescription m\u00e9dicale\" srcset=\"https:\/\/ineditfitness.com\/site\/wp-content\/uploads\/2020\/10\/Sans-titre20-100x100.jpg 100w, https:\/\/ineditfitness.com\/site\/wp-content\/uploads\/2020\/10\/Sans-titre20-150x150.jpg 150w, https:\/\/ineditfitness.com\/site\/wp-content\/uploads\/2020\/10\/Sans-titre20-193x193.jpg 193w, https:\/\/ineditfitness.com\/site\/wp-content\/uploads\/2020\/10\/Sans-titre20-231x231.jpg 231w, https:\/\/ineditfitness.com\/site\/wp-content\/uploads\/2020\/10\/Sans-titre20-289x289.jpg 289w, https:\/\/ineditfitness.com\/site\/wp-content\/uploads\/2020\/10\/Sans-titre20-386x386.jpg 386w, https:\/\/ineditfitness.com\/site\/wp-content\/uploads\/2020\/10\/Sans-titre20-80x80.jpg 80w\" sizes=\"auto, (max-width: 100px) 100vw, 100px\" \/><\/a>\n\t\t\t\t<\/div>\n\t\t\t\t<div class=\"postright\">\n\t\t\t\t\t<h3><a href=\"https:\/\/ineditfitness.com\/site\/seances-en-salle-avec-une-prescription-medicale\/\" title=\"S\u00e9ances en salle avec une prescription m\u00e9dicale\">S\u00e9ances en salle avec une prescription m\u00e9dicale<\/a><\/h3>\n\t\t\t\t\t\n\t\t\t\t<div class=\"datetime\"><span class=\"icon-calendar fa fa-calendar\"><\/span>19 octobre 2020<\/div>\n\t\t\t\t\n\t\t\t\t\t\n\t\t\t\t<div class=\"comment\"><span class=\"icon-comment fa fa-comment\"><\/span>0 Comments<\/div>\n\t\t\t\t<\/div>\n\t\t\t<\/li>\n\t\t\t<li>\n\t\t\t\t<div class=\"postleft\">\n\t\t\t\t\t<a href=\"https:\/\/ineditfitness.com\/site\/renforcement-des-mesures-sanitaires-covid\/\" title=\"Renforcement des mesures sanitaires &#8211; COVID\"><img loading=\"lazy\" decoding=\"async\" width=\"100\" height=\"100\" src=\"https:\/\/ineditfitness.com\/site\/wp-content\/uploads\/2020\/09\/Sans-titre21-100x100.jpg\" class=\"attachment-thumb_100x100 size-thumb_100x100 wp-post-image\" alt=\"Renforcement des mesures sanitaires &#8211; COVID\" srcset=\"https:\/\/ineditfitness.com\/site\/wp-content\/uploads\/2020\/09\/Sans-titre21-100x100.jpg 100w, https:\/\/ineditfitness.com\/site\/wp-content\/uploads\/2020\/09\/Sans-titre21-150x150.jpg 150w, https:\/\/ineditfitness.com\/site\/wp-content\/uploads\/2020\/09\/Sans-titre21-193x193.jpg 193w, https:\/\/ineditfitness.com\/site\/wp-content\/uploads\/2020\/09\/Sans-titre21-231x231.jpg 231w, https:\/\/ineditfitness.com\/site\/wp-content\/uploads\/2020\/09\/Sans-titre21-289x289.jpg 289w, https:\/\/ineditfitness.com\/site\/wp-content\/uploads\/2020\/09\/Sans-titre21-386x386.jpg 386w, https:\/\/ineditfitness.com\/site\/wp-content\/uploads\/2020\/09\/Sans-titre21-80x80.jpg 80w\" sizes=\"auto, (max-width: 100px) 100vw, 100px\" \/><\/a>\n\t\t\t\t<\/div>\n\t\t\t\t<div class=\"postright\">\n\t\t\t\t\t<h3><a href=\"https:\/\/ineditfitness.com\/site\/renforcement-des-mesures-sanitaires-covid\/\" title=\"Renforcement des mesures sanitaires &#8211; COVID\">Renforcement des mesures sanitaires &#8211; COVID<\/a><\/h3>\n\t\t\t\t\t\n\t\t\t\t<div class=\"datetime\"><span class=\"icon-calendar fa fa-calendar\"><\/span>26 septembre 2020<\/div>\n\t\t\t\t\n\t\t\t\t\t\n\t\t\t\t<div class=\"comment\"><span class=\"icon-comment fa fa-comment\"><\/span>0 Comments<\/div>\n\t\t\t\t<\/div>\n\t\t\t<\/li>\n\t\t\t<li>\n\t\t\t\t<div class=\"postleft\">\n\t\t\t\t\t<a href=\"https:\/\/ineditfitness.com\/site\/matinee-speciale\/\" title=\"M\u00e2tin\u00e9e sp\u00e9ciale\"><\/a>\n\t\t\t\t<\/div>\n\t\t\t\t<div class=\"postright\">\n\t\t\t\t\t<h3><a href=\"https:\/\/ineditfitness.com\/site\/matinee-speciale\/\" title=\"M\u00e2tin\u00e9e sp\u00e9ciale\">M\u00e2tin\u00e9e sp\u00e9ciale<\/a><\/h3>\n\t\t\t\t\t\n\t\t\t\t<div class=\"datetime\"><span class=\"icon-calendar fa fa-calendar\"><\/span>5 juin 2017<\/div>\n\t\t\t\t\n\t\t\t\t\t\n\t\t\t\t<div class=\"comment\"><span class=\"icon-comment fa fa-comment\"><\/span>0 Comments<\/div>\n\t\t\t\t<\/div>\n\t\t\t<\/li>\n\t\t\t<li>\n\t\t\t\t<div class=\"postleft\">\n\t\t\t\t\t<a href=\"https:\/\/ineditfitness.com\/site\/article-progres-cest-ville\/\" title=\"Article sur le Progr\u00e8s &#8211; c&rsquo;est en ville\"><img loading=\"lazy\" decoding=\"async\" width=\"100\" height=\"100\" src=\"https:\/\/ineditfitness.com\/site\/wp-content\/uploads\/2017\/05\/Article-INEDIT-FITNESS-mai-2017-100x100.jpg\" class=\"attachment-thumb_100x100 size-thumb_100x100 wp-post-image\" alt=\"Article sur le Progr\u00e8s &#8211; c&rsquo;est en ville\" srcset=\"https:\/\/ineditfitness.com\/site\/wp-content\/uploads\/2017\/05\/Article-INEDIT-FITNESS-mai-2017-100x100.jpg 100w, https:\/\/ineditfitness.com\/site\/wp-content\/uploads\/2017\/05\/Article-INEDIT-FITNESS-mai-2017-80x80.jpg 80w, https:\/\/ineditfitness.com\/site\/wp-content\/uploads\/2017\/05\/Article-INEDIT-FITNESS-mai-2017-150x150.jpg 150w, https:\/\/ineditfitness.com\/site\/wp-content\/uploads\/2017\/05\/Article-INEDIT-FITNESS-mai-2017-193x193.jpg 193w, https:\/\/ineditfitness.com\/site\/wp-content\/uploads\/2017\/05\/Article-INEDIT-FITNESS-mai-2017-231x231.jpg 231w, https:\/\/ineditfitness.com\/site\/wp-content\/uploads\/2017\/05\/Article-INEDIT-FITNESS-mai-2017-289x289.jpg 289w, https:\/\/ineditfitness.com\/site\/wp-content\/uploads\/2017\/05\/Article-INEDIT-FITNESS-mai-2017-386x386.jpg 386w\" sizes=\"auto, (max-width: 100px) 100vw, 100px\" \/><\/a>\n\t\t\t\t<\/div>\n\t\t\t\t<div class=\"postright\">\n\t\t\t\t\t<h3><a href=\"https:\/\/ineditfitness.com\/site\/article-progres-cest-ville\/\" title=\"Article sur le Progr\u00e8s &#8211; c&rsquo;est en ville\">Article sur le Progr\u00e8s &#8211; c&rsquo;est en ville<\/a><\/h3>\n\t\t\t\t\t\n\t\t\t\t<div class=\"datetime\"><span class=\"icon-calendar fa fa-calendar\"><\/span>26 mai 2017<\/div>\n\t\t\t\t\n\t\t\t\t\t\n\t\t\t\t<div class=\"comment\"><span class=\"icon-comment fa fa-comment\"><\/span>0 Comments<\/div>\n\t\t\t\t<\/div>\n\t\t\t<\/li>\n\t\t\t<li>\n\t\t\t\t<div class=\"postleft\">\n\t\t\t\t\t<a href=\"https:\/\/ineditfitness.com\/site\/preparez-vous-pour-lete\/\" title=\"Pr\u00e9parez-vous pour l&rsquo;\u00e9t\u00e9\"><img loading=\"lazy\" decoding=\"async\" width=\"100\" height=\"100\" src=\"https:\/\/ineditfitness.com\/site\/wp-content\/uploads\/2017\/04\/Pr\u00e9parez-l\u00e9t\u00e9-Studio-INEDIT-FITNESS2-100x100.jpg\" class=\"attachment-thumb_100x100 size-thumb_100x100 wp-post-image\" alt=\"Pr\u00e9parez-vous pour l&rsquo;\u00e9t\u00e9\" srcset=\"https:\/\/ineditfitness.com\/site\/wp-content\/uploads\/2017\/04\/Pr\u00e9parez-l\u00e9t\u00e9-Studio-INEDIT-FITNESS2-100x100.jpg 100w, https:\/\/ineditfitness.com\/site\/wp-content\/uploads\/2017\/04\/Pr\u00e9parez-l\u00e9t\u00e9-Studio-INEDIT-FITNESS2-80x80.jpg 80w, https:\/\/ineditfitness.com\/site\/wp-content\/uploads\/2017\/04\/Pr\u00e9parez-l\u00e9t\u00e9-Studio-INEDIT-FITNESS2-150x150.jpg 150w, https:\/\/ineditfitness.com\/site\/wp-content\/uploads\/2017\/04\/Pr\u00e9parez-l\u00e9t\u00e9-Studio-INEDIT-FITNESS2-193x193.jpg 193w, https:\/\/ineditfitness.com\/site\/wp-content\/uploads\/2017\/04\/Pr\u00e9parez-l\u00e9t\u00e9-Studio-INEDIT-FITNESS2-231x231.jpg 231w, https:\/\/ineditfitness.com\/site\/wp-content\/uploads\/2017\/04\/Pr\u00e9parez-l\u00e9t\u00e9-Studio-INEDIT-FITNESS2-289x289.jpg 289w, https:\/\/ineditfitness.com\/site\/wp-content\/uploads\/2017\/04\/Pr\u00e9parez-l\u00e9t\u00e9-Studio-INEDIT-FITNESS2-386x386.jpg 386w\" sizes=\"auto, (max-width: 100px) 100vw, 100px\" \/><\/a>\n\t\t\t\t<\/div>\n\t\t\t\t<div class=\"postright\">\n\t\t\t\t\t<h3><a href=\"https:\/\/ineditfitness.com\/site\/preparez-vous-pour-lete\/\" title=\"Pr\u00e9parez-vous pour l&rsquo;\u00e9t\u00e9\">Pr\u00e9parez-vous pour l&rsquo;\u00e9t\u00e9<\/a><\/h3>\n\t\t\t\t\t\n\t\t\t\t<div class=\"datetime\"><span class=\"icon-calendar fa fa-calendar\"><\/span>29 avril 2017<\/div>\n\t\t\t\t\n\t\t\t\t\t\n\t\t\t\t<div class=\"comment\"><span class=\"icon-comment fa fa-comment\"><\/span>0 Comments<\/div>\n\t\t\t\t<\/div>\n\t\t\t<\/li>\n\t\t\t<li>\n\t\t\t\t<div class=\"postleft\">\n\t\t\t\t\t<a href=\"https:\/\/ineditfitness.com\/site\/semaine-portes-ouvertes-2017\/\" title=\"Semaine Portes Ouvertes 2017\"><img loading=\"lazy\" decoding=\"async\" width=\"100\" height=\"100\" src=\"https:\/\/ineditfitness.com\/site\/wp-content\/uploads\/2017\/01\/Studio-INEDIT-FITNESS-2-ans-100x100.jpg\" class=\"attachment-thumb_100x100 size-thumb_100x100 wp-post-image\" alt=\"Semaine Portes Ouvertes 2017\" srcset=\"https:\/\/ineditfitness.com\/site\/wp-content\/uploads\/2017\/01\/Studio-INEDIT-FITNESS-2-ans-100x100.jpg 100w, https:\/\/ineditfitness.com\/site\/wp-content\/uploads\/2017\/01\/Studio-INEDIT-FITNESS-2-ans-80x80.jpg 80w, https:\/\/ineditfitness.com\/site\/wp-content\/uploads\/2017\/01\/Studio-INEDIT-FITNESS-2-ans-150x150.jpg 150w, https:\/\/ineditfitness.com\/site\/wp-content\/uploads\/2017\/01\/Studio-INEDIT-FITNESS-2-ans-193x193.jpg 193w, https:\/\/ineditfitness.com\/site\/wp-content\/uploads\/2017\/01\/Studio-INEDIT-FITNESS-2-ans-231x231.jpg 231w, https:\/\/ineditfitness.com\/site\/wp-content\/uploads\/2017\/01\/Studio-INEDIT-FITNESS-2-ans-289x289.jpg 289w, https:\/\/ineditfitness.com\/site\/wp-content\/uploads\/2017\/01\/Studio-INEDIT-FITNESS-2-ans-386x386.jpg 386w\" sizes=\"auto, (max-width: 100px) 100vw, 100px\" \/><\/a>\n\t\t\t\t<\/div>\n\t\t\t\t<div class=\"postright\">\n\t\t\t\t\t<h3><a href=\"https:\/\/ineditfitness.com\/site\/semaine-portes-ouvertes-2017\/\" title=\"Semaine Portes Ouvertes 2017\">Semaine Portes Ouvertes 2017<\/a><\/h3>\n\t\t\t\t\t\n\t\t\t\t<div class=\"datetime\"><span class=\"icon-calendar fa fa-calendar\"><\/span>3 janvier 2017<\/div>\n\t\t\t\t\n\t\t\t\t\t\n\t\t\t\t<div class=\"comment\"><span class=\"icon-comment fa fa-comment\"><\/span>0 Comments<\/div>\n\t\t\t\t<\/div>\n\t\t\t<\/li>\n\t\t\t<li>\n\t\t\t\t<div class=\"postleft\">\n\t\t\t\t\t<a href=\"https:\/\/ineditfitness.com\/site\/video-la-france-a-un-incroyable-talent-ubound\/\" title=\"Vid\u00e9o la France a un incroyable Talent &#8211; ubound\"><img loading=\"lazy\" decoding=\"async\" width=\"100\" height=\"100\" src=\"https:\/\/ineditfitness.com\/site\/wp-content\/uploads\/2016\/10\/TEAM-JUMP-100x100.jpg\" class=\"attachment-thumb_100x100 size-thumb_100x100 wp-post-image\" alt=\"Vid\u00e9o la France a un incroyable Talent &#8211; ubound\" srcset=\"https:\/\/ineditfitness.com\/site\/wp-content\/uploads\/2016\/10\/TEAM-JUMP-100x100.jpg 100w, https:\/\/ineditfitness.com\/site\/wp-content\/uploads\/2016\/10\/TEAM-JUMP-80x80.jpg 80w, https:\/\/ineditfitness.com\/site\/wp-content\/uploads\/2016\/10\/TEAM-JUMP-150x150.jpg 150w, https:\/\/ineditfitness.com\/site\/wp-content\/uploads\/2016\/10\/TEAM-JUMP-193x193.jpg 193w, https:\/\/ineditfitness.com\/site\/wp-content\/uploads\/2016\/10\/TEAM-JUMP-231x231.jpg 231w, https:\/\/ineditfitness.com\/site\/wp-content\/uploads\/2016\/10\/TEAM-JUMP-289x289.jpg 289w, https:\/\/ineditfitness.com\/site\/wp-content\/uploads\/2016\/10\/TEAM-JUMP-386x386.jpg 386w\" sizes=\"auto, (max-width: 100px) 100vw, 100px\" \/><\/a>\n\t\t\t\t<\/div>\n\t\t\t\t<div class=\"postright\">\n\t\t\t\t\t<h3><a href=\"https:\/\/ineditfitness.com\/site\/video-la-france-a-un-incroyable-talent-ubound\/\" title=\"Vid\u00e9o la France a un incroyable Talent &#8211; ubound\">Vid\u00e9o la France a un incroyable Talent &#8211; ubound<\/a><\/h3>\n\t\t\t\t\t\n\t\t\t\t<div class=\"datetime\"><span class=\"icon-calendar fa fa-calendar\"><\/span>5 novembre 2016<\/div>\n\t\t\t\t\n\t\t\t\t\t\n\t\t\t\t<div class=\"comment\"><span class=\"icon-comment fa fa-comment\"><\/span>0 Comments<\/div>\n\t\t\t\t<\/div>\n\t\t\t<\/li>\n\t\t\t<li>\n\t\t\t\t<div class=\"postleft\">\n\t\t\t\t\t<a href=\"https:\/\/ineditfitness.com\/site\/incroyable-talent-team-jump\/\" title=\"La France a un incroyable Talent &#8211; Team Jump\"><img loading=\"lazy\" decoding=\"async\" width=\"100\" height=\"100\" src=\"https:\/\/ineditfitness.com\/site\/wp-content\/uploads\/2016\/10\/LA-FRANCE-A-UN-INCROYABLE-TALENT-1-100x100.jpg\" class=\"attachment-thumb_100x100 size-thumb_100x100 wp-post-image\" alt=\"La France a un incroyable Talent &#8211; Team Jump\" srcset=\"https:\/\/ineditfitness.com\/site\/wp-content\/uploads\/2016\/10\/LA-FRANCE-A-UN-INCROYABLE-TALENT-1-100x100.jpg 100w, https:\/\/ineditfitness.com\/site\/wp-content\/uploads\/2016\/10\/LA-FRANCE-A-UN-INCROYABLE-TALENT-1-80x80.jpg 80w, https:\/\/ineditfitness.com\/site\/wp-content\/uploads\/2016\/10\/LA-FRANCE-A-UN-INCROYABLE-TALENT-1-150x150.jpg 150w, https:\/\/ineditfitness.com\/site\/wp-content\/uploads\/2016\/10\/LA-FRANCE-A-UN-INCROYABLE-TALENT-1-193x193.jpg 193w, https:\/\/ineditfitness.com\/site\/wp-content\/uploads\/2016\/10\/LA-FRANCE-A-UN-INCROYABLE-TALENT-1-231x231.jpg 231w\" sizes=\"auto, (max-width: 100px) 100vw, 100px\" \/><\/a>\n\t\t\t\t<\/div>\n\t\t\t\t<div class=\"postright\">\n\t\t\t\t\t<h3><a href=\"https:\/\/ineditfitness.com\/site\/incroyable-talent-team-jump\/\" title=\"La France a un incroyable Talent &#8211; Team Jump\">La France a un incroyable Talent &#8211; Team Jump<\/a><\/h3>\n\t\t\t\t\t\n\t\t\t\t<div class=\"datetime\"><span class=\"icon-calendar fa fa-calendar\"><\/span>27 octobre 2016<\/div>\n\t\t\t\t\n\t\t\t\t\t\n\t\t\t\t<div class=\"comment\"><span class=\"icon-comment fa fa-comment\"><\/span>0 Comments<\/div>\n\t\t\t\t<\/div>\n\t\t\t<\/li>\n\t\t\t<li>\n\t\t\t\t<div class=\"postleft\">\n\t\t\t\t\t<a href=\"https:\/\/ineditfitness.com\/site\/sports-tendance-saison-2016-2017\/\" title=\"Sports tendance saison 2016-2017\"><\/a>\n\t\t\t\t<\/div>\n\t\t\t\t<div class=\"postright\">\n\t\t\t\t\t<h3><a href=\"https:\/\/ineditfitness.com\/site\/sports-tendance-saison-2016-2017\/\" title=\"Sports tendance saison 2016-2017\">Sports tendance saison 2016-2017<\/a><\/h3>\n\t\t\t\t\t\n\t\t\t\t<div class=\"datetime\"><span class=\"icon-calendar fa fa-calendar\"><\/span>13 octobre 2016<\/div>\n\t\t\t\t\n\t\t\t\t\t\n\t\t\t\t<div class=\"comment\"><span class=\"icon-comment fa fa-comment\"><\/span>0 Comments<\/div>\n\t\t\t\t<\/div>\n\t\t\t<\/li>\n\t\t\t<li>\n\t\t\t\t<div class=\"postleft\">\n\t\t\t\t\t<a href=\"https:\/\/ineditfitness.com\/site\/semaine-portes-ouvertes\/\" title=\"Semaine Portes Ouvertes\"><img loading=\"lazy\" decoding=\"async\" width=\"100\" height=\"100\" src=\"https:\/\/ineditfitness.com\/site\/wp-content\/uploads\/2016\/08\/Studio-INEDIT-FITNESS-Portes-Ouvertes-Sept-16-100x100.jpg\" class=\"attachment-thumb_100x100 size-thumb_100x100 wp-post-image\" alt=\"Semaine Portes Ouvertes\" srcset=\"https:\/\/ineditfitness.com\/site\/wp-content\/uploads\/2016\/08\/Studio-INEDIT-FITNESS-Portes-Ouvertes-Sept-16-100x100.jpg 100w, https:\/\/ineditfitness.com\/site\/wp-content\/uploads\/2016\/08\/Studio-INEDIT-FITNESS-Portes-Ouvertes-Sept-16-80x80.jpg 80w, https:\/\/ineditfitness.com\/site\/wp-content\/uploads\/2016\/08\/Studio-INEDIT-FITNESS-Portes-Ouvertes-Sept-16-150x150.jpg 150w, https:\/\/ineditfitness.com\/site\/wp-content\/uploads\/2016\/08\/Studio-INEDIT-FITNESS-Portes-Ouvertes-Sept-16-193x193.jpg 193w, https:\/\/ineditfitness.com\/site\/wp-content\/uploads\/2016\/08\/Studio-INEDIT-FITNESS-Portes-Ouvertes-Sept-16-231x231.jpg 231w, https:\/\/ineditfitness.com\/site\/wp-content\/uploads\/2016\/08\/Studio-INEDIT-FITNESS-Portes-Ouvertes-Sept-16-289x289.jpg 289w, https:\/\/ineditfitness.com\/site\/wp-content\/uploads\/2016\/08\/Studio-INEDIT-FITNESS-Portes-Ouvertes-Sept-16-386x386.jpg 386w\" sizes=\"auto, (max-width: 100px) 100vw, 100px\" \/><\/a>\n\t\t\t\t<\/div>\n\t\t\t\t<div class=\"postright\">\n\t\t\t\t\t<h3><a href=\"https:\/\/ineditfitness.com\/site\/semaine-portes-ouvertes\/\" title=\"Semaine Portes Ouvertes\">Semaine Portes Ouvertes<\/a><\/h3>\n\t\t\t\t\t\n\t\t\t\t<div class=\"datetime\"><span class=\"icon-calendar fa fa-calendar\"><\/span>4 ao\u00fbt 2016<\/div>\n\t\t\t\t\n\t\t\t\t\t\n\t\t\t\t<div class=\"comment\"><span class=\"icon-comment fa fa-comment\"><\/span>0 Comments<\/div>\n\t\t\t\t<\/div>\n\t\t\t<\/li>\n\t\t\t<li>\n\t\t\t\t<div class=\"postleft\">\n\t\t\t\t\t<a href=\"https:\/\/ineditfitness.com\/site\/atelier-relooking\/\" title=\"Atelier Relooking\"><img loading=\"lazy\" decoding=\"async\" width=\"100\" height=\"100\" src=\"https:\/\/ineditfitness.com\/site\/wp-content\/uploads\/2016\/05\/Studio-INEDIT-FITNESS-Atelier-relooking-100x100.jpg\" class=\"attachment-thumb_100x100 size-thumb_100x100 wp-post-image\" alt=\"Atelier Relooking\" srcset=\"https:\/\/ineditfitness.com\/site\/wp-content\/uploads\/2016\/05\/Studio-INEDIT-FITNESS-Atelier-relooking-100x100.jpg 100w, https:\/\/ineditfitness.com\/site\/wp-content\/uploads\/2016\/05\/Studio-INEDIT-FITNESS-Atelier-relooking-80x80.jpg 80w, https:\/\/ineditfitness.com\/site\/wp-content\/uploads\/2016\/05\/Studio-INEDIT-FITNESS-Atelier-relooking-150x150.jpg 150w, https:\/\/ineditfitness.com\/site\/wp-content\/uploads\/2016\/05\/Studio-INEDIT-FITNESS-Atelier-relooking-193x193.jpg 193w, https:\/\/ineditfitness.com\/site\/wp-content\/uploads\/2016\/05\/Studio-INEDIT-FITNESS-Atelier-relooking-231x231.jpg 231w, https:\/\/ineditfitness.com\/site\/wp-content\/uploads\/2016\/05\/Studio-INEDIT-FITNESS-Atelier-relooking-289x289.jpg 289w, https:\/\/ineditfitness.com\/site\/wp-content\/uploads\/2016\/05\/Studio-INEDIT-FITNESS-Atelier-relooking-386x386.jpg 386w\" sizes=\"auto, (max-width: 100px) 100vw, 100px\" \/><\/a>\n\t\t\t\t<\/div>\n\t\t\t\t<div class=\"postright\">\n\t\t\t\t\t<h3><a href=\"https:\/\/ineditfitness.com\/site\/atelier-relooking\/\" title=\"Atelier Relooking\">Atelier Relooking<\/a><\/h3>\n\t\t\t\t\t\n\t\t\t\t<div class=\"datetime\"><span class=\"icon-calendar fa fa-calendar\"><\/span>24 mai 2016<\/div>\n\t\t\t\t\n\t\t\t\t\t\n\t\t\t\t<div class=\"comment\"><span class=\"icon-comment fa fa-comment\"><\/span>0 Comments<\/div>\n\t\t\t\t<\/div>\n\t\t\t<\/li>\n\t\t\t<li>\n\t\t\t\t<div class=\"postleft\">\n\t\t\t\t\t<a href=\"https:\/\/ineditfitness.com\/site\/sport-et-fitness-enfants\/\" title=\"Sport et Fitness Enfants\"><img loading=\"lazy\" decoding=\"async\" width=\"100\" height=\"100\" src=\"https:\/\/ineditfitness.com\/site\/wp-content\/uploads\/2016\/05\/Studio-INEDIT-FITNESS-Stage-sport-et-fitness-enfants-100x100.jpg\" class=\"attachment-thumb_100x100 size-thumb_100x100 wp-post-image\" alt=\"Sport et Fitness Enfants\" srcset=\"https:\/\/ineditfitness.com\/site\/wp-content\/uploads\/2016\/05\/Studio-INEDIT-FITNESS-Stage-sport-et-fitness-enfants-100x100.jpg 100w, https:\/\/ineditfitness.com\/site\/wp-content\/uploads\/2016\/05\/Studio-INEDIT-FITNESS-Stage-sport-et-fitness-enfants-80x80.jpg 80w, https:\/\/ineditfitness.com\/site\/wp-content\/uploads\/2016\/05\/Studio-INEDIT-FITNESS-Stage-sport-et-fitness-enfants-150x150.jpg 150w, https:\/\/ineditfitness.com\/site\/wp-content\/uploads\/2016\/05\/Studio-INEDIT-FITNESS-Stage-sport-et-fitness-enfants-193x193.jpg 193w, https:\/\/ineditfitness.com\/site\/wp-content\/uploads\/2016\/05\/Studio-INEDIT-FITNESS-Stage-sport-et-fitness-enfants-231x231.jpg 231w, https:\/\/ineditfitness.com\/site\/wp-content\/uploads\/2016\/05\/Studio-INEDIT-FITNESS-Stage-sport-et-fitness-enfants-289x289.jpg 289w, https:\/\/ineditfitness.com\/site\/wp-content\/uploads\/2016\/05\/Studio-INEDIT-FITNESS-Stage-sport-et-fitness-enfants-386x386.jpg 386w\" sizes=\"auto, (max-width: 100px) 100vw, 100px\" \/><\/a>\n\t\t\t\t<\/div>\n\t\t\t\t<div class=\"postright\">\n\t\t\t\t\t<h3><a href=\"https:\/\/ineditfitness.com\/site\/sport-et-fitness-enfants\/\" title=\"Sport et Fitness Enfants\">Sport et Fitness Enfants<\/a><\/h3>\n\t\t\t\t\t\n\t\t\t\t<div class=\"datetime\"><span class=\"icon-calendar fa fa-calendar\"><\/span>10 mai 2016<\/div>\n\t\t\t\t\n\t\t\t\t\t\n\t\t\t\t<div class=\"comment\"><span class=\"icon-comment fa fa-comment\"><\/span>0 Comments<\/div>\n\t\t\t\t<\/div>\n\t\t\t<\/li>\n\t\t\t<li>\n\t\t\t\t<div class=\"postleft\">\n\t\t\t\t\t<a href=\"https:\/\/ineditfitness.com\/site\/stage-initiation-self-defense\/\" title=\"Stage Initiation Self d\u00e9fense\"><img loading=\"lazy\" decoding=\"async\" width=\"100\" height=\"100\" src=\"https:\/\/ineditfitness.com\/site\/wp-content\/uploads\/2016\/03\/Studio-INEDIT-FITNESS-Stage-Initiation-Self-D\u00e9fense-100x100.jpg\" class=\"attachment-thumb_100x100 size-thumb_100x100 wp-post-image\" alt=\"Stage Initiation Self d\u00e9fense\" srcset=\"https:\/\/ineditfitness.com\/site\/wp-content\/uploads\/2016\/03\/Studio-INEDIT-FITNESS-Stage-Initiation-Self-D\u00e9fense-100x100.jpg 100w, https:\/\/ineditfitness.com\/site\/wp-content\/uploads\/2016\/03\/Studio-INEDIT-FITNESS-Stage-Initiation-Self-D\u00e9fense-150x150.jpg 150w, https:\/\/ineditfitness.com\/site\/wp-content\/uploads\/2016\/03\/Studio-INEDIT-FITNESS-Stage-Initiation-Self-D\u00e9fense-90x90.jpg 90w, https:\/\/ineditfitness.com\/site\/wp-content\/uploads\/2016\/03\/Studio-INEDIT-FITNESS-Stage-Initiation-Self-D\u00e9fense-300x300.jpg 300w, https:\/\/ineditfitness.com\/site\/wp-content\/uploads\/2016\/03\/Studio-INEDIT-FITNESS-Stage-Initiation-Self-D\u00e9fense-193x193.jpg 193w, https:\/\/ineditfitness.com\/site\/wp-content\/uploads\/2016\/03\/Studio-INEDIT-FITNESS-Stage-Initiation-Self-D\u00e9fense-231x231.jpg 231w, https:\/\/ineditfitness.com\/site\/wp-content\/uploads\/2016\/03\/Studio-INEDIT-FITNESS-Stage-Initiation-Self-D\u00e9fense-289x289.jpg 289w, https:\/\/ineditfitness.com\/site\/wp-content\/uploads\/2016\/03\/Studio-INEDIT-FITNESS-Stage-Initiation-Self-D\u00e9fense-386x386.jpg 386w\" sizes=\"auto, (max-width: 100px) 100vw, 100px\" \/><\/a>\n\t\t\t\t<\/div>\n\t\t\t\t<div class=\"postright\">\n\t\t\t\t\t<h3><a href=\"https:\/\/ineditfitness.com\/site\/stage-initiation-self-defense\/\" title=\"Stage Initiation Self d\u00e9fense\">Stage Initiation Self d\u00e9fense<\/a><\/h3>\n\t\t\t\t\t\n\t\t\t\t<div class=\"datetime\"><span class=\"icon-calendar fa fa-calendar\"><\/span>24 mars 2016<\/div>\n\t\t\t\t\n\t\t\t\t\t\n\t\t\t\t<div class=\"comment\"><span class=\"icon-comment fa fa-comment\"><\/span>0 Comments<\/div>\n\t\t\t\t<\/div>\n\t\t\t<\/li>\n\t\t\t<li>\n\t\t\t\t<div class=\"postleft\">\n\t\t\t\t\t<a href=\"https:\/\/ineditfitness.com\/site\/offre-printemps-2016\/\" title=\"Offre Printemps 2016\"><img loading=\"lazy\" decoding=\"async\" width=\"100\" height=\"100\" src=\"https:\/\/ineditfitness.com\/site\/wp-content\/uploads\/2016\/03\/Studio-INEDIT-FITNESS-offre-printemps-20161-100x100.jpg\" class=\"attachment-thumb_100x100 size-thumb_100x100 wp-post-image\" alt=\"Offre Printemps 2016\" srcset=\"https:\/\/ineditfitness.com\/site\/wp-content\/uploads\/2016\/03\/Studio-INEDIT-FITNESS-offre-printemps-20161-100x100.jpg 100w, https:\/\/ineditfitness.com\/site\/wp-content\/uploads\/2016\/03\/Studio-INEDIT-FITNESS-offre-printemps-20161-80x80.jpg 80w, https:\/\/ineditfitness.com\/site\/wp-content\/uploads\/2016\/03\/Studio-INEDIT-FITNESS-offre-printemps-20161-150x150.jpg 150w, https:\/\/ineditfitness.com\/site\/wp-content\/uploads\/2016\/03\/Studio-INEDIT-FITNESS-offre-printemps-20161-193x193.jpg 193w, https:\/\/ineditfitness.com\/site\/wp-content\/uploads\/2016\/03\/Studio-INEDIT-FITNESS-offre-printemps-20161-231x231.jpg 231w, https:\/\/ineditfitness.com\/site\/wp-content\/uploads\/2016\/03\/Studio-INEDIT-FITNESS-offre-printemps-20161-289x289.jpg 289w, https:\/\/ineditfitness.com\/site\/wp-content\/uploads\/2016\/03\/Studio-INEDIT-FITNESS-offre-printemps-20161-386x386.jpg 386w\" sizes=\"auto, (max-width: 100px) 100vw, 100px\" \/><\/a>\n\t\t\t\t<\/div>\n\t\t\t\t<div class=\"postright\">\n\t\t\t\t\t<h3><a href=\"https:\/\/ineditfitness.com\/site\/offre-printemps-2016\/\" title=\"Offre Printemps 2016\">Offre Printemps 2016<\/a><\/h3>\n\t\t\t\t\t\n\t\t\t\t<div class=\"datetime\"><span class=\"icon-calendar fa fa-calendar\"><\/span>8 mars 2016<\/div>\n\t\t\t\t\n\t\t\t\t\t\n\t\t\t\t<div class=\"comment\"><span class=\"icon-comment fa fa-comment\"><\/span>0 Comments<\/div>\n\t\t\t\t<\/div>\n\t\t\t<\/li>\n\t\t\t<li>\n\t\t\t\t<div class=\"postleft\">\n\t\t\t\t\t<a href=\"https:\/\/ineditfitness.com\/site\/olympiades\/\" title=\"Olympiades\"><img loading=\"lazy\" decoding=\"async\" width=\"100\" height=\"100\" src=\"https:\/\/ineditfitness.com\/site\/wp-content\/uploads\/2016\/02\/Studio-INEDIT-FITNESS-Equipe-gagnante-Olympiades-100x100.jpg\" class=\"attachment-thumb_100x100 size-thumb_100x100 wp-post-image\" alt=\"Olympiades\" srcset=\"https:\/\/ineditfitness.com\/site\/wp-content\/uploads\/2016\/02\/Studio-INEDIT-FITNESS-Equipe-gagnante-Olympiades-100x100.jpg 100w, https:\/\/ineditfitness.com\/site\/wp-content\/uploads\/2016\/02\/Studio-INEDIT-FITNESS-Equipe-gagnante-Olympiades-80x80.jpg 80w, https:\/\/ineditfitness.com\/site\/wp-content\/uploads\/2016\/02\/Studio-INEDIT-FITNESS-Equipe-gagnante-Olympiades-150x150.jpg 150w, https:\/\/ineditfitness.com\/site\/wp-content\/uploads\/2016\/02\/Studio-INEDIT-FITNESS-Equipe-gagnante-Olympiades-193x193.jpg 193w, https:\/\/ineditfitness.com\/site\/wp-content\/uploads\/2016\/02\/Studio-INEDIT-FITNESS-Equipe-gagnante-Olympiades-231x231.jpg 231w, https:\/\/ineditfitness.com\/site\/wp-content\/uploads\/2016\/02\/Studio-INEDIT-FITNESS-Equipe-gagnante-Olympiades-289x289.jpg 289w, https:\/\/ineditfitness.com\/site\/wp-content\/uploads\/2016\/02\/Studio-INEDIT-FITNESS-Equipe-gagnante-Olympiades-386x386.jpg 386w\" sizes=\"auto, (max-width: 100px) 100vw, 100px\" \/><\/a>\n\t\t\t\t<\/div>\n\t\t\t\t<div class=\"postright\">\n\t\t\t\t\t<h3><a href=\"https:\/\/ineditfitness.com\/site\/olympiades\/\" title=\"Olympiades\">Olympiades<\/a><\/h3>\n\t\t\t\t\t\n\t\t\t\t<div class=\"datetime\"><span class=\"icon-calendar fa fa-calendar\"><\/span>3 f\u00e9vrier 2016<\/div>\n\t\t\t\t\n\t\t\t\t\t\n\t\t\t\t<div class=\"comment\"><span class=\"icon-comment fa fa-comment\"><\/span>1 Comments<\/div>\n\t\t\t\t<\/div>\n\t\t\t<\/li>\n\t\t\t<li>\n\t\t\t\t<div class=\"postleft\">\n\t\t\t\t\t<a href=\"https:\/\/ineditfitness.com\/site\/1er-anniversaire\/\" title=\"1er Anniversaire &#8211; Portes Ouvertes\"><img loading=\"lazy\" decoding=\"async\" width=\"100\" height=\"100\" src=\"https:\/\/ineditfitness.com\/site\/wp-content\/uploads\/2016\/01\/Studio-INEDIT-FITNESS-1er-Anniversaire-100x100.jpg\" class=\"attachment-thumb_100x100 size-thumb_100x100 wp-post-image\" alt=\"1er Anniversaire &#8211; Portes Ouvertes\" srcset=\"https:\/\/ineditfitness.com\/site\/wp-content\/uploads\/2016\/01\/Studio-INEDIT-FITNESS-1er-Anniversaire-100x100.jpg 100w, https:\/\/ineditfitness.com\/site\/wp-content\/uploads\/2016\/01\/Studio-INEDIT-FITNESS-1er-Anniversaire-80x80.jpg 80w, https:\/\/ineditfitness.com\/site\/wp-content\/uploads\/2016\/01\/Studio-INEDIT-FITNESS-1er-Anniversaire-150x150.jpg 150w, https:\/\/ineditfitness.com\/site\/wp-content\/uploads\/2016\/01\/Studio-INEDIT-FITNESS-1er-Anniversaire-193x193.jpg 193w, https:\/\/ineditfitness.com\/site\/wp-content\/uploads\/2016\/01\/Studio-INEDIT-FITNESS-1er-Anniversaire-231x231.jpg 231w, https:\/\/ineditfitness.com\/site\/wp-content\/uploads\/2016\/01\/Studio-INEDIT-FITNESS-1er-Anniversaire-289x289.jpg 289w, https:\/\/ineditfitness.com\/site\/wp-content\/uploads\/2016\/01\/Studio-INEDIT-FITNESS-1er-Anniversaire-386x386.jpg 386w\" sizes=\"auto, (max-width: 100px) 100vw, 100px\" \/><\/a>\n\t\t\t\t<\/div>\n\t\t\t\t<div class=\"postright\">\n\t\t\t\t\t<h3><a href=\"https:\/\/ineditfitness.com\/site\/1er-anniversaire\/\" title=\"1er Anniversaire &#8211; Portes Ouvertes\">1er Anniversaire &#8211; Portes Ouvertes<\/a><\/h3>\n\t\t\t\t\t\n\t\t\t\t<div class=\"datetime\"><span class=\"icon-calendar fa fa-calendar\"><\/span>14 janvier 2016<\/div>\n\t\t\t\t\n\t\t\t\t\t\n\t\t\t\t<div class=\"comment\"><span class=\"icon-comment fa fa-comment\"><\/span>0 Comments<\/div>\n\t\t\t\t<\/div>\n\t\t\t<\/li>\n\t\t\t<li>\n\t\t\t\t<div class=\"postleft\">\n\t\t\t\t\t<a href=\"https:\/\/ineditfitness.com\/site\/offre-speciale-janvier\/\" title=\"Offre sp\u00e9ciale janvier\"><img loading=\"lazy\" decoding=\"async\" width=\"100\" height=\"100\" src=\"https:\/\/ineditfitness.com\/site\/wp-content\/uploads\/2015\/12\/Studio-INEDIT-FITNESS-Offre-sp\u00e9ciale-janvier-2016-100x100.jpg\" class=\"attachment-thumb_100x100 size-thumb_100x100 wp-post-image\" alt=\"Offre sp\u00e9ciale janvier\" srcset=\"https:\/\/ineditfitness.com\/site\/wp-content\/uploads\/2015\/12\/Studio-INEDIT-FITNESS-Offre-sp\u00e9ciale-janvier-2016-100x100.jpg 100w, https:\/\/ineditfitness.com\/site\/wp-content\/uploads\/2015\/12\/Studio-INEDIT-FITNESS-Offre-sp\u00e9ciale-janvier-2016-150x150.jpg 150w, https:\/\/ineditfitness.com\/site\/wp-content\/uploads\/2015\/12\/Studio-INEDIT-FITNESS-Offre-sp\u00e9ciale-janvier-2016-90x90.jpg 90w, https:\/\/ineditfitness.com\/site\/wp-content\/uploads\/2015\/12\/Studio-INEDIT-FITNESS-Offre-sp\u00e9ciale-janvier-2016-300x300.jpg 300w, https:\/\/ineditfitness.com\/site\/wp-content\/uploads\/2015\/12\/Studio-INEDIT-FITNESS-Offre-sp\u00e9ciale-janvier-2016-193x193.jpg 193w, https:\/\/ineditfitness.com\/site\/wp-content\/uploads\/2015\/12\/Studio-INEDIT-FITNESS-Offre-sp\u00e9ciale-janvier-2016-231x231.jpg 231w, https:\/\/ineditfitness.com\/site\/wp-content\/uploads\/2015\/12\/Studio-INEDIT-FITNESS-Offre-sp\u00e9ciale-janvier-2016-289x289.jpg 289w, https:\/\/ineditfitness.com\/site\/wp-content\/uploads\/2015\/12\/Studio-INEDIT-FITNESS-Offre-sp\u00e9ciale-janvier-2016-386x386.jpg 386w\" sizes=\"auto, (max-width: 100px) 100vw, 100px\" \/><\/a>\n\t\t\t\t<\/div>\n\t\t\t\t<div class=\"postright\">\n\t\t\t\t\t<h3><a href=\"https:\/\/ineditfitness.com\/site\/offre-speciale-janvier\/\" title=\"Offre sp\u00e9ciale janvier\">Offre sp\u00e9ciale janvier<\/a><\/h3>\n\t\t\t\t\t\n\t\t\t\t<div class=\"datetime\"><span class=\"icon-calendar fa fa-calendar\"><\/span>30 d\u00e9cembre 2015<\/div>\n\t\t\t\t\n\t\t\t\t\t\n\t\t\t\t<div class=\"comment\"><span class=\"icon-comment fa fa-comment\"><\/span>0 Comments<\/div>\n\t\t\t\t<\/div>\n\t\t\t<\/li>\n\t\t\t<li>\n\t\t\t\t<div class=\"postleft\">\n\t\t\t\t\t<a href=\"https:\/\/ineditfitness.com\/site\/sport-enfants\/\" title=\"SPORT ENFANTS\"><img loading=\"lazy\" decoding=\"async\" width=\"100\" height=\"100\" src=\"https:\/\/ineditfitness.com\/site\/wp-content\/uploads\/2015\/12\/Studio-INEDIT-FITNESS-S\u00e9ance-d\u00e9couverte-Enfants-100x100.jpg\" class=\"attachment-thumb_100x100 size-thumb_100x100 wp-post-image\" alt=\"SPORT ENFANTS\" srcset=\"https:\/\/ineditfitness.com\/site\/wp-content\/uploads\/2015\/12\/Studio-INEDIT-FITNESS-S\u00e9ance-d\u00e9couverte-Enfants-100x100.jpg 100w, https:\/\/ineditfitness.com\/site\/wp-content\/uploads\/2015\/12\/Studio-INEDIT-FITNESS-S\u00e9ance-d\u00e9couverte-Enfants-150x150.jpg 150w, https:\/\/ineditfitness.com\/site\/wp-content\/uploads\/2015\/12\/Studio-INEDIT-FITNESS-S\u00e9ance-d\u00e9couverte-Enfants-90x90.jpg 90w, https:\/\/ineditfitness.com\/site\/wp-content\/uploads\/2015\/12\/Studio-INEDIT-FITNESS-S\u00e9ance-d\u00e9couverte-Enfants-300x300.jpg 300w, https:\/\/ineditfitness.com\/site\/wp-content\/uploads\/2015\/12\/Studio-INEDIT-FITNESS-S\u00e9ance-d\u00e9couverte-Enfants-193x193.jpg 193w, https:\/\/ineditfitness.com\/site\/wp-content\/uploads\/2015\/12\/Studio-INEDIT-FITNESS-S\u00e9ance-d\u00e9couverte-Enfants-231x231.jpg 231w, https:\/\/ineditfitness.com\/site\/wp-content\/uploads\/2015\/12\/Studio-INEDIT-FITNESS-S\u00e9ance-d\u00e9couverte-Enfants-289x289.jpg 289w, https:\/\/ineditfitness.com\/site\/wp-content\/uploads\/2015\/12\/Studio-INEDIT-FITNESS-S\u00e9ance-d\u00e9couverte-Enfants-386x386.jpg 386w\" sizes=\"auto, (max-width: 100px) 100vw, 100px\" \/><\/a>\n\t\t\t\t<\/div>\n\t\t\t\t<div class=\"postright\">\n\t\t\t\t\t<h3><a href=\"https:\/\/ineditfitness.com\/site\/sport-enfants\/\" title=\"SPORT ENFANTS\">SPORT ENFANTS<\/a><\/h3>\n\t\t\t\t\t\n\t\t\t\t<div class=\"datetime\"><span class=\"icon-calendar fa fa-calendar\"><\/span>3 d\u00e9cembre 2015<\/div>\n\t\t\t\t\n\t\t\t\t\t\n\t\t\t\t<div class=\"comment\"><span class=\"icon-comment fa fa-comment\"><\/span>0 Comments<\/div>\n\t\t\t\t<\/div>\n\t\t\t<\/li>\n\t\t\t<li>\n\t\t\t\t<div class=\"postleft\">\n\t\t\t\t\t<a href=\"https:\/\/ineditfitness.com\/site\/bon-cadeau-noel\/\" title=\"Bon cadeau No\u00ebl\"><img loading=\"lazy\" decoding=\"async\" width=\"100\" height=\"100\" src=\"https:\/\/ineditfitness.com\/site\/wp-content\/uploads\/2015\/11\/Studio-INEDIT-FITNESS-Bon-cadeau-no\u00eal-100x100.jpg\" class=\"attachment-thumb_100x100 size-thumb_100x100 wp-post-image\" alt=\"Bon cadeau No\u00ebl\" srcset=\"https:\/\/ineditfitness.com\/site\/wp-content\/uploads\/2015\/11\/Studio-INEDIT-FITNESS-Bon-cadeau-no\u00eal-100x100.jpg 100w, https:\/\/ineditfitness.com\/site\/wp-content\/uploads\/2015\/11\/Studio-INEDIT-FITNESS-Bon-cadeau-no\u00eal-150x150.jpg 150w, https:\/\/ineditfitness.com\/site\/wp-content\/uploads\/2015\/11\/Studio-INEDIT-FITNESS-Bon-cadeau-no\u00eal-90x90.jpg 90w, https:\/\/ineditfitness.com\/site\/wp-content\/uploads\/2015\/11\/Studio-INEDIT-FITNESS-Bon-cadeau-no\u00eal-300x300.jpg 300w, https:\/\/ineditfitness.com\/site\/wp-content\/uploads\/2015\/11\/Studio-INEDIT-FITNESS-Bon-cadeau-no\u00eal-193x193.jpg 193w, https:\/\/ineditfitness.com\/site\/wp-content\/uploads\/2015\/11\/Studio-INEDIT-FITNESS-Bon-cadeau-no\u00eal-231x231.jpg 231w, https:\/\/ineditfitness.com\/site\/wp-content\/uploads\/2015\/11\/Studio-INEDIT-FITNESS-Bon-cadeau-no\u00eal-289x289.jpg 289w, https:\/\/ineditfitness.com\/site\/wp-content\/uploads\/2015\/11\/Studio-INEDIT-FITNESS-Bon-cadeau-no\u00eal-386x386.jpg 386w\" sizes=\"auto, (max-width: 100px) 100vw, 100px\" \/><\/a>\n\t\t\t\t<\/div>\n\t\t\t\t<div class=\"postright\">\n\t\t\t\t\t<h3><a href=\"https:\/\/ineditfitness.com\/site\/bon-cadeau-noel\/\" title=\"Bon cadeau No\u00ebl\">Bon cadeau No\u00ebl<\/a><\/h3>\n\t\t\t\t\t\n\t\t\t\t<div class=\"datetime\"><span class=\"icon-calendar fa fa-calendar\"><\/span>9 novembre 2015<\/div>\n\t\t\t\t\n\t\t\t\t\t\n\t\t\t\t<div class=\"comment\"><span class=\"icon-comment fa fa-comment\"><\/span>1 Comments<\/div>\n\t\t\t\t<\/div>\n\t\t\t<\/li>\n\t\t\t<li>\n\t\t\t\t<div class=\"postleft\">\n\t\t\t\t\t<a href=\"https:\/\/ineditfitness.com\/site\/avantages-partenaires\/\" title=\"Avantages Partenaires\"><img loading=\"lazy\" decoding=\"async\" width=\"100\" height=\"100\" src=\"https:\/\/ineditfitness.com\/site\/wp-content\/uploads\/2015\/11\/Studio-INEDIT-FITNESS-Partenariat-100x100.jpg\" class=\"attachment-thumb_100x100 size-thumb_100x100 wp-post-image\" alt=\"Avantages Partenaires\" srcset=\"https:\/\/ineditfitness.com\/site\/wp-content\/uploads\/2015\/11\/Studio-INEDIT-FITNESS-Partenariat-100x100.jpg 100w, https:\/\/ineditfitness.com\/site\/wp-content\/uploads\/2015\/11\/Studio-INEDIT-FITNESS-Partenariat-80x80.jpg 80w, https:\/\/ineditfitness.com\/site\/wp-content\/uploads\/2015\/11\/Studio-INEDIT-FITNESS-Partenariat-150x150.jpg 150w, https:\/\/ineditfitness.com\/site\/wp-content\/uploads\/2015\/11\/Studio-INEDIT-FITNESS-Partenariat-193x193.jpg 193w, https:\/\/ineditfitness.com\/site\/wp-content\/uploads\/2015\/11\/Studio-INEDIT-FITNESS-Partenariat-231x231.jpg 231w, https:\/\/ineditfitness.com\/site\/wp-content\/uploads\/2015\/11\/Studio-INEDIT-FITNESS-Partenariat-289x289.jpg 289w, https:\/\/ineditfitness.com\/site\/wp-content\/uploads\/2015\/11\/Studio-INEDIT-FITNESS-Partenariat-386x386.jpg 386w\" sizes=\"auto, (max-width: 100px) 100vw, 100px\" \/><\/a>\n\t\t\t\t<\/div>\n\t\t\t\t<div class=\"postright\">\n\t\t\t\t\t<h3><a href=\"https:\/\/ineditfitness.com\/site\/avantages-partenaires\/\" title=\"Avantages Partenaires\">Avantages Partenaires<\/a><\/h3>\n\t\t\t\t\t\n\t\t\t\t<div class=\"datetime\"><span class=\"icon-calendar fa fa-calendar\"><\/span>2 novembre 2015<\/div>\n\t\t\t\t\n\t\t\t\t\t\n\t\t\t\t<div class=\"comment\"><span class=\"icon-comment fa fa-comment\"><\/span>0 Comments<\/div>\n\t\t\t\t<\/div>\n\t\t\t<\/li>\n\t\t\t<li>\n\t\t\t\t<div class=\"postleft\">\n\t\t\t\t\t<a href=\"https:\/\/ineditfitness.com\/site\/lancement-nouvelles-chore-radical-fitness\/\" title=\"Lancement nouvelles chor\u00e9 Radical Fitness\"><img loading=\"lazy\" decoding=\"async\" width=\"100\" height=\"100\" src=\"https:\/\/ineditfitness.com\/site\/wp-content\/uploads\/2015\/10\/lancement-news-chore-RF-100x100.jpg\" class=\"attachment-thumb_100x100 size-thumb_100x100 wp-post-image\" alt=\"Lancement nouvelles chor\u00e9 Radical Fitness\" srcset=\"https:\/\/ineditfitness.com\/site\/wp-content\/uploads\/2015\/10\/lancement-news-chore-RF-100x100.jpg 100w, https:\/\/ineditfitness.com\/site\/wp-content\/uploads\/2015\/10\/lancement-news-chore-RF-80x80.jpg 80w, https:\/\/ineditfitness.com\/site\/wp-content\/uploads\/2015\/10\/lancement-news-chore-RF-150x150.jpg 150w, https:\/\/ineditfitness.com\/site\/wp-content\/uploads\/2015\/10\/lancement-news-chore-RF-193x193.jpg 193w, https:\/\/ineditfitness.com\/site\/wp-content\/uploads\/2015\/10\/lancement-news-chore-RF-231x231.jpg 231w, https:\/\/ineditfitness.com\/site\/wp-content\/uploads\/2015\/10\/lancement-news-chore-RF-289x289.jpg 289w, https:\/\/ineditfitness.com\/site\/wp-content\/uploads\/2015\/10\/lancement-news-chore-RF-386x386.jpg 386w\" sizes=\"auto, (max-width: 100px) 100vw, 100px\" \/><\/a>\n\t\t\t\t<\/div>\n\t\t\t\t<div class=\"postright\">\n\t\t\t\t\t<h3><a href=\"https:\/\/ineditfitness.com\/site\/lancement-nouvelles-chore-radical-fitness\/\" title=\"Lancement nouvelles chor\u00e9 Radical Fitness\">Lancement nouvelles chor\u00e9 Radical Fitness<\/a><\/h3>\n\t\t\t\t\t\n\t\t\t\t<div class=\"datetime\"><span class=\"icon-calendar fa fa-calendar\"><\/span>5 octobre 2015<\/div>\n\t\t\t\t\n\t\t\t\t\t\n\t\t\t\t<div class=\"comment\"><span class=\"icon-comment fa fa-comment\"><\/span>0 Comments<\/div>\n\t\t\t\t<\/div>\n\t\t\t<\/li>\n\t\t\t<li>\n\t\t\t\t<div class=\"postleft\">\n\t\t\t\t\t<a href=\"https:\/\/ineditfitness.com\/site\/stage-fitness-octobre\/\" title=\"STAGE FITNESS OCTOBRE\"><img loading=\"lazy\" decoding=\"async\" width=\"100\" height=\"100\" src=\"https:\/\/ineditfitness.com\/site\/wp-content\/uploads\/2015\/09\/Studio-INEDIT-FITNESS-Stage-Octobre-100x100.jpg\" class=\"attachment-thumb_100x100 size-thumb_100x100 wp-post-image\" alt=\"STAGE FITNESS OCTOBRE\" srcset=\"https:\/\/ineditfitness.com\/site\/wp-content\/uploads\/2015\/09\/Studio-INEDIT-FITNESS-Stage-Octobre-100x100.jpg 100w, https:\/\/ineditfitness.com\/site\/wp-content\/uploads\/2015\/09\/Studio-INEDIT-FITNESS-Stage-Octobre-80x80.jpg 80w, https:\/\/ineditfitness.com\/site\/wp-content\/uploads\/2015\/09\/Studio-INEDIT-FITNESS-Stage-Octobre-150x150.jpg 150w, https:\/\/ineditfitness.com\/site\/wp-content\/uploads\/2015\/09\/Studio-INEDIT-FITNESS-Stage-Octobre-193x193.jpg 193w, https:\/\/ineditfitness.com\/site\/wp-content\/uploads\/2015\/09\/Studio-INEDIT-FITNESS-Stage-Octobre-231x231.jpg 231w, https:\/\/ineditfitness.com\/site\/wp-content\/uploads\/2015\/09\/Studio-INEDIT-FITNESS-Stage-Octobre-289x289.jpg 289w, https:\/\/ineditfitness.com\/site\/wp-content\/uploads\/2015\/09\/Studio-INEDIT-FITNESS-Stage-Octobre-386x386.jpg 386w\" sizes=\"auto, (max-width: 100px) 100vw, 100px\" \/><\/a>\n\t\t\t\t<\/div>\n\t\t\t\t<div class=\"postright\">\n\t\t\t\t\t<h3><a href=\"https:\/\/ineditfitness.com\/site\/stage-fitness-octobre\/\" title=\"STAGE FITNESS OCTOBRE\">STAGE FITNESS OCTOBRE<\/a><\/h3>\n\t\t\t\t\t\n\t\t\t\t<div class=\"datetime\"><span class=\"icon-calendar fa fa-calendar\"><\/span>17 septembre 2015<\/div>\n\t\t\t\t\n\t\t\t\t\t\n\t\t\t\t<div class=\"comment\"><span class=\"icon-comment fa fa-comment\"><\/span>0 Comments<\/div>\n\t\t\t\t<\/div>\n\t\t\t<\/li>\n\t\t\t<li>\n\t\t\t\t<div class=\"postleft\">\n\t\t\t\t\t<a href=\"https:\/\/ineditfitness.com\/site\/fitness-enfantsados\/\" title=\"Fitness Enfants\/Ados\"><img loading=\"lazy\" decoding=\"async\" width=\"100\" height=\"100\" src=\"https:\/\/ineditfitness.com\/site\/wp-content\/uploads\/2015\/06\/Studio-INEDIT-FITNESS-Fitness-enfants-100x100.jpg\" class=\"attachment-thumb_100x100 size-thumb_100x100 wp-post-image\" alt=\"Fitness Enfants\/Ados\" srcset=\"https:\/\/ineditfitness.com\/site\/wp-content\/uploads\/2015\/06\/Studio-INEDIT-FITNESS-Fitness-enfants-100x100.jpg 100w, https:\/\/ineditfitness.com\/site\/wp-content\/uploads\/2015\/06\/Studio-INEDIT-FITNESS-Fitness-enfants-80x80.jpg 80w, https:\/\/ineditfitness.com\/site\/wp-content\/uploads\/2015\/06\/Studio-INEDIT-FITNESS-Fitness-enfants-150x150.jpg 150w, https:\/\/ineditfitness.com\/site\/wp-content\/uploads\/2015\/06\/Studio-INEDIT-FITNESS-Fitness-enfants-193x193.jpg 193w, https:\/\/ineditfitness.com\/site\/wp-content\/uploads\/2015\/06\/Studio-INEDIT-FITNESS-Fitness-enfants-231x231.jpg 231w, https:\/\/ineditfitness.com\/site\/wp-content\/uploads\/2015\/06\/Studio-INEDIT-FITNESS-Fitness-enfants-289x289.jpg 289w, https:\/\/ineditfitness.com\/site\/wp-content\/uploads\/2015\/06\/Studio-INEDIT-FITNESS-Fitness-enfants-386x386.jpg 386w\" sizes=\"auto, (max-width: 100px) 100vw, 100px\" \/><\/a>\n\t\t\t\t<\/div>\n\t\t\t\t<div class=\"postright\">\n\t\t\t\t\t<h3><a href=\"https:\/\/ineditfitness.com\/site\/fitness-enfantsados\/\" title=\"Fitness Enfants\/Ados\">Fitness Enfants\/Ados<\/a><\/h3>\n\t\t\t\t\t\n\t\t\t\t<div class=\"datetime\"><span class=\"icon-calendar fa fa-calendar\"><\/span>8 septembre 2015<\/div>\n\t\t\t\t\n\t\t\t\t\t\n\t\t\t\t<div class=\"comment\"><span class=\"icon-comment fa fa-comment\"><\/span>0 Comments<\/div>\n\t\t\t\t<\/div>\n\t\t\t<\/li>\n\t\t\t<li>\n\t\t\t\t<div class=\"postleft\">\n\t\t\t\t\t<a href=\"https:\/\/ineditfitness.com\/site\/offre-speciale-rentree\/\" title=\"Offre sp\u00e9ciale rentr\u00e9e\"><img loading=\"lazy\" decoding=\"async\" width=\"100\" height=\"100\" src=\"https:\/\/ineditfitness.com\/site\/wp-content\/uploads\/2015\/08\/Studio-INEDIT-FITNESS-Offre-sp\u00e9ciale-rentr\u00e9e-100x100.jpg\" class=\"attachment-thumb_100x100 size-thumb_100x100 wp-post-image\" alt=\"Offre sp\u00e9ciale rentr\u00e9e\" srcset=\"https:\/\/ineditfitness.com\/site\/wp-content\/uploads\/2015\/08\/Studio-INEDIT-FITNESS-Offre-sp\u00e9ciale-rentr\u00e9e-100x100.jpg 100w, https:\/\/ineditfitness.com\/site\/wp-content\/uploads\/2015\/08\/Studio-INEDIT-FITNESS-Offre-sp\u00e9ciale-rentr\u00e9e-150x150.jpg 150w, https:\/\/ineditfitness.com\/site\/wp-content\/uploads\/2015\/08\/Studio-INEDIT-FITNESS-Offre-sp\u00e9ciale-rentr\u00e9e-90x90.jpg 90w, https:\/\/ineditfitness.com\/site\/wp-content\/uploads\/2015\/08\/Studio-INEDIT-FITNESS-Offre-sp\u00e9ciale-rentr\u00e9e-300x300.jpg 300w, https:\/\/ineditfitness.com\/site\/wp-content\/uploads\/2015\/08\/Studio-INEDIT-FITNESS-Offre-sp\u00e9ciale-rentr\u00e9e-193x193.jpg 193w, https:\/\/ineditfitness.com\/site\/wp-content\/uploads\/2015\/08\/Studio-INEDIT-FITNESS-Offre-sp\u00e9ciale-rentr\u00e9e-231x231.jpg 231w, https:\/\/ineditfitness.com\/site\/wp-content\/uploads\/2015\/08\/Studio-INEDIT-FITNESS-Offre-sp\u00e9ciale-rentr\u00e9e-289x289.jpg 289w, https:\/\/ineditfitness.com\/site\/wp-content\/uploads\/2015\/08\/Studio-INEDIT-FITNESS-Offre-sp\u00e9ciale-rentr\u00e9e-386x386.jpg 386w\" sizes=\"auto, (max-width: 100px) 100vw, 100px\" \/><\/a>\n\t\t\t\t<\/div>\n\t\t\t\t<div class=\"postright\">\n\t\t\t\t\t<h3><a href=\"https:\/\/ineditfitness.com\/site\/offre-speciale-rentree\/\" title=\"Offre sp\u00e9ciale rentr\u00e9e\">Offre sp\u00e9ciale rentr\u00e9e<\/a><\/h3>\n\t\t\t\t\t\n\t\t\t\t<div class=\"datetime\"><span class=\"icon-calendar fa fa-calendar\"><\/span>15 ao\u00fbt 2015<\/div>\n\t\t\t\t\n\t\t\t\t\t\n\t\t\t\t<div class=\"comment\"><span class=\"icon-comment fa fa-comment\"><\/span>0 Comments<\/div>\n\t\t\t\t<\/div>\n\t\t\t<\/li>\n\t\t\t<li>\n\t\t\t\t<div class=\"postleft\">\n\t\t\t\t\t<a href=\"https:\/\/ineditfitness.com\/site\/journees-portes-ouvertes-sept-15\/\" title=\"Journ\u00e9es portes ouvertes Sept 15\"><img loading=\"lazy\" decoding=\"async\" width=\"100\" height=\"100\" src=\"https:\/\/ineditfitness.com\/site\/wp-content\/uploads\/2015\/07\/Studio-INEDIT-FITNESS-journ\u00e9es-portes-ouvertes-sept-15-100x100.jpg\" class=\"attachment-thumb_100x100 size-thumb_100x100 wp-post-image\" alt=\"Journ\u00e9es portes ouvertes Sept 15\" srcset=\"https:\/\/ineditfitness.com\/site\/wp-content\/uploads\/2015\/07\/Studio-INEDIT-FITNESS-journ\u00e9es-portes-ouvertes-sept-15-100x100.jpg 100w, https:\/\/ineditfitness.com\/site\/wp-content\/uploads\/2015\/07\/Studio-INEDIT-FITNESS-journ\u00e9es-portes-ouvertes-sept-15-150x150.jpg 150w, https:\/\/ineditfitness.com\/site\/wp-content\/uploads\/2015\/07\/Studio-INEDIT-FITNESS-journ\u00e9es-portes-ouvertes-sept-15-90x90.jpg 90w, https:\/\/ineditfitness.com\/site\/wp-content\/uploads\/2015\/07\/Studio-INEDIT-FITNESS-journ\u00e9es-portes-ouvertes-sept-15-300x300.jpg 300w, https:\/\/ineditfitness.com\/site\/wp-content\/uploads\/2015\/07\/Studio-INEDIT-FITNESS-journ\u00e9es-portes-ouvertes-sept-15-193x193.jpg 193w, https:\/\/ineditfitness.com\/site\/wp-content\/uploads\/2015\/07\/Studio-INEDIT-FITNESS-journ\u00e9es-portes-ouvertes-sept-15-231x231.jpg 231w, https:\/\/ineditfitness.com\/site\/wp-content\/uploads\/2015\/07\/Studio-INEDIT-FITNESS-journ\u00e9es-portes-ouvertes-sept-15-289x289.jpg 289w, https:\/\/ineditfitness.com\/site\/wp-content\/uploads\/2015\/07\/Studio-INEDIT-FITNESS-journ\u00e9es-portes-ouvertes-sept-15-386x386.jpg 386w\" sizes=\"auto, (max-width: 100px) 100vw, 100px\" \/><\/a>\n\t\t\t\t<\/div>\n\t\t\t\t<div class=\"postright\">\n\t\t\t\t\t<h3><a href=\"https:\/\/ineditfitness.com\/site\/journees-portes-ouvertes-sept-15\/\" title=\"Journ\u00e9es portes ouvertes Sept 15\">Journ\u00e9es portes ouvertes Sept 15<\/a><\/h3>\n\t\t\t\t\t\n\t\t\t\t<div class=\"datetime\"><span class=\"icon-calendar fa fa-calendar\"><\/span>31 juillet 2015<\/div>\n\t\t\t\t\n\t\t\t\t\t\n\t\t\t\t<div class=\"comment\"><span class=\"icon-comment fa fa-comment\"><\/span>0 Comments<\/div>\n\t\t\t\t<\/div>\n\t\t\t<\/li>\n\t\t\t<li>\n\t\t\t\t<div class=\"postleft\">\n\t\t\t\t\t<a href=\"https:\/\/ineditfitness.com\/site\/stage-vendredi-3-juillet\/\" title=\"Stage vendredi 3 juillet\"><img loading=\"lazy\" decoding=\"async\" width=\"100\" height=\"100\" src=\"https:\/\/ineditfitness.com\/site\/wp-content\/uploads\/2015\/06\/Studio-INEDIT-FITNESS-Stage-3-juillet-100x100.jpg\" class=\"attachment-thumb_100x100 size-thumb_100x100 wp-post-image\" alt=\"Stage vendredi 3 juillet\" srcset=\"https:\/\/ineditfitness.com\/site\/wp-content\/uploads\/2015\/06\/Studio-INEDIT-FITNESS-Stage-3-juillet-100x100.jpg 100w, https:\/\/ineditfitness.com\/site\/wp-content\/uploads\/2015\/06\/Studio-INEDIT-FITNESS-Stage-3-juillet-80x80.jpg 80w, https:\/\/ineditfitness.com\/site\/wp-content\/uploads\/2015\/06\/Studio-INEDIT-FITNESS-Stage-3-juillet-300x300.jpg 300w, https:\/\/ineditfitness.com\/site\/wp-content\/uploads\/2015\/06\/Studio-INEDIT-FITNESS-Stage-3-juillet-150x150.jpg 150w, https:\/\/ineditfitness.com\/site\/wp-content\/uploads\/2015\/06\/Studio-INEDIT-FITNESS-Stage-3-juillet-1024x1024.jpg 1024w, https:\/\/ineditfitness.com\/site\/wp-content\/uploads\/2015\/06\/Studio-INEDIT-FITNESS-Stage-3-juillet-624x624.jpg 624w, https:\/\/ineditfitness.com\/site\/wp-content\/uploads\/2015\/06\/Studio-INEDIT-FITNESS-Stage-3-juillet-193x193.jpg 193w, https:\/\/ineditfitness.com\/site\/wp-content\/uploads\/2015\/06\/Studio-INEDIT-FITNESS-Stage-3-juillet-231x231.jpg 231w, https:\/\/ineditfitness.com\/site\/wp-content\/uploads\/2015\/06\/Studio-INEDIT-FITNESS-Stage-3-juillet-289x289.jpg 289w, https:\/\/ineditfitness.com\/site\/wp-content\/uploads\/2015\/06\/Studio-INEDIT-FITNESS-Stage-3-juillet-386x386.jpg 386w, https:\/\/ineditfitness.com\/site\/wp-content\/uploads\/2015\/06\/Studio-INEDIT-FITNESS-Stage-3-juillet.jpg 1123w\" sizes=\"auto, (max-width: 100px) 100vw, 100px\" \/><\/a>\n\t\t\t\t<\/div>\n\t\t\t\t<div class=\"postright\">\n\t\t\t\t\t<h3><a href=\"https:\/\/ineditfitness.com\/site\/stage-vendredi-3-juillet\/\" title=\"Stage vendredi 3 juillet\">Stage vendredi 3 juillet<\/a><\/h3>\n\t\t\t\t\t\n\t\t\t\t<div class=\"datetime\"><span class=\"icon-calendar fa fa-calendar\"><\/span>9 juin 2015<\/div>\n\t\t\t\t\n\t\t\t\t\t\n\t\t\t\t<div class=\"comment\"><span class=\"icon-comment fa fa-comment\"><\/span>0 Comments<\/div>\n\t\t\t\t<\/div>\n\t\t\t<\/li>\n\t\t\t<li>\n\t\t\t\t<div class=\"postleft\">\n\t\t\t\t\t<a href=\"https:\/\/ineditfitness.com\/site\/stage-fitness-enfants-samedi-27-juin\/\" title=\"Stage fitness enfants &#8211; samedi 27 juin\"><img loading=\"lazy\" decoding=\"async\" width=\"100\" height=\"100\" src=\"https:\/\/ineditfitness.com\/site\/wp-content\/uploads\/2015\/06\/Studio-INEDIT-FITNESS-Stage-fitness-enfants-100x100.jpg\" class=\"attachment-thumb_100x100 size-thumb_100x100 wp-post-image\" alt=\"Stage fitness enfants &#8211; samedi 27 juin\" srcset=\"https:\/\/ineditfitness.com\/site\/wp-content\/uploads\/2015\/06\/Studio-INEDIT-FITNESS-Stage-fitness-enfants-100x100.jpg 100w, https:\/\/ineditfitness.com\/site\/wp-content\/uploads\/2015\/06\/Studio-INEDIT-FITNESS-Stage-fitness-enfants-80x80.jpg 80w, https:\/\/ineditfitness.com\/site\/wp-content\/uploads\/2015\/06\/Studio-INEDIT-FITNESS-Stage-fitness-enfants-300x300.jpg 300w, https:\/\/ineditfitness.com\/site\/wp-content\/uploads\/2015\/06\/Studio-INEDIT-FITNESS-Stage-fitness-enfants-150x150.jpg 150w, https:\/\/ineditfitness.com\/site\/wp-content\/uploads\/2015\/06\/Studio-INEDIT-FITNESS-Stage-fitness-enfants-1024x1024.jpg 1024w, https:\/\/ineditfitness.com\/site\/wp-content\/uploads\/2015\/06\/Studio-INEDIT-FITNESS-Stage-fitness-enfants-624x624.jpg 624w, https:\/\/ineditfitness.com\/site\/wp-content\/uploads\/2015\/06\/Studio-INEDIT-FITNESS-Stage-fitness-enfants-193x193.jpg 193w, https:\/\/ineditfitness.com\/site\/wp-content\/uploads\/2015\/06\/Studio-INEDIT-FITNESS-Stage-fitness-enfants-231x231.jpg 231w, https:\/\/ineditfitness.com\/site\/wp-content\/uploads\/2015\/06\/Studio-INEDIT-FITNESS-Stage-fitness-enfants-289x289.jpg 289w, https:\/\/ineditfitness.com\/site\/wp-content\/uploads\/2015\/06\/Studio-INEDIT-FITNESS-Stage-fitness-enfants-386x386.jpg 386w, https:\/\/ineditfitness.com\/site\/wp-content\/uploads\/2015\/06\/Studio-INEDIT-FITNESS-Stage-fitness-enfants.jpg 1123w\" sizes=\"auto, (max-width: 100px) 100vw, 100px\" \/><\/a>\n\t\t\t\t<\/div>\n\t\t\t\t<div class=\"postright\">\n\t\t\t\t\t<h3><a href=\"https:\/\/ineditfitness.com\/site\/stage-fitness-enfants-samedi-27-juin\/\" title=\"Stage fitness enfants &#8211; samedi 27 juin\">Stage fitness enfants &#8211; samedi 27 juin<\/a><\/h3>\n\t\t\t\t\t\n\t\t\t\t<div class=\"datetime\"><span class=\"icon-calendar fa fa-calendar\"><\/span>4 juin 2015<\/div>\n\t\t\t\t\n\t\t\t\t\t\n\t\t\t\t<div class=\"comment\"><span class=\"icon-comment fa fa-comment\"><\/span>0 Comments<\/div>\n\t\t\t\t<\/div>\n\t\t\t<\/li>\n\t\t\t<li>\n\t\t\t\t<div class=\"postleft\">\n\t\t\t\t\t<a href=\"https:\/\/ineditfitness.com\/site\/fitness-enfants\/\" title=\"Fitness Enfants\"><img loading=\"lazy\" decoding=\"async\" width=\"100\" height=\"100\" src=\"https:\/\/ineditfitness.com\/site\/wp-content\/uploads\/2015\/06\/Studio-INEDIT-FITNESS-Fitness-enfants-100x100.jpg\" class=\"attachment-thumb_100x100 size-thumb_100x100 wp-post-image\" alt=\"Fitness Enfants\" srcset=\"https:\/\/ineditfitness.com\/site\/wp-content\/uploads\/2015\/06\/Studio-INEDIT-FITNESS-Fitness-enfants-100x100.jpg 100w, https:\/\/ineditfitness.com\/site\/wp-content\/uploads\/2015\/06\/Studio-INEDIT-FITNESS-Fitness-enfants-80x80.jpg 80w, https:\/\/ineditfitness.com\/site\/wp-content\/uploads\/2015\/06\/Studio-INEDIT-FITNESS-Fitness-enfants-150x150.jpg 150w, https:\/\/ineditfitness.com\/site\/wp-content\/uploads\/2015\/06\/Studio-INEDIT-FITNESS-Fitness-enfants-193x193.jpg 193w, https:\/\/ineditfitness.com\/site\/wp-content\/uploads\/2015\/06\/Studio-INEDIT-FITNESS-Fitness-enfants-231x231.jpg 231w, https:\/\/ineditfitness.com\/site\/wp-content\/uploads\/2015\/06\/Studio-INEDIT-FITNESS-Fitness-enfants-289x289.jpg 289w, https:\/\/ineditfitness.com\/site\/wp-content\/uploads\/2015\/06\/Studio-INEDIT-FITNESS-Fitness-enfants-386x386.jpg 386w\" sizes=\"auto, (max-width: 100px) 100vw, 100px\" \/><\/a>\n\t\t\t\t<\/div>\n\t\t\t\t<div class=\"postright\">\n\t\t\t\t\t<h3><a href=\"https:\/\/ineditfitness.com\/site\/fitness-enfants\/\" title=\"Fitness Enfants\">Fitness Enfants<\/a><\/h3>\n\t\t\t\t\t\n\t\t\t\t<div class=\"datetime\"><span class=\"icon-calendar fa fa-calendar\"><\/span>4 juin 2015<\/div>\n\t\t\t\t\n\t\t\t\t\t\n\t\t\t\t<div class=\"comment\"><span class=\"icon-comment fa fa-comment\"><\/span>0 Comments<\/div>\n\t\t\t\t<\/div>\n\t\t\t<\/li>\n\t\t\t<li>\n\t\t\t\t<div class=\"postleft\">\n\t\t\t\t\t<a href=\"https:\/\/ineditfitness.com\/site\/offre-speciale-adultes-2\/\" title=\"Offre sp\u00e9ciale adultes\"><img loading=\"lazy\" decoding=\"async\" width=\"100\" height=\"100\" src=\"https:\/\/ineditfitness.com\/site\/wp-content\/uploads\/2015\/06\/Studio-INEDIT-FITNESS-offre-sp\u00e9ciale-adultes-100x100.jpg\" class=\"attachment-thumb_100x100 size-thumb_100x100 wp-post-image\" alt=\"Offre sp\u00e9ciale adultes\" srcset=\"https:\/\/ineditfitness.com\/site\/wp-content\/uploads\/2015\/06\/Studio-INEDIT-FITNESS-offre-sp\u00e9ciale-adultes-100x100.jpg 100w, https:\/\/ineditfitness.com\/site\/wp-content\/uploads\/2015\/06\/Studio-INEDIT-FITNESS-offre-sp\u00e9ciale-adultes-150x150.jpg 150w, https:\/\/ineditfitness.com\/site\/wp-content\/uploads\/2015\/06\/Studio-INEDIT-FITNESS-offre-sp\u00e9ciale-adultes-300x300.jpg 300w, https:\/\/ineditfitness.com\/site\/wp-content\/uploads\/2015\/06\/Studio-INEDIT-FITNESS-offre-sp\u00e9ciale-adultes-1024x1024.jpg 1024w, https:\/\/ineditfitness.com\/site\/wp-content\/uploads\/2015\/06\/Studio-INEDIT-FITNESS-offre-sp\u00e9ciale-adultes-90x90.jpg 90w, https:\/\/ineditfitness.com\/site\/wp-content\/uploads\/2015\/06\/Studio-INEDIT-FITNESS-offre-sp\u00e9ciale-adultes-624x624.jpg 624w, https:\/\/ineditfitness.com\/site\/wp-content\/uploads\/2015\/06\/Studio-INEDIT-FITNESS-offre-sp\u00e9ciale-adultes-193x193.jpg 193w, https:\/\/ineditfitness.com\/site\/wp-content\/uploads\/2015\/06\/Studio-INEDIT-FITNESS-offre-sp\u00e9ciale-adultes-231x231.jpg 231w, https:\/\/ineditfitness.com\/site\/wp-content\/uploads\/2015\/06\/Studio-INEDIT-FITNESS-offre-sp\u00e9ciale-adultes-289x289.jpg 289w, https:\/\/ineditfitness.com\/site\/wp-content\/uploads\/2015\/06\/Studio-INEDIT-FITNESS-offre-sp\u00e9ciale-adultes-386x386.jpg 386w, https:\/\/ineditfitness.com\/site\/wp-content\/uploads\/2015\/06\/Studio-INEDIT-FITNESS-offre-sp\u00e9ciale-adultes.jpg 1123w\" sizes=\"auto, (max-width: 100px) 100vw, 100px\" \/><\/a>\n\t\t\t\t<\/div>\n\t\t\t\t<div class=\"postright\">\n\t\t\t\t\t<h3><a href=\"https:\/\/ineditfitness.com\/site\/offre-speciale-adultes-2\/\" title=\"Offre sp\u00e9ciale adultes\">Offre sp\u00e9ciale adultes<\/a><\/h3>\n\t\t\t\t\t\n\t\t\t\t<div class=\"datetime\"><span class=\"icon-calendar fa fa-calendar\"><\/span>4 juin 2015<\/div>\n\t\t\t\t\n\t\t\t\t\t\n\t\t\t\t<div class=\"comment\"><span class=\"icon-comment fa fa-comment\"><\/span>0 Comments<\/div>\n\t\t\t\t<\/div>\n\t\t\t<\/li>\n\t\t\t<li>\n\t\t\t\t<div class=\"postleft\">\n\t\t\t\t\t<a href=\"https:\/\/ineditfitness.com\/site\/stage-100-radical-fitness-samedi-30-mai\/\" title=\"Stage 100 % Radical Fitness &#8211; samedi 30 mai\"><img loading=\"lazy\" decoding=\"async\" width=\"100\" height=\"100\" src=\"https:\/\/ineditfitness.com\/site\/wp-content\/uploads\/2015\/05\/Studio-INEDIT-FITNESS-Stage-samedi-30-mai-2015-100x100.jpg\" class=\"attachment-thumb_100x100 size-thumb_100x100 wp-post-image\" alt=\"Stage 100 % Radical Fitness &#8211; samedi 30 mai\" srcset=\"https:\/\/ineditfitness.com\/site\/wp-content\/uploads\/2015\/05\/Studio-INEDIT-FITNESS-Stage-samedi-30-mai-2015-100x100.jpg 100w, https:\/\/ineditfitness.com\/site\/wp-content\/uploads\/2015\/05\/Studio-INEDIT-FITNESS-Stage-samedi-30-mai-2015-80x80.jpg 80w, https:\/\/ineditfitness.com\/site\/wp-content\/uploads\/2015\/05\/Studio-INEDIT-FITNESS-Stage-samedi-30-mai-2015-300x300.jpg 300w, https:\/\/ineditfitness.com\/site\/wp-content\/uploads\/2015\/05\/Studio-INEDIT-FITNESS-Stage-samedi-30-mai-2015-150x150.jpg 150w, https:\/\/ineditfitness.com\/site\/wp-content\/uploads\/2015\/05\/Studio-INEDIT-FITNESS-Stage-samedi-30-mai-2015-1024x1024.jpg 1024w, https:\/\/ineditfitness.com\/site\/wp-content\/uploads\/2015\/05\/Studio-INEDIT-FITNESS-Stage-samedi-30-mai-2015-624x624.jpg 624w, https:\/\/ineditfitness.com\/site\/wp-content\/uploads\/2015\/05\/Studio-INEDIT-FITNESS-Stage-samedi-30-mai-2015-193x193.jpg 193w, https:\/\/ineditfitness.com\/site\/wp-content\/uploads\/2015\/05\/Studio-INEDIT-FITNESS-Stage-samedi-30-mai-2015-231x231.jpg 231w, https:\/\/ineditfitness.com\/site\/wp-content\/uploads\/2015\/05\/Studio-INEDIT-FITNESS-Stage-samedi-30-mai-2015-289x289.jpg 289w, https:\/\/ineditfitness.com\/site\/wp-content\/uploads\/2015\/05\/Studio-INEDIT-FITNESS-Stage-samedi-30-mai-2015-386x386.jpg 386w, https:\/\/ineditfitness.com\/site\/wp-content\/uploads\/2015\/05\/Studio-INEDIT-FITNESS-Stage-samedi-30-mai-2015.jpg 1123w\" sizes=\"auto, (max-width: 100px) 100vw, 100px\" \/><\/a>\n\t\t\t\t<\/div>\n\t\t\t\t<div class=\"postright\">\n\t\t\t\t\t<h3><a href=\"https:\/\/ineditfitness.com\/site\/stage-100-radical-fitness-samedi-30-mai\/\" title=\"Stage 100 % Radical Fitness &#8211; samedi 30 mai\">Stage 100 % Radical Fitness &#8211; samedi 30 mai<\/a><\/h3>\n\t\t\t\t\t\n\t\t\t\t<div class=\"datetime\"><span class=\"icon-calendar fa fa-calendar\"><\/span>11 mai 2015<\/div>\n\t\t\t\t\n\t\t\t\t\t\n\t\t\t\t<div class=\"comment\"><span class=\"icon-comment fa fa-comment\"><\/span>0 Comments<\/div>\n\t\t\t\t<\/div>\n\t\t\t<\/li>\n\t\t\t<li>\n\t\t\t\t<div class=\"postleft\">\n\t\t\t\t\t<a href=\"https:\/\/ineditfitness.com\/site\/nouveaute-septembre-2015\/\" title=\"Nouveaut\u00e9 septembre 2015\"><img loading=\"lazy\" decoding=\"async\" width=\"100\" height=\"100\" src=\"https:\/\/ineditfitness.com\/site\/wp-content\/uploads\/2015\/05\/Studio-INEDIT-FITNESS-nouveaut\u00e9-septembre-2015-100x100.jpg\" class=\"attachment-thumb_100x100 size-thumb_100x100 wp-post-image\" alt=\"Nouveaut\u00e9 septembre 2015\" srcset=\"https:\/\/ineditfitness.com\/site\/wp-content\/uploads\/2015\/05\/Studio-INEDIT-FITNESS-nouveaut\u00e9-septembre-2015-100x100.jpg 100w, https:\/\/ineditfitness.com\/site\/wp-content\/uploads\/2015\/05\/Studio-INEDIT-FITNESS-nouveaut\u00e9-septembre-2015-150x150.jpg 150w, https:\/\/ineditfitness.com\/site\/wp-content\/uploads\/2015\/05\/Studio-INEDIT-FITNESS-nouveaut\u00e9-septembre-2015-300x300.jpg 300w, https:\/\/ineditfitness.com\/site\/wp-content\/uploads\/2015\/05\/Studio-INEDIT-FITNESS-nouveaut\u00e9-septembre-2015-1024x1024.jpg 1024w, https:\/\/ineditfitness.com\/site\/wp-content\/uploads\/2015\/05\/Studio-INEDIT-FITNESS-nouveaut\u00e9-septembre-2015-90x90.jpg 90w, https:\/\/ineditfitness.com\/site\/wp-content\/uploads\/2015\/05\/Studio-INEDIT-FITNESS-nouveaut\u00e9-septembre-2015-624x624.jpg 624w, https:\/\/ineditfitness.com\/site\/wp-content\/uploads\/2015\/05\/Studio-INEDIT-FITNESS-nouveaut\u00e9-septembre-2015-193x193.jpg 193w, https:\/\/ineditfitness.com\/site\/wp-content\/uploads\/2015\/05\/Studio-INEDIT-FITNESS-nouveaut\u00e9-septembre-2015-231x231.jpg 231w, https:\/\/ineditfitness.com\/site\/wp-content\/uploads\/2015\/05\/Studio-INEDIT-FITNESS-nouveaut\u00e9-septembre-2015-289x289.jpg 289w, https:\/\/ineditfitness.com\/site\/wp-content\/uploads\/2015\/05\/Studio-INEDIT-FITNESS-nouveaut\u00e9-septembre-2015-386x386.jpg 386w, https:\/\/ineditfitness.com\/site\/wp-content\/uploads\/2015\/05\/Studio-INEDIT-FITNESS-nouveaut\u00e9-septembre-2015.jpg 1123w\" sizes=\"auto, (max-width: 100px) 100vw, 100px\" \/><\/a>\n\t\t\t\t<\/div>\n\t\t\t\t<div class=\"postright\">\n\t\t\t\t\t<h3><a href=\"https:\/\/ineditfitness.com\/site\/nouveaute-septembre-2015\/\" title=\"Nouveaut\u00e9 septembre 2015\">Nouveaut\u00e9 septembre 2015<\/a><\/h3>\n\t\t\t\t\t\n\t\t\t\t<div class=\"datetime\"><span class=\"icon-calendar fa fa-calendar\"><\/span>4 mai 2015<\/div>\n\t\t\t\t\n\t\t\t\t\t\n\t\t\t\t<div class=\"comment\"><span class=\"icon-comment fa fa-comment\"><\/span>0 Comments<\/div>\n\t\t\t\t<\/div>\n\t\t\t<\/li>\n\t\t\t<li>\n\t\t\t\t<div class=\"postleft\">\n\t\t\t\t\t<a href=\"https:\/\/ineditfitness.com\/site\/semaine-decouverte-du-20-au-24-avril\/\" title=\"Semaine d\u00e9couverte du 20 au 24 avril\"><img loading=\"lazy\" decoding=\"async\" width=\"100\" height=\"100\" src=\"https:\/\/ineditfitness.com\/site\/wp-content\/uploads\/2015\/04\/Studio-INEDIT-FITNESS-D\u00e9couverte-du-20-au-24-avril-2015-100x100.jpg\" class=\"attachment-thumb_100x100 size-thumb_100x100 wp-post-image\" alt=\"Semaine d\u00e9couverte du 20 au 24 avril\" srcset=\"https:\/\/ineditfitness.com\/site\/wp-content\/uploads\/2015\/04\/Studio-INEDIT-FITNESS-D\u00e9couverte-du-20-au-24-avril-2015-100x100.jpg 100w, https:\/\/ineditfitness.com\/site\/wp-content\/uploads\/2015\/04\/Studio-INEDIT-FITNESS-D\u00e9couverte-du-20-au-24-avril-2015-150x150.jpg 150w, https:\/\/ineditfitness.com\/site\/wp-content\/uploads\/2015\/04\/Studio-INEDIT-FITNESS-D\u00e9couverte-du-20-au-24-avril-2015-300x300.jpg 300w, https:\/\/ineditfitness.com\/site\/wp-content\/uploads\/2015\/04\/Studio-INEDIT-FITNESS-D\u00e9couverte-du-20-au-24-avril-2015-1024x1024.jpg 1024w, https:\/\/ineditfitness.com\/site\/wp-content\/uploads\/2015\/04\/Studio-INEDIT-FITNESS-D\u00e9couverte-du-20-au-24-avril-2015-90x90.jpg 90w, https:\/\/ineditfitness.com\/site\/wp-content\/uploads\/2015\/04\/Studio-INEDIT-FITNESS-D\u00e9couverte-du-20-au-24-avril-2015-624x624.jpg 624w, https:\/\/ineditfitness.com\/site\/wp-content\/uploads\/2015\/04\/Studio-INEDIT-FITNESS-D\u00e9couverte-du-20-au-24-avril-2015-193x193.jpg 193w, https:\/\/ineditfitness.com\/site\/wp-content\/uploads\/2015\/04\/Studio-INEDIT-FITNESS-D\u00e9couverte-du-20-au-24-avril-2015-231x231.jpg 231w, https:\/\/ineditfitness.com\/site\/wp-content\/uploads\/2015\/04\/Studio-INEDIT-FITNESS-D\u00e9couverte-du-20-au-24-avril-2015-289x289.jpg 289w, https:\/\/ineditfitness.com\/site\/wp-content\/uploads\/2015\/04\/Studio-INEDIT-FITNESS-D\u00e9couverte-du-20-au-24-avril-2015-386x386.jpg 386w, https:\/\/ineditfitness.com\/site\/wp-content\/uploads\/2015\/04\/Studio-INEDIT-FITNESS-D\u00e9couverte-du-20-au-24-avril-2015.jpg 1123w\" sizes=\"auto, (max-width: 100px) 100vw, 100px\" \/><\/a>\n\t\t\t\t<\/div>\n\t\t\t\t<div class=\"postright\">\n\t\t\t\t\t<h3><a href=\"https:\/\/ineditfitness.com\/site\/semaine-decouverte-du-20-au-24-avril\/\" title=\"Semaine d\u00e9couverte du 20 au 24 avril\">Semaine d\u00e9couverte du 20 au 24 avril<\/a><\/h3>\n\t\t\t\t\t\n\t\t\t\t<div class=\"datetime\"><span class=\"icon-calendar fa fa-calendar\"><\/span>10 avril 2015<\/div>\n\t\t\t\t\n\t\t\t\t\t\n\t\t\t\t<div class=\"comment\"><span class=\"icon-comment fa fa-comment\"><\/span>0 Comments<\/div>\n\t\t\t\t<\/div>\n\t\t\t<\/li>\n\t\t\t<li>\n\t\t\t\t<div class=\"postleft\">\n\t\t\t\t\t<a href=\"https:\/\/ineditfitness.com\/site\/un-moment-entre-amis-amies\/\" title=\"Un moment entre amis \/ amies\"><img loading=\"lazy\" decoding=\"async\" width=\"100\" height=\"100\" src=\"https:\/\/ineditfitness.com\/site\/wp-content\/uploads\/2015\/04\/Studio-INEDIT-FITNESS-anniversaire-enterrement-de-vie-de-jeunes-filles-et-de-garcons-100x100.jpg\" class=\"attachment-thumb_100x100 size-thumb_100x100 wp-post-image\" alt=\"Un moment entre amis \/ amies\" srcset=\"https:\/\/ineditfitness.com\/site\/wp-content\/uploads\/2015\/04\/Studio-INEDIT-FITNESS-anniversaire-enterrement-de-vie-de-jeunes-filles-et-de-garcons-100x100.jpg 100w, https:\/\/ineditfitness.com\/site\/wp-content\/uploads\/2015\/04\/Studio-INEDIT-FITNESS-anniversaire-enterrement-de-vie-de-jeunes-filles-et-de-garcons-80x80.jpg 80w, https:\/\/ineditfitness.com\/site\/wp-content\/uploads\/2015\/04\/Studio-INEDIT-FITNESS-anniversaire-enterrement-de-vie-de-jeunes-filles-et-de-garcons-300x300.jpg 300w, https:\/\/ineditfitness.com\/site\/wp-content\/uploads\/2015\/04\/Studio-INEDIT-FITNESS-anniversaire-enterrement-de-vie-de-jeunes-filles-et-de-garcons-150x150.jpg 150w, https:\/\/ineditfitness.com\/site\/wp-content\/uploads\/2015\/04\/Studio-INEDIT-FITNESS-anniversaire-enterrement-de-vie-de-jeunes-filles-et-de-garcons-1024x1024.jpg 1024w, https:\/\/ineditfitness.com\/site\/wp-content\/uploads\/2015\/04\/Studio-INEDIT-FITNESS-anniversaire-enterrement-de-vie-de-jeunes-filles-et-de-garcons-624x624.jpg 624w, https:\/\/ineditfitness.com\/site\/wp-content\/uploads\/2015\/04\/Studio-INEDIT-FITNESS-anniversaire-enterrement-de-vie-de-jeunes-filles-et-de-garcons-193x193.jpg 193w, https:\/\/ineditfitness.com\/site\/wp-content\/uploads\/2015\/04\/Studio-INEDIT-FITNESS-anniversaire-enterrement-de-vie-de-jeunes-filles-et-de-garcons-231x231.jpg 231w, https:\/\/ineditfitness.com\/site\/wp-content\/uploads\/2015\/04\/Studio-INEDIT-FITNESS-anniversaire-enterrement-de-vie-de-jeunes-filles-et-de-garcons-289x289.jpg 289w, https:\/\/ineditfitness.com\/site\/wp-content\/uploads\/2015\/04\/Studio-INEDIT-FITNESS-anniversaire-enterrement-de-vie-de-jeunes-filles-et-de-garcons-386x386.jpg 386w, https:\/\/ineditfitness.com\/site\/wp-content\/uploads\/2015\/04\/Studio-INEDIT-FITNESS-anniversaire-enterrement-de-vie-de-jeunes-filles-et-de-garcons.jpg 1123w\" sizes=\"auto, (max-width: 100px) 100vw, 100px\" \/><\/a>\n\t\t\t\t<\/div>\n\t\t\t\t<div class=\"postright\">\n\t\t\t\t\t<h3><a href=\"https:\/\/ineditfitness.com\/site\/un-moment-entre-amis-amies\/\" title=\"Un moment entre amis \/ amies\">Un moment entre amis \/ amies<\/a><\/h3>\n\t\t\t\t\t\n\t\t\t\t<div class=\"datetime\"><span class=\"icon-calendar fa fa-calendar\"><\/span>1 avril 2015<\/div>\n\t\t\t\t\n\t\t\t\t\t\n\t\t\t\t<div class=\"comment\"><span class=\"icon-comment fa fa-comment\"><\/span>0 Comments<\/div>\n\t\t\t\t<\/div>\n\t\t\t<\/li>\n\t\t\t<li>\n\t\t\t\t<div class=\"postleft\">\n\t\t\t\t\t<a href=\"https:\/\/ineditfitness.com\/site\/stage-special-challenge-dimanche-26-avril\/\" title=\"Stage Sp\u00e9cial challenge dimanche 26 avril\"><img loading=\"lazy\" decoding=\"async\" width=\"100\" height=\"100\" src=\"https:\/\/ineditfitness.com\/site\/wp-content\/uploads\/2015\/03\/Studio-INEDIT-FITNESS-Stage-sp\u00e9cial-challenge-dimanche-26-avril-100x100.jpg\" class=\"attachment-thumb_100x100 size-thumb_100x100 wp-post-image\" alt=\"Stage Sp\u00e9cial challenge dimanche 26 avril\" srcset=\"https:\/\/ineditfitness.com\/site\/wp-content\/uploads\/2015\/03\/Studio-INEDIT-FITNESS-Stage-sp\u00e9cial-challenge-dimanche-26-avril-100x100.jpg 100w, https:\/\/ineditfitness.com\/site\/wp-content\/uploads\/2015\/03\/Studio-INEDIT-FITNESS-Stage-sp\u00e9cial-challenge-dimanche-26-avril-150x150.jpg 150w, https:\/\/ineditfitness.com\/site\/wp-content\/uploads\/2015\/03\/Studio-INEDIT-FITNESS-Stage-sp\u00e9cial-challenge-dimanche-26-avril-300x300.jpg 300w, https:\/\/ineditfitness.com\/site\/wp-content\/uploads\/2015\/03\/Studio-INEDIT-FITNESS-Stage-sp\u00e9cial-challenge-dimanche-26-avril-1024x1024.jpg 1024w, https:\/\/ineditfitness.com\/site\/wp-content\/uploads\/2015\/03\/Studio-INEDIT-FITNESS-Stage-sp\u00e9cial-challenge-dimanche-26-avril-90x90.jpg 90w, https:\/\/ineditfitness.com\/site\/wp-content\/uploads\/2015\/03\/Studio-INEDIT-FITNESS-Stage-sp\u00e9cial-challenge-dimanche-26-avril-624x624.jpg 624w, https:\/\/ineditfitness.com\/site\/wp-content\/uploads\/2015\/03\/Studio-INEDIT-FITNESS-Stage-sp\u00e9cial-challenge-dimanche-26-avril-193x193.jpg 193w, https:\/\/ineditfitness.com\/site\/wp-content\/uploads\/2015\/03\/Studio-INEDIT-FITNESS-Stage-sp\u00e9cial-challenge-dimanche-26-avril-231x231.jpg 231w, https:\/\/ineditfitness.com\/site\/wp-content\/uploads\/2015\/03\/Studio-INEDIT-FITNESS-Stage-sp\u00e9cial-challenge-dimanche-26-avril-289x289.jpg 289w, https:\/\/ineditfitness.com\/site\/wp-content\/uploads\/2015\/03\/Studio-INEDIT-FITNESS-Stage-sp\u00e9cial-challenge-dimanche-26-avril-386x386.jpg 386w, https:\/\/ineditfitness.com\/site\/wp-content\/uploads\/2015\/03\/Studio-INEDIT-FITNESS-Stage-sp\u00e9cial-challenge-dimanche-26-avril.jpg 1123w\" sizes=\"auto, (max-width: 100px) 100vw, 100px\" \/><\/a>\n\t\t\t\t<\/div>\n\t\t\t\t<div class=\"postright\">\n\t\t\t\t\t<h3><a href=\"https:\/\/ineditfitness.com\/site\/stage-special-challenge-dimanche-26-avril\/\" title=\"Stage Sp\u00e9cial challenge dimanche 26 avril\">Stage Sp\u00e9cial challenge dimanche 26 avril<\/a><\/h3>\n\t\t\t\t\t\n\t\t\t\t<div class=\"datetime\"><span class=\"icon-calendar fa fa-calendar\"><\/span>31 mars 2015<\/div>\n\t\t\t\t\n\t\t\t\t\t\n\t\t\t\t<div class=\"comment\"><span class=\"icon-comment fa fa-comment\"><\/span>0 Comments<\/div>\n\t\t\t\t<\/div>\n\t\t\t<\/li>\n\t\t\t<li>\n\t\t\t\t<div class=\"postleft\">\n\t\t\t\t\t<a href=\"https:\/\/ineditfitness.com\/site\/offre-speciale-printemps\/\" title=\"Offre sp\u00e9ciale Printemps 2015\"><img loading=\"lazy\" decoding=\"async\" width=\"100\" height=\"100\" src=\"https:\/\/ineditfitness.com\/site\/wp-content\/uploads\/2015\/03\/Studio-INEDIT-FITNESS-Offre-sp\u00e9ciale-printemps-jpeg-100x100.jpg\" class=\"attachment-thumb_100x100 size-thumb_100x100 wp-post-image\" alt=\"Offre sp\u00e9ciale Printemps 2015\" srcset=\"https:\/\/ineditfitness.com\/site\/wp-content\/uploads\/2015\/03\/Studio-INEDIT-FITNESS-Offre-sp\u00e9ciale-printemps-jpeg-100x100.jpg 100w, https:\/\/ineditfitness.com\/site\/wp-content\/uploads\/2015\/03\/Studio-INEDIT-FITNESS-Offre-sp\u00e9ciale-printemps-jpeg-150x150.jpg 150w, https:\/\/ineditfitness.com\/site\/wp-content\/uploads\/2015\/03\/Studio-INEDIT-FITNESS-Offre-sp\u00e9ciale-printemps-jpeg-300x300.jpg 300w, https:\/\/ineditfitness.com\/site\/wp-content\/uploads\/2015\/03\/Studio-INEDIT-FITNESS-Offre-sp\u00e9ciale-printemps-jpeg-1024x1024.jpg 1024w, https:\/\/ineditfitness.com\/site\/wp-content\/uploads\/2015\/03\/Studio-INEDIT-FITNESS-Offre-sp\u00e9ciale-printemps-jpeg-90x90.jpg 90w, https:\/\/ineditfitness.com\/site\/wp-content\/uploads\/2015\/03\/Studio-INEDIT-FITNESS-Offre-sp\u00e9ciale-printemps-jpeg-624x624.jpg 624w, https:\/\/ineditfitness.com\/site\/wp-content\/uploads\/2015\/03\/Studio-INEDIT-FITNESS-Offre-sp\u00e9ciale-printemps-jpeg-193x193.jpg 193w, https:\/\/ineditfitness.com\/site\/wp-content\/uploads\/2015\/03\/Studio-INEDIT-FITNESS-Offre-sp\u00e9ciale-printemps-jpeg-231x231.jpg 231w, https:\/\/ineditfitness.com\/site\/wp-content\/uploads\/2015\/03\/Studio-INEDIT-FITNESS-Offre-sp\u00e9ciale-printemps-jpeg-289x289.jpg 289w, https:\/\/ineditfitness.com\/site\/wp-content\/uploads\/2015\/03\/Studio-INEDIT-FITNESS-Offre-sp\u00e9ciale-printemps-jpeg-386x386.jpg 386w, https:\/\/ineditfitness.com\/site\/wp-content\/uploads\/2015\/03\/Studio-INEDIT-FITNESS-Offre-sp\u00e9ciale-printemps-jpeg.jpg 1123w\" sizes=\"auto, (max-width: 100px) 100vw, 100px\" \/><\/a>\n\t\t\t\t<\/div>\n\t\t\t\t<div class=\"postright\">\n\t\t\t\t\t<h3><a href=\"https:\/\/ineditfitness.com\/site\/offre-speciale-printemps\/\" title=\"Offre sp\u00e9ciale Printemps 2015\">Offre sp\u00e9ciale Printemps 2015<\/a><\/h3>\n\t\t\t\t\t\n\t\t\t\t<div class=\"datetime\"><span class=\"icon-calendar fa fa-calendar\"><\/span>20 mars 2015<\/div>\n\t\t\t\t\n\t\t\t\t\t\n\t\t\t\t<div class=\"comment\"><span class=\"icon-comment fa fa-comment\"><\/span>0 Comments<\/div>\n\t\t\t\t<\/div>\n\t\t\t<\/li>\n\t\t\t<li>\n\t\t\t\t<div class=\"postleft\">\n\t\t\t\t\t<a href=\"https:\/\/ineditfitness.com\/site\/studio-inedit-fitness-present-a-la-fluo-party-de-solaize\/\" title=\"Studio INEDIT FITNESS pr\u00e9sent \u00e0 la Fluo party de solaize\"><img loading=\"lazy\" decoding=\"async\" width=\"100\" height=\"100\" src=\"https:\/\/ineditfitness.com\/site\/wp-content\/uploads\/2015\/03\/Studio-INEDIT-FITNESS-Photo-2-echauffement-fluo-party-solaize-samedi-7-mars-100x100.jpg\" class=\"attachment-thumb_100x100 size-thumb_100x100 wp-post-image\" alt=\"Studio INEDIT FITNESS pr\u00e9sent \u00e0 la Fluo party de solaize\" srcset=\"https:\/\/ineditfitness.com\/site\/wp-content\/uploads\/2015\/03\/Studio-INEDIT-FITNESS-Photo-2-echauffement-fluo-party-solaize-samedi-7-mars-100x100.jpg 100w, https:\/\/ineditfitness.com\/site\/wp-content\/uploads\/2015\/03\/Studio-INEDIT-FITNESS-Photo-2-echauffement-fluo-party-solaize-samedi-7-mars-80x80.jpg 80w, https:\/\/ineditfitness.com\/site\/wp-content\/uploads\/2015\/03\/Studio-INEDIT-FITNESS-Photo-2-echauffement-fluo-party-solaize-samedi-7-mars-300x300.jpg 300w, https:\/\/ineditfitness.com\/site\/wp-content\/uploads\/2015\/03\/Studio-INEDIT-FITNESS-Photo-2-echauffement-fluo-party-solaize-samedi-7-mars-150x150.jpg 150w, https:\/\/ineditfitness.com\/site\/wp-content\/uploads\/2015\/03\/Studio-INEDIT-FITNESS-Photo-2-echauffement-fluo-party-solaize-samedi-7-mars-1024x1024.jpg 1024w, https:\/\/ineditfitness.com\/site\/wp-content\/uploads\/2015\/03\/Studio-INEDIT-FITNESS-Photo-2-echauffement-fluo-party-solaize-samedi-7-mars-624x624.jpg 624w, https:\/\/ineditfitness.com\/site\/wp-content\/uploads\/2015\/03\/Studio-INEDIT-FITNESS-Photo-2-echauffement-fluo-party-solaize-samedi-7-mars-193x193.jpg 193w, https:\/\/ineditfitness.com\/site\/wp-content\/uploads\/2015\/03\/Studio-INEDIT-FITNESS-Photo-2-echauffement-fluo-party-solaize-samedi-7-mars-231x231.jpg 231w, https:\/\/ineditfitness.com\/site\/wp-content\/uploads\/2015\/03\/Studio-INEDIT-FITNESS-Photo-2-echauffement-fluo-party-solaize-samedi-7-mars-289x289.jpg 289w, https:\/\/ineditfitness.com\/site\/wp-content\/uploads\/2015\/03\/Studio-INEDIT-FITNESS-Photo-2-echauffement-fluo-party-solaize-samedi-7-mars-386x386.jpg 386w, https:\/\/ineditfitness.com\/site\/wp-content\/uploads\/2015\/03\/Studio-INEDIT-FITNESS-Photo-2-echauffement-fluo-party-solaize-samedi-7-mars.jpg 1500w\" sizes=\"auto, (max-width: 100px) 100vw, 100px\" \/><\/a>\n\t\t\t\t<\/div>\n\t\t\t\t<div class=\"postright\">\n\t\t\t\t\t<h3><a href=\"https:\/\/ineditfitness.com\/site\/studio-inedit-fitness-present-a-la-fluo-party-de-solaize\/\" title=\"Studio INEDIT FITNESS pr\u00e9sent \u00e0 la Fluo party de solaize\">Studio INEDIT FITNESS pr\u00e9sent \u00e0 la Fluo party de solaize<\/a><\/h3>\n\t\t\t\t\t\n\t\t\t\t<div class=\"datetime\"><span class=\"icon-calendar fa fa-calendar\"><\/span>11 mars 2015<\/div>\n\t\t\t\t\n\t\t\t\t\t\n\t\t\t\t<div class=\"comment\"><span class=\"icon-comment fa fa-comment\"><\/span>0 Comments<\/div>\n\t\t\t\t<\/div>\n\t\t\t<\/li>\n\t\t\t<li>\n\t\t\t\t<div class=\"postleft\">\n\t\t\t\t\t<a href=\"https:\/\/ineditfitness.com\/site\/stage-dimanche-29-mars\/\" title=\"Stage dimanche 29 mars\"><img loading=\"lazy\" decoding=\"async\" width=\"100\" height=\"100\" src=\"https:\/\/ineditfitness.com\/site\/wp-content\/uploads\/2015\/03\/Studio-INEDIT-FITNESS-Stage-dimanche-29-mars1-100x100.jpg\" class=\"attachment-thumb_100x100 size-thumb_100x100 wp-post-image\" alt=\"Stage dimanche 29 mars\" srcset=\"https:\/\/ineditfitness.com\/site\/wp-content\/uploads\/2015\/03\/Studio-INEDIT-FITNESS-Stage-dimanche-29-mars1-e1426241050940-100x100.jpg 100w, https:\/\/ineditfitness.com\/site\/wp-content\/uploads\/2015\/03\/Studio-INEDIT-FITNESS-Stage-dimanche-29-mars1-e1426241050940-80x80.jpg 80w, https:\/\/ineditfitness.com\/site\/wp-content\/uploads\/2015\/03\/Studio-INEDIT-FITNESS-Stage-dimanche-29-mars1-e1426241050940.jpg 300w, https:\/\/ineditfitness.com\/site\/wp-content\/uploads\/2015\/03\/Studio-INEDIT-FITNESS-Stage-dimanche-29-mars1-150x150.jpg 150w, https:\/\/ineditfitness.com\/site\/wp-content\/uploads\/2015\/03\/Studio-INEDIT-FITNESS-Stage-dimanche-29-mars1-624x624.jpg 624w, https:\/\/ineditfitness.com\/site\/wp-content\/uploads\/2015\/03\/Studio-INEDIT-FITNESS-Stage-dimanche-29-mars1-193x193.jpg 193w, https:\/\/ineditfitness.com\/site\/wp-content\/uploads\/2015\/03\/Studio-INEDIT-FITNESS-Stage-dimanche-29-mars1-231x231.jpg 231w, https:\/\/ineditfitness.com\/site\/wp-content\/uploads\/2015\/03\/Studio-INEDIT-FITNESS-Stage-dimanche-29-mars1-289x289.jpg 289w, https:\/\/ineditfitness.com\/site\/wp-content\/uploads\/2015\/03\/Studio-INEDIT-FITNESS-Stage-dimanche-29-mars1-386x386.jpg 386w\" sizes=\"auto, (max-width: 100px) 100vw, 100px\" \/><\/a>\n\t\t\t\t<\/div>\n\t\t\t\t<div class=\"postright\">\n\t\t\t\t\t<h3><a href=\"https:\/\/ineditfitness.com\/site\/stage-dimanche-29-mars\/\" title=\"Stage dimanche 29 mars\">Stage dimanche 29 mars<\/a><\/h3>\n\t\t\t\t\t\n\t\t\t\t<div class=\"datetime\"><span class=\"icon-calendar fa fa-calendar\"><\/span>5 mars 2015<\/div>\n\t\t\t\t\n\t\t\t\t\t\n\t\t\t\t<div class=\"comment\"><span class=\"icon-comment fa fa-comment\"><\/span>0 Comments<\/div>\n\t\t\t\t<\/div>\n\t\t\t<\/li>\n\t\t\t<li>\n\t\t\t\t<div class=\"postleft\">\n\t\t\t\t\t<a href=\"https:\/\/ineditfitness.com\/site\/repetition-de-la-fluo-party-au-studio-inedit-fitness\/\" title=\"R\u00e9p\u00e9tition de la Fluo Party au Studio INEDIT FITNESS\"><img loading=\"lazy\" decoding=\"async\" width=\"100\" height=\"100\" src=\"https:\/\/ineditfitness.com\/site\/wp-content\/uploads\/2015\/02\/Studio-INEDIT-FITNESS-photo-r\u00e9p\u00e9tition-fluo-party-2-100x100.jpg\" class=\"attachment-thumb_100x100 size-thumb_100x100 wp-post-image\" alt=\"R\u00e9p\u00e9tition de la Fluo Party au Studio INEDIT FITNESS\" srcset=\"https:\/\/ineditfitness.com\/site\/wp-content\/uploads\/2015\/02\/Studio-INEDIT-FITNESS-photo-r\u00e9p\u00e9tition-fluo-party-2-100x100.jpg 100w, https:\/\/ineditfitness.com\/site\/wp-content\/uploads\/2015\/02\/Studio-INEDIT-FITNESS-photo-r\u00e9p\u00e9tition-fluo-party-2-150x150.jpg 150w, https:\/\/ineditfitness.com\/site\/wp-content\/uploads\/2015\/02\/Studio-INEDIT-FITNESS-photo-r\u00e9p\u00e9tition-fluo-party-2-300x300.jpg 300w, https:\/\/ineditfitness.com\/site\/wp-content\/uploads\/2015\/02\/Studio-INEDIT-FITNESS-photo-r\u00e9p\u00e9tition-fluo-party-2-90x90.jpg 90w, https:\/\/ineditfitness.com\/site\/wp-content\/uploads\/2015\/02\/Studio-INEDIT-FITNESS-photo-r\u00e9p\u00e9tition-fluo-party-2-624x624.jpg 624w, https:\/\/ineditfitness.com\/site\/wp-content\/uploads\/2015\/02\/Studio-INEDIT-FITNESS-photo-r\u00e9p\u00e9tition-fluo-party-2-193x193.jpg 193w, https:\/\/ineditfitness.com\/site\/wp-content\/uploads\/2015\/02\/Studio-INEDIT-FITNESS-photo-r\u00e9p\u00e9tition-fluo-party-2-231x231.jpg 231w, https:\/\/ineditfitness.com\/site\/wp-content\/uploads\/2015\/02\/Studio-INEDIT-FITNESS-photo-r\u00e9p\u00e9tition-fluo-party-2-289x289.jpg 289w, https:\/\/ineditfitness.com\/site\/wp-content\/uploads\/2015\/02\/Studio-INEDIT-FITNESS-photo-r\u00e9p\u00e9tition-fluo-party-2-386x386.jpg 386w, https:\/\/ineditfitness.com\/site\/wp-content\/uploads\/2015\/02\/Studio-INEDIT-FITNESS-photo-r\u00e9p\u00e9tition-fluo-party-2.jpg 980w\" sizes=\"auto, (max-width: 100px) 100vw, 100px\" \/><\/a>\n\t\t\t\t<\/div>\n\t\t\t\t<div class=\"postright\">\n\t\t\t\t\t<h3><a href=\"https:\/\/ineditfitness.com\/site\/repetition-de-la-fluo-party-au-studio-inedit-fitness\/\" title=\"R\u00e9p\u00e9tition de la Fluo Party au Studio INEDIT FITNESS\">R\u00e9p\u00e9tition de la Fluo Party au Studio INEDIT FITNESS<\/a><\/h3>\n\t\t\t\t\t\n\t\t\t\t<div class=\"datetime\"><span class=\"icon-calendar fa fa-calendar\"><\/span>27 f\u00e9vrier 2015<\/div>\n\t\t\t\t\n\t\t\t\t\t\n\t\t\t\t<div class=\"comment\"><span class=\"icon-comment fa fa-comment\"><\/span>1 Comments<\/div>\n\t\t\t\t<\/div>\n\t\t\t<\/li>\n\t\t\t<li>\n\t\t\t\t<div class=\"postleft\">\n\t\t\t\t\t<a href=\"https:\/\/ineditfitness.com\/site\/stage-decouverte-dimanche-29-mars\/\" title=\"Stage d\u00e9couverte dimanche 29 mars\"><img loading=\"lazy\" decoding=\"async\" width=\"100\" height=\"100\" src=\"https:\/\/ineditfitness.com\/site\/wp-content\/uploads\/2015\/01\/Logo_STUDIO_INEDIT_S-100x100.jpg\" class=\"attachment-thumb_100x100 size-thumb_100x100 wp-post-image\" alt=\"Stage d\u00e9couverte dimanche 29 mars\" srcset=\"https:\/\/ineditfitness.com\/site\/wp-content\/uploads\/2015\/01\/Logo_STUDIO_INEDIT_S-100x100.jpg 100w, https:\/\/ineditfitness.com\/site\/wp-content\/uploads\/2015\/01\/Logo_STUDIO_INEDIT_S-80x80.jpg 80w\" sizes=\"auto, (max-width: 100px) 100vw, 100px\" \/><\/a>\n\t\t\t\t<\/div>\n\t\t\t\t<div class=\"postright\">\n\t\t\t\t\t<h3><a href=\"https:\/\/ineditfitness.com\/site\/stage-decouverte-dimanche-29-mars\/\" title=\"Stage d\u00e9couverte dimanche 29 mars\">Stage d\u00e9couverte dimanche 29 mars<\/a><\/h3>\n\t\t\t\t\t\n\t\t\t\t<div class=\"datetime\"><span class=\"icon-calendar fa fa-calendar\"><\/span>26 f\u00e9vrier 2015<\/div>\n\t\t\t\t\n\t\t\t\t\t\n\t\t\t\t<div class=\"comment\"><span class=\"icon-comment fa fa-comment\"><\/span>0 Comments<\/div>\n\t\t\t\t<\/div>\n\t\t\t<\/li>\n\t\t\t<li>\n\t\t\t\t<div class=\"postleft\">\n\t\t\t\t\t<a href=\"https:\/\/ineditfitness.com\/site\/le-studio-inedit-fitness-participe-a-la-fluo-party\/\" title=\"Le Studio INEDIT FITNESS participe \u00e0 la Fluo Party\"><img loading=\"lazy\" decoding=\"async\" width=\"100\" height=\"100\" src=\"https:\/\/ineditfitness.com\/site\/wp-content\/uploads\/2015\/02\/Studio-INEDIT-FITNESS-Fluo-Party-Chassieu-100x100.jpg\" class=\"attachment-thumb_100x100 size-thumb_100x100 wp-post-image\" alt=\"Le Studio INEDIT FITNESS participe \u00e0 la Fluo Party\" srcset=\"https:\/\/ineditfitness.com\/site\/wp-content\/uploads\/2015\/02\/Studio-INEDIT-FITNESS-Fluo-Party-Chassieu-100x100.jpg 100w, https:\/\/ineditfitness.com\/site\/wp-content\/uploads\/2015\/02\/Studio-INEDIT-FITNESS-Fluo-Party-Chassieu-80x80.jpg 80w, https:\/\/ineditfitness.com\/site\/wp-content\/uploads\/2015\/02\/Studio-INEDIT-FITNESS-Fluo-Party-Chassieu-150x150.jpg 150w, https:\/\/ineditfitness.com\/site\/wp-content\/uploads\/2015\/02\/Studio-INEDIT-FITNESS-Fluo-Party-Chassieu-193x193.jpg 193w, https:\/\/ineditfitness.com\/site\/wp-content\/uploads\/2015\/02\/Studio-INEDIT-FITNESS-Fluo-Party-Chassieu-231x231.jpg 231w, https:\/\/ineditfitness.com\/site\/wp-content\/uploads\/2015\/02\/Studio-INEDIT-FITNESS-Fluo-Party-Chassieu-289x289.jpg 289w, https:\/\/ineditfitness.com\/site\/wp-content\/uploads\/2015\/02\/Studio-INEDIT-FITNESS-Fluo-Party-Chassieu-386x386.jpg 386w\" sizes=\"auto, (max-width: 100px) 100vw, 100px\" \/><\/a>\n\t\t\t\t<\/div>\n\t\t\t\t<div class=\"postright\">\n\t\t\t\t\t<h3><a href=\"https:\/\/ineditfitness.com\/site\/le-studio-inedit-fitness-participe-a-la-fluo-party\/\" title=\"Le Studio INEDIT FITNESS participe \u00e0 la Fluo Party\">Le Studio INEDIT FITNESS participe \u00e0 la Fluo Party<\/a><\/h3>\n\t\t\t\t\t\n\t\t\t\t<div class=\"datetime\"><span class=\"icon-calendar fa fa-calendar\"><\/span>23 f\u00e9vrier 2015<\/div>\n\t\t\t\t\n\t\t\t\t\t\n\t\t\t\t<div class=\"comment\"><span class=\"icon-comment fa fa-comment\"><\/span>0 Comments<\/div>\n\t\t\t\t<\/div>\n\t\t\t<\/li>\n\t\t\t<li>\n\t\t\t\t<div class=\"postleft\">\n\t\t\t\t\t<a href=\"https:\/\/ineditfitness.com\/site\/article-dans-le-journal-cest-en-ville-le-progres\/\" title=\"Article dans le journal \u00ab\u00a0C&rsquo;est en Ville\u00a0\u00bb &#8211; LE PROGR\u00c8S\"><img loading=\"lazy\" decoding=\"async\" width=\"100\" height=\"100\" src=\"https:\/\/ineditfitness.com\/site\/wp-content\/uploads\/2015\/02\/Article-INEDIT-FITNESS-Copie1-100x100.jpg\" class=\"attachment-thumb_100x100 size-thumb_100x100 wp-post-image\" alt=\"Article dans le journal \u00ab\u00a0C&rsquo;est en Ville\u00a0\u00bb &#8211; LE PROGR\u00c8S\" srcset=\"https:\/\/ineditfitness.com\/site\/wp-content\/uploads\/2015\/02\/Article-INEDIT-FITNESS-Copie1-100x100.jpg 100w, https:\/\/ineditfitness.com\/site\/wp-content\/uploads\/2015\/02\/Article-INEDIT-FITNESS-Copie1-80x80.jpg 80w, https:\/\/ineditfitness.com\/site\/wp-content\/uploads\/2015\/02\/Article-INEDIT-FITNESS-Copie1-300x300.jpg 300w, https:\/\/ineditfitness.com\/site\/wp-content\/uploads\/2015\/02\/Article-INEDIT-FITNESS-Copie1-150x150.jpg 150w, https:\/\/ineditfitness.com\/site\/wp-content\/uploads\/2015\/02\/Article-INEDIT-FITNESS-Copie1-624x624.jpg 624w, https:\/\/ineditfitness.com\/site\/wp-content\/uploads\/2015\/02\/Article-INEDIT-FITNESS-Copie1-193x193.jpg 193w, https:\/\/ineditfitness.com\/site\/wp-content\/uploads\/2015\/02\/Article-INEDIT-FITNESS-Copie1-231x231.jpg 231w, https:\/\/ineditfitness.com\/site\/wp-content\/uploads\/2015\/02\/Article-INEDIT-FITNESS-Copie1-289x289.jpg 289w, https:\/\/ineditfitness.com\/site\/wp-content\/uploads\/2015\/02\/Article-INEDIT-FITNESS-Copie1-386x386.jpg 386w, https:\/\/ineditfitness.com\/site\/wp-content\/uploads\/2015\/02\/Article-INEDIT-FITNESS-Copie1.jpg 1000w\" sizes=\"auto, (max-width: 100px) 100vw, 100px\" \/><\/a>\n\t\t\t\t<\/div>\n\t\t\t\t<div class=\"postright\">\n\t\t\t\t\t<h3><a href=\"https:\/\/ineditfitness.com\/site\/article-dans-le-journal-cest-en-ville-le-progres\/\" title=\"Article dans le journal \u00ab\u00a0C&rsquo;est en Ville\u00a0\u00bb &#8211; LE PROGR\u00c8S\">Article dans le journal \u00ab\u00a0C&rsquo;est en Ville\u00a0\u00bb &#8211; LE PROGR\u00c8S<\/a><\/h3>\n\t\t\t\t\t\n\t\t\t\t<div class=\"datetime\"><span class=\"icon-calendar fa fa-calendar\"><\/span>17 f\u00e9vrier 2015<\/div>\n\t\t\t\t\n\t\t\t\t\t\n\t\t\t\t<div class=\"comment\"><span class=\"icon-comment fa fa-comment\"><\/span>1 Comments<\/div>\n\t\t\t\t<\/div>\n\t\t\t<\/li>\n\t\t\t<li>\n\t\t\t\t<div class=\"postleft\">\n\t\t\t\t\t<a href=\"https:\/\/ineditfitness.com\/site\/semaine-de-la-saint-valentin-en-duo\/\" title=\"Semaine de la Saint Valentin en Duo\"><img loading=\"lazy\" decoding=\"async\" width=\"100\" height=\"100\" src=\"https:\/\/ineditfitness.com\/site\/wp-content\/uploads\/2015\/02\/ineditditness_saint_valentin2-100x100.png\" class=\"attachment-thumb_100x100 size-thumb_100x100 wp-post-image\" alt=\"Semaine de la Saint Valentin en Duo\" srcset=\"https:\/\/ineditfitness.com\/site\/wp-content\/uploads\/2015\/02\/ineditditness_saint_valentin2-100x100.png 100w, https:\/\/ineditfitness.com\/site\/wp-content\/uploads\/2015\/02\/ineditditness_saint_valentin2-80x80.png 80w, https:\/\/ineditfitness.com\/site\/wp-content\/uploads\/2015\/02\/ineditditness_saint_valentin2-300x300.png 300w, https:\/\/ineditfitness.com\/site\/wp-content\/uploads\/2015\/02\/ineditditness_saint_valentin2-150x150.png 150w, https:\/\/ineditfitness.com\/site\/wp-content\/uploads\/2015\/02\/ineditditness_saint_valentin2-193x193.png 193w, https:\/\/ineditfitness.com\/site\/wp-content\/uploads\/2015\/02\/ineditditness_saint_valentin2-231x231.png 231w, https:\/\/ineditfitness.com\/site\/wp-content\/uploads\/2015\/02\/ineditditness_saint_valentin2-289x289.png 289w, https:\/\/ineditfitness.com\/site\/wp-content\/uploads\/2015\/02\/ineditditness_saint_valentin2-386x386.png 386w, https:\/\/ineditfitness.com\/site\/wp-content\/uploads\/2015\/02\/ineditditness_saint_valentin2.png 585w\" sizes=\"auto, (max-width: 100px) 100vw, 100px\" \/><\/a>\n\t\t\t\t<\/div>\n\t\t\t\t<div class=\"postright\">\n\t\t\t\t\t<h3><a href=\"https:\/\/ineditfitness.com\/site\/semaine-de-la-saint-valentin-en-duo\/\" title=\"Semaine de la Saint Valentin en Duo\">Semaine de la Saint Valentin en Duo<\/a><\/h3>\n\t\t\t\t\t\n\t\t\t\t<div class=\"datetime\"><span class=\"icon-calendar fa fa-calendar\"><\/span>5 f\u00e9vrier 2015<\/div>\n\t\t\t\t\n\t\t\t\t\t\n\t\t\t\t<div class=\"comment\"><span class=\"icon-comment fa fa-comment\"><\/span>1 Comments<\/div>\n\t\t\t\t<\/div>\n\t\t\t<\/li>\n\t\t\t<li>\n\t\t\t\t<div class=\"postleft\">\n\t\t\t\t\t<a href=\"https:\/\/ineditfitness.com\/site\/cours-sur-mini-trampoline-au-studio-inedit-fitness\/\" title=\"Cours sur mini trampoline au Studio INEDIT FITNESS\"><img loading=\"lazy\" decoding=\"async\" width=\"100\" height=\"100\" src=\"https:\/\/ineditfitness.com\/site\/wp-content\/uploads\/2015\/01\/Studio-Inedit-Fitness-UBOUND-Radical_SL-100x100.png\" class=\"attachment-thumb_100x100 size-thumb_100x100 wp-post-image\" alt=\"Cours sur mini trampoline au Studio INEDIT FITNESS\" srcset=\"https:\/\/ineditfitness.com\/site\/wp-content\/uploads\/2015\/01\/Studio-Inedit-Fitness-UBOUND-Radical_SL-100x100.png 100w, https:\/\/ineditfitness.com\/site\/wp-content\/uploads\/2015\/01\/Studio-Inedit-Fitness-UBOUND-Radical_SL-80x80.png 80w\" sizes=\"auto, (max-width: 100px) 100vw, 100px\" \/><\/a>\n\t\t\t\t<\/div>\n\t\t\t\t<div class=\"postright\">\n\t\t\t\t\t<h3><a href=\"https:\/\/ineditfitness.com\/site\/cours-sur-mini-trampoline-au-studio-inedit-fitness\/\" title=\"Cours sur mini trampoline au Studio INEDIT FITNESS\">Cours sur mini trampoline au Studio INEDIT FITNESS<\/a><\/h3>\n\t\t\t\t\t\n\t\t\t\t<div class=\"datetime\"><span class=\"icon-calendar fa fa-calendar\"><\/span>4 f\u00e9vrier 2015<\/div>\n\t\t\t\t\n\t\t\t\t\t\n\t\t\t\t<div class=\"comment\"><span class=\"icon-comment fa fa-comment\"><\/span>0 Comments<\/div>\n\t\t\t\t<\/div>\n\t\t\t<\/li>\n\t\t\t<li>\n\t\t\t\t<div class=\"postleft\">\n\t\t\t\t\t<a href=\"https:\/\/ineditfitness.com\/site\/grande-ouverture-du-studio-ineditfitness\/\" title=\"Grande ouverture du Studio INEDITFITNESS !\"><img loading=\"lazy\" decoding=\"async\" width=\"100\" height=\"100\" src=\"https:\/\/ineditfitness.com\/site\/wp-content\/uploads\/2015\/01\/20150124_192555-100x100.jpg\" class=\"attachment-thumb_100x100 size-thumb_100x100 wp-post-image\" alt=\"Grande ouverture du Studio INEDITFITNESS !\" srcset=\"https:\/\/ineditfitness.com\/site\/wp-content\/uploads\/2015\/01\/20150124_192555-e1422902744787-100x100.jpg 100w, https:\/\/ineditfitness.com\/site\/wp-content\/uploads\/2015\/01\/20150124_192555-e1422902744787-80x80.jpg 80w, https:\/\/ineditfitness.com\/site\/wp-content\/uploads\/2015\/01\/20150124_192555-150x150.jpg 150w, https:\/\/ineditfitness.com\/site\/wp-content\/uploads\/2015\/01\/20150124_192555-193x193.jpg 193w, https:\/\/ineditfitness.com\/site\/wp-content\/uploads\/2015\/01\/20150124_192555-231x231.jpg 231w, https:\/\/ineditfitness.com\/site\/wp-content\/uploads\/2015\/01\/20150124_192555-289x289.jpg 289w, https:\/\/ineditfitness.com\/site\/wp-content\/uploads\/2015\/01\/20150124_192555-386x386.jpg 386w\" sizes=\"auto, (max-width: 100px) 100vw, 100px\" \/><\/a>\n\t\t\t\t<\/div>\n\t\t\t\t<div class=\"postright\">\n\t\t\t\t\t<h3><a href=\"https:\/\/ineditfitness.com\/site\/grande-ouverture-du-studio-ineditfitness\/\" title=\"Grande ouverture du Studio INEDITFITNESS !\">Grande ouverture du Studio INEDITFITNESS !<\/a><\/h3>\n\t\t\t\t\t\n\t\t\t\t<div class=\"datetime\"><span class=\"icon-calendar fa fa-calendar\"><\/span>2 f\u00e9vrier 2015<\/div>\n\t\t\t\t\n\t\t\t\t\t\n\t\t\t\t<div class=\"comment\"><span class=\"icon-comment fa fa-comment\"><\/span>3 Comments<\/div>\n\t\t\t\t<\/div>\n\t\t\t<\/li>\n\t\t\t<li>\n\t\t\t\t<div class=\"postleft\">\n\t\t\t\t\t<a href=\"https:\/\/ineditfitness.com\/site\/cours-collectifs\/\" title=\"Cours Collectifs INEDIT FITNESS\"><img loading=\"lazy\" decoding=\"async\" width=\"100\" height=\"100\" src=\"https:\/\/ineditfitness.com\/site\/wp-content\/uploads\/2013\/08\/Studio-Inedit-Fitness-Zumba-100x100.jpg\" class=\"attachment-thumb_100x100 size-thumb_100x100 wp-post-image\" alt=\"Cours Collectifs INEDIT FITNESS\" srcset=\"https:\/\/ineditfitness.com\/site\/wp-content\/uploads\/2013\/08\/Studio-Inedit-Fitness-Zumba-100x100.jpg 100w, https:\/\/ineditfitness.com\/site\/wp-content\/uploads\/2013\/08\/Studio-Inedit-Fitness-Zumba-80x80.jpg 80w, https:\/\/ineditfitness.com\/site\/wp-content\/uploads\/2013\/08\/Studio-Inedit-Fitness-Zumba-150x150.jpg 150w, https:\/\/ineditfitness.com\/site\/wp-content\/uploads\/2013\/08\/Studio-Inedit-Fitness-Zumba-193x193.jpg 193w, https:\/\/ineditfitness.com\/site\/wp-content\/uploads\/2013\/08\/Studio-Inedit-Fitness-Zumba-231x231.jpg 231w, https:\/\/ineditfitness.com\/site\/wp-content\/uploads\/2013\/08\/Studio-Inedit-Fitness-Zumba-289x289.jpg 289w, https:\/\/ineditfitness.com\/site\/wp-content\/uploads\/2013\/08\/Studio-Inedit-Fitness-Zumba-386x386.jpg 386w\" sizes=\"auto, (max-width: 100px) 100vw, 100px\" \/><\/a>\n\t\t\t\t<\/div>\n\t\t\t\t<div class=\"postright\">\n\t\t\t\t\t<h3><a href=\"https:\/\/ineditfitness.com\/site\/cours-collectifs\/\" title=\"Cours Collectifs INEDIT FITNESS\">Cours Collectifs INEDIT FITNESS<\/a><\/h3>\n\t\t\t\t\t\n\t\t\t\t<div class=\"datetime\"><span class=\"icon-calendar fa fa-calendar\"><\/span>12 d\u00e9cembre 2014<\/div>\n\t\t\t\t\n\t\t\t\t\t\n\t\t\t\t<div class=\"comment\"><span class=\"icon-comment fa fa-comment\"><\/span>0 Comments<\/div>\n\t\t\t\t<\/div>\n\t\t\t<\/li>\n\t\t\t<li>\n\t\t\t\t<div class=\"postleft\">\n\t\t\t\t\t<a href=\"https:\/\/ineditfitness.com\/site\/ouverture-inedit-fitness\/\" title=\"Ouverture du Studio INEDIT FITNESS le 22 Janvier 2015\"><img loading=\"lazy\" decoding=\"async\" width=\"100\" height=\"100\" src=\"https:\/\/ineditfitness.com\/site\/wp-content\/uploads\/2014\/12\/STUDIO-INEDIT-FITNESS-FLYERS-RECTO_INEDIT1-100x100.jpg\" class=\"attachment-thumb_100x100 size-thumb_100x100 wp-post-image\" alt=\"Ouverture du Studio INEDIT FITNESS le 22 Janvier 2015\" srcset=\"https:\/\/ineditfitness.com\/site\/wp-content\/uploads\/2014\/12\/STUDIO-INEDIT-FITNESS-FLYERS-RECTO_INEDIT1-100x100.jpg 100w, https:\/\/ineditfitness.com\/site\/wp-content\/uploads\/2014\/12\/STUDIO-INEDIT-FITNESS-FLYERS-RECTO_INEDIT1-80x80.jpg 80w, https:\/\/ineditfitness.com\/site\/wp-content\/uploads\/2014\/12\/STUDIO-INEDIT-FITNESS-FLYERS-RECTO_INEDIT1-150x150.jpg 150w\" sizes=\"auto, (max-width: 100px) 100vw, 100px\" \/><\/a>\n\t\t\t\t<\/div>\n\t\t\t\t<div class=\"postright\">\n\t\t\t\t\t<h3><a href=\"https:\/\/ineditfitness.com\/site\/ouverture-inedit-fitness\/\" title=\"Ouverture du Studio INEDIT FITNESS le 22 Janvier 2015\">Ouverture du Studio INEDIT FITNESS le 22 Janvier 2015<\/a><\/h3>\n\t\t\t\t\t\n\t\t\t\t<div class=\"datetime\"><span class=\"icon-calendar fa fa-calendar\"><\/span>9 d\u00e9cembre 2014<\/div>\n\t\t\t\t\n\t\t\t\t\t\n\t\t\t\t<div class=\"comment\"><span class=\"icon-comment fa fa-comment\"><\/span>0 Comments<\/div>\n\t\t\t\t<\/div>\n\t\t\t<\/li>\n\t\t\t<\/ul>\n\t\t\t<div class=\"clear\"><\/div>\n\t\t\t<div class=\"slides-control\">\n\t\t\t\t<div class=\"dotted\" id=\"posts-prev-567711084\"><!---->\n\t\t\t\t<div class=\"control-a\">\n\t\t\t\t\t<a href=\"javascript:void(0)\" id=\"posts-prev-567711084\" class=\"icon-sign-blank fa fa-square\">\n\t\t\t\t\t\t<span class=\"icon-caret-left fa fa-caret-left\"><!----><\/span>\n\t\t\t\t\t<\/a>\n\t\t\t\t\t<a href=\"javascript:void(0)\" id=\"posts-next-567711084\" class=\"icon-sign-blank fa fa-square\">\n\t\t\t\t\t\t<span class=\"icon-caret-right fa fa-caret-right\"><!----><\/span>\n\t\t\t\t\t<\/a>\n\t\t\t\t<\/div>\t\n\t\t\t\t<\/div>\n\t\t\t<\/div>\n\t\t<\/div>\n\t\t<div class=\"clear\"><\/div>\n\t\t[\/vc_column][vc_column width=\u00a0\u00bb1\/6&Prime;][\/vc_column][\/vc_row]<\/p>\n<\/div>","protected":false},"excerpt":{"rendered":"<p>[vc_row video_bg=\u00a0\u00bbyes\u00a0\u00bb video_bg_url=\u00a0\u00bbhttps:\/\/videas.fr\/share\/b6dd9435-e1d9-4d6b-9cc3-5e6fd614cc84\/\u00a0\u00bb][vc_column][vc_column_text css_animation=\u00a0\u00bbtop-to-bottom\u00a0\u00bb] L&rsquo;actualit\u00e9 du coaching sport, sant\u00e9 et bien \u00eatre pour soigner vos maux [\/vc_column_text][vc_column_text] Bienvenue sur la page d\u2019actualit\u00e9s d\u2019Inedit Fitness. Dans cette section, vous trouverez les derni\u00e8res news post\u00e9es par notre \u00e9quipe de coachs fitness personnels pour vous aider \u00e0 g\u00e9rer au mieux tous vos maux. Trucs et astuces, exercices, challenges<\/p>\n","protected":false},"author":233,"featured_media":0,"parent":0,"menu_order":0,"comment_status":"closed","ping_status":"closed","template":"","meta":{"footnotes":""},"class_list":["post-12031","page","type-page","status-publish","hentry"],"yoast_head":"<!-- This site is optimized with the Yoast SEO plugin v27.4 - https:\/\/yoast.com\/product\/yoast-seo-wordpress\/ -->\n<title>News coaching sport &amp; sant\u00e9 - Inedit Fitness<\/title>\n<meta name=\"description\" content=\"News coaching sport &amp; sant\u00e9 personnalis\u00e9 en salle, en ext\u00e9rieur, en pr\u00e9sentiel ou \u00e0 distance ou en live avec les coachs INEDIT FITNESS.\" \/>\n<meta name=\"robots\" content=\"index, follow, max-snippet:-1, max-image-preview:large, max-video-preview:-1\" \/>\n<link rel=\"canonical\" href=\"https:\/\/ineditfitness.com\/site\/news\/\" \/>\n<meta property=\"og:locale\" content=\"fr_FR\" \/>\n<meta property=\"og:type\" content=\"article\" \/>\n<meta property=\"og:title\" content=\"News coaching sport &amp; sant\u00e9 - Inedit Fitness\" \/>\n<meta property=\"og:description\" content=\"News coaching sport &amp; sant\u00e9 personnalis\u00e9 en salle, en ext\u00e9rieur, en pr\u00e9sentiel ou \u00e0 distance ou en live avec les coachs INEDIT FITNESS.\" \/>\n<meta property=\"og:url\" content=\"https:\/\/ineditfitness.com\/site\/news\/\" \/>\n<meta property=\"og:site_name\" content=\"INEDIT FITNESS | Chassieu\" \/>\n<meta property=\"article:modified_time\" content=\"2025-07-10T13:30:54+00:00\" \/>\n<meta name=\"twitter:label1\" content=\"Dur\u00e9e de lecture estim\u00e9e\" \/>\n\t<meta name=\"twitter:data1\" content=\"1 minute\" \/>\n<script type=\"application\/ld+json\" class=\"yoast-schema-graph\">{\"@context\":\"https:\\\/\\\/schema.org\",\"@graph\":[{\"@type\":\"WebPage\",\"@id\":\"https:\\\/\\\/ineditfitness.com\\\/site\\\/news\\\/\",\"url\":\"https:\\\/\\\/ineditfitness.com\\\/site\\\/news\\\/\",\"name\":\"News coaching sport & sant\u00e9 - Inedit Fitness\",\"isPartOf\":{\"@id\":\"https:\\\/\\\/ineditfitness.com\\\/site\\\/#website\"},\"datePublished\":\"2021-05-07T09:56:41+00:00\",\"dateModified\":\"2025-07-10T13:30:54+00:00\",\"description\":\"News coaching sport & sant\u00e9 personnalis\u00e9 en salle, en ext\u00e9rieur, en pr\u00e9sentiel ou \u00e0 distance ou en live avec les coachs INEDIT FITNESS.\",\"breadcrumb\":{\"@id\":\"https:\\\/\\\/ineditfitness.com\\\/site\\\/news\\\/#breadcrumb\"},\"inLanguage\":\"fr-FR\",\"potentialAction\":[{\"@type\":\"ReadAction\",\"target\":[\"https:\\\/\\\/ineditfitness.com\\\/site\\\/news\\\/\"]}]},{\"@type\":\"BreadcrumbList\",\"@id\":\"https:\\\/\\\/ineditfitness.com\\\/site\\\/news\\\/#breadcrumb\",\"itemListElement\":[{\"@type\":\"ListItem\",\"position\":1,\"name\":\"Accueil\",\"item\":\"https:\\\/\\\/ineditfitness.com\\\/site\\\/\"},{\"@type\":\"ListItem\",\"position\":2,\"name\":\"News coaching sport &#038; sant\u00e9 &#8211; Inedit Fitness\"}]},{\"@type\":\"WebSite\",\"@id\":\"https:\\\/\\\/ineditfitness.com\\\/site\\\/#website\",\"url\":\"https:\\\/\\\/ineditfitness.com\\\/site\\\/\",\"name\":\"INEDIT FITNESS | Chassieu\",\"description\":\"Vous \u00eates unique, notre coaching aussi - Salle de Sport - Fitness - Stretching - Pilates - Training - Cardio - Marche Nordique - Coaching Individuel - Small groupe\",\"publisher\":{\"@id\":\"https:\\\/\\\/ineditfitness.com\\\/site\\\/#organization\"},\"potentialAction\":[{\"@type\":\"SearchAction\",\"target\":{\"@type\":\"EntryPoint\",\"urlTemplate\":\"https:\\\/\\\/ineditfitness.com\\\/site\\\/?s={search_term_string}\"},\"query-input\":{\"@type\":\"PropertyValueSpecification\",\"valueRequired\":true,\"valueName\":\"search_term_string\"}}],\"inLanguage\":\"fr-FR\"},{\"@type\":\"Organization\",\"@id\":\"https:\\\/\\\/ineditfitness.com\\\/site\\\/#organization\",\"name\":\"INEDIT FITNESS\",\"url\":\"https:\\\/\\\/ineditfitness.com\\\/site\\\/\",\"logo\":{\"@type\":\"ImageObject\",\"inLanguage\":\"fr-FR\",\"@id\":\"https:\\\/\\\/ineditfitness.com\\\/site\\\/#\\\/schema\\\/logo\\\/image\\\/\",\"url\":\"https:\\\/\\\/ineditfitness.com\\\/site\\\/wp-content\\\/uploads\\\/2014\\\/12\\\/studio_inedit_fitness_logo_site.png\",\"contentUrl\":\"https:\\\/\\\/ineditfitness.com\\\/site\\\/wp-content\\\/uploads\\\/2014\\\/12\\\/studio_inedit_fitness_logo_site.png\",\"width\":600,\"height\":210,\"caption\":\"INEDIT FITNESS\"},\"image\":{\"@id\":\"https:\\\/\\\/ineditfitness.com\\\/site\\\/#\\\/schema\\\/logo\\\/image\\\/\"}}]}<\/script>\n<!-- \/ Yoast SEO plugin. -->","yoast_head_json":{"title":"News coaching sport & sant\u00e9 - Inedit Fitness","description":"News coaching sport & sant\u00e9 personnalis\u00e9 en salle, en ext\u00e9rieur, en pr\u00e9sentiel ou \u00e0 distance ou en live avec les coachs INEDIT FITNESS.","robots":{"index":"index","follow":"follow","max-snippet":"max-snippet:-1","max-image-preview":"max-image-preview:large","max-video-preview":"max-video-preview:-1"},"canonical":"https:\/\/ineditfitness.com\/site\/news\/","og_locale":"fr_FR","og_type":"article","og_title":"News coaching sport & sant\u00e9 - Inedit Fitness","og_description":"News coaching sport & sant\u00e9 personnalis\u00e9 en salle, en ext\u00e9rieur, en pr\u00e9sentiel ou \u00e0 distance ou en live avec les coachs INEDIT FITNESS.","og_url":"https:\/\/ineditfitness.com\/site\/news\/","og_site_name":"INEDIT FITNESS | Chassieu","article_modified_time":"2025-07-10T13:30:54+00:00","twitter_misc":{"Dur\u00e9e de lecture estim\u00e9e":"1 minute"},"schema":{"@context":"https:\/\/schema.org","@graph":[{"@type":"WebPage","@id":"https:\/\/ineditfitness.com\/site\/news\/","url":"https:\/\/ineditfitness.com\/site\/news\/","name":"News coaching sport & sant\u00e9 - Inedit Fitness","isPartOf":{"@id":"https:\/\/ineditfitness.com\/site\/#website"},"datePublished":"2021-05-07T09:56:41+00:00","dateModified":"2025-07-10T13:30:54+00:00","description":"News coaching sport & sant\u00e9 personnalis\u00e9 en salle, en ext\u00e9rieur, en pr\u00e9sentiel ou \u00e0 distance ou en live avec les coachs INEDIT FITNESS.","breadcrumb":{"@id":"https:\/\/ineditfitness.com\/site\/news\/#breadcrumb"},"inLanguage":"fr-FR","potentialAction":[{"@type":"ReadAction","target":["https:\/\/ineditfitness.com\/site\/news\/"]}]},{"@type":"BreadcrumbList","@id":"https:\/\/ineditfitness.com\/site\/news\/#breadcrumb","itemListElement":[{"@type":"ListItem","position":1,"name":"Accueil","item":"https:\/\/ineditfitness.com\/site\/"},{"@type":"ListItem","position":2,"name":"News coaching sport &#038; sant\u00e9 &#8211; Inedit Fitness"}]},{"@type":"WebSite","@id":"https:\/\/ineditfitness.com\/site\/#website","url":"https:\/\/ineditfitness.com\/site\/","name":"INEDIT FITNESS | Chassieu","description":"Vous \u00eates unique, notre coaching aussi - Salle de Sport - Fitness - Stretching - Pilates - Training - Cardio - Marche Nordique - Coaching Individuel - Small groupe","publisher":{"@id":"https:\/\/ineditfitness.com\/site\/#organization"},"potentialAction":[{"@type":"SearchAction","target":{"@type":"EntryPoint","urlTemplate":"https:\/\/ineditfitness.com\/site\/?s={search_term_string}"},"query-input":{"@type":"PropertyValueSpecification","valueRequired":true,"valueName":"search_term_string"}}],"inLanguage":"fr-FR"},{"@type":"Organization","@id":"https:\/\/ineditfitness.com\/site\/#organization","name":"INEDIT FITNESS","url":"https:\/\/ineditfitness.com\/site\/","logo":{"@type":"ImageObject","inLanguage":"fr-FR","@id":"https:\/\/ineditfitness.com\/site\/#\/schema\/logo\/image\/","url":"https:\/\/ineditfitness.com\/site\/wp-content\/uploads\/2014\/12\/studio_inedit_fitness_logo_site.png","contentUrl":"https:\/\/ineditfitness.com\/site\/wp-content\/uploads\/2014\/12\/studio_inedit_fitness_logo_site.png","width":600,"height":210,"caption":"INEDIT FITNESS"},"image":{"@id":"https:\/\/ineditfitness.com\/site\/#\/schema\/logo\/image\/"}}]}},"_links":{"self":[{"href":"https:\/\/ineditfitness.com\/site\/wp-json\/wp\/v2\/pages\/12031","targetHints":{"allow":["GET"]}}],"collection":[{"href":"https:\/\/ineditfitness.com\/site\/wp-json\/wp\/v2\/pages"}],"about":[{"href":"https:\/\/ineditfitness.com\/site\/wp-json\/wp\/v2\/types\/page"}],"author":[{"embeddable":true,"href":"https:\/\/ineditfitness.com\/site\/wp-json\/wp\/v2\/users\/233"}],"replies":[{"embeddable":true,"href":"https:\/\/ineditfitness.com\/site\/wp-json\/wp\/v2\/comments?post=12031"}],"version-history":[{"count":1,"href":"https:\/\/ineditfitness.com\/site\/wp-json\/wp\/v2\/pages\/12031\/revisions"}],"predecessor-version":[{"id":13984,"href":"https:\/\/ineditfitness.com\/site\/wp-json\/wp\/v2\/pages\/12031\/revisions\/13984"}],"wp:attachment":[{"href":"https:\/\/ineditfitness.com\/site\/wp-json\/wp\/v2\/media?parent=12031"}],"curies":[{"name":"wp","href":"https:\/\/api.w.org\/{rel}","templated":true}]}}